{"id":1083,"date":"2015-07-23T19:02:47","date_gmt":"2015-07-23T19:02:47","guid":{"rendered":"http:\/\/radiobarriofranklin.cl\/?page_id=1083"},"modified":"2020-08-20T20:12:58","modified_gmt":"2020-08-20T20:12:58","slug":"canto-a-las-mujeres-2","status":"publish","type":"page","link":"https:\/\/radiobarriofranklin.cl\/index.php\/canto-a-las-mujeres-2\/","title":{"rendered":"Canto a las mujeres"},"content":{"rendered":"<h2><\/h2>\n<h2><strong><a href=\"https:\/\/radiobarriofranklin.cl\/wp-content\/uploads\/2015\/12\/12345414_148158952211864_8834472490943612389_n.jpg\"><img loading=\"lazy\" decoding=\"async\" class=\"alignleft size-medium wp-image-1770\" src=\"https:\/\/radiobarriofranklin.cl\/wp-content\/uploads\/2015\/12\/12345414_148158952211864_8834472490943612389_n-300x243.jpg\" alt=\"12345414_148158952211864_8834472490943612389_n\" width=\"300\" height=\"243\" srcset=\"https:\/\/radiobarriofranklin.cl\/wp-content\/uploads\/2015\/12\/12345414_148158952211864_8834472490943612389_n-300x243.jpg 300w, https:\/\/radiobarriofranklin.cl\/wp-content\/uploads\/2015\/12\/12345414_148158952211864_8834472490943612389_n-150x121.jpg 150w, https:\/\/radiobarriofranklin.cl\/wp-content\/uploads\/2015\/12\/12345414_148158952211864_8834472490943612389_n-80x65.jpg 80w, https:\/\/radiobarriofranklin.cl\/wp-content\/uploads\/2015\/12\/12345414_148158952211864_8834472490943612389_n-235x190.jpg 235w, https:\/\/radiobarriofranklin.cl\/wp-content\/uploads\/2015\/12\/12345414_148158952211864_8834472490943612389_n.jpg 889w\" sizes=\"auto, (max-width: 300px) 100vw, 300px\" \/><\/a><\/strong><\/h2>\n<h2><\/h2>\n<h2><\/h2>\n<h2><\/h2>\n<h2><\/h2>\n<h2><\/h2>\n<h2><\/h2>\n<h2><\/h2>\n<h2><strong>Canto a las mujeres<\/strong><\/h2>\n<hr \/>\n<h5><em>PROGRAMA QUINCENAL<\/em><\/h5>\n<h5><\/h5>\n<h5><em>MIERCOLES A LAS 13:00 (ESTRENO)<\/em><\/h5>\n<h5><em>SABADO\u00a0A LAS 20:00 (REPETICI\u00d3N)<br \/>\n<\/em><\/h5>\n<p>&nbsp;<\/p>\n<p>&nbsp;<\/p>\n<h5><strong>TEM\u00c1TICA:<\/strong>\u00a0Mujeres<\/h5>\n<p>&nbsp;<\/p>\n<hr \/>\n<h5><span style=\"color: #546284; font-family: 'Open Sans', sans-serif; font-size: 13px;\">Canto a las mujeres surge desde el barrio, ese espacio donde convivimos y nos relacionamos. Busca a trav\u00e9s de los sonidos construir un lugar en com\u00fan para las voces de ni\u00f1as, mujeres y ancianas. un espacio de reflexi\u00f3n, conversaci\u00f3n, aprendizaje y reconocimiento de los significados que tiene, ocupar el territorio desde un cuerpo de mujer.<\/span><\/h5>\n<p><strong>CONDUCE:<\/strong>\u00a0Natalia<\/p>\n<p><strong>Programa 26<\/strong><\/p>\n<!--[if lt IE 9]><script>document.createElement('audio');<\/script><![endif]-->\n<audio class=\"wp-audio-shortcode\" id=\"audio-1083-1\" preload=\"none\" style=\"width: 100%;\" controls=\"controls\"><source type=\"audio\/mpeg\" src=\"https:\/\/radiobarriofranklin.cl\/wp-content\/uploads\/2018\/05\/porelderechoaltrabajo.mp3?_=1\" \/><a href=\"https:\/\/radiobarriofranklin.cl\/wp-content\/uploads\/2018\/05\/porelderechoaltrabajo.mp3\">https:\/\/radiobarriofranklin.cl\/wp-content\/uploads\/2018\/05\/porelderechoaltrabajo.mp3<\/a><\/audio>\n<p>&nbsp;<\/p>\n<p><strong>Programa 25: \u00abWetripantu en la Escuela Publica Comunitaria\u00bb<\/strong><\/p>\n<audio class=\"wp-audio-shortcode\" id=\"audio-1083-2\" preload=\"none\" style=\"width: 100%;\" controls=\"controls\"><source type=\"audio\/mpeg\" src=\"https:\/\/radiobarriofranklin.cl\/wp-content\/uploads\/2017\/07\/INTI-RAIMI-WE-TRIPANTU-EPC-podcast.mp3?_=2\" \/><a href=\"https:\/\/radiobarriofranklin.cl\/wp-content\/uploads\/2017\/07\/INTI-RAIMI-WE-TRIPANTU-EPC-podcast.mp3\">https:\/\/radiobarriofranklin.cl\/wp-content\/uploads\/2017\/07\/INTI-RAIMI-WE-TRIPANTU-EPC-podcast.mp3<\/a><\/audio>\n<p><span style=\"color: #000000;\"><b>Voces de vecinas nos relatan la actividad de conmemoraci\u00f3n del wetripantu en la Junta de vecinos y vecinas, nos hablan del proyecto educativo de la Escuela y nos hacen una hermosa invitaci\u00f3n<\/b><\/span><\/p>\n<hr \/>\n<p>&nbsp;<\/p>\n<p><strong>Programa 24: \u00abEl despertar de las Mujeres\u00bb<\/strong><\/p>\n<audio class=\"wp-audio-shortcode\" id=\"audio-1083-3\" preload=\"none\" style=\"width: 100%;\" controls=\"controls\"><source type=\"audio\/mpeg\" src=\"https:\/\/radiobarriofranklin.cl\/wp-content\/uploads\/2017\/06\/el-despertar-de-las-mujeres-podcast-final.mp3?_=3\" \/><a href=\"https:\/\/radiobarriofranklin.cl\/wp-content\/uploads\/2017\/06\/el-despertar-de-las-mujeres-podcast-final.mp3\">https:\/\/radiobarriofranklin.cl\/wp-content\/uploads\/2017\/06\/el-despertar-de-las-mujeres-podcast-final.mp3<\/a><\/audio>\n<p><strong>Un grupo de Mujeres que han superado la violencia en relaciones de pareja nos cuentan como afrontarla y nos llenan de energ\u00eda para seguir construyendo sociedades mas justas y seguras<\/strong><\/p>\n<hr \/>\n<p><strong>Programa 23: \u00abZumba en el barrio\u00bb<\/strong><\/p>\n<audio class=\"wp-audio-shortcode\" id=\"audio-1083-4\" preload=\"none\" style=\"width: 100%;\" controls=\"controls\"><source type=\"audio\/mpeg\" src=\"https:\/\/radiobarriofranklin.cl\/wp-content\/uploads\/2017\/06\/24-avo-zumba-en-el-barrio-podcast.mp3?_=4\" \/><a href=\"https:\/\/radiobarriofranklin.cl\/wp-content\/uploads\/2017\/06\/24-avo-zumba-en-el-barrio-podcast.mp3\">https:\/\/radiobarriofranklin.cl\/wp-content\/uploads\/2017\/06\/24-avo-zumba-en-el-barrio-podcast.mp3<\/a><\/audio>\n<p><strong>M\u00e1s que un ejercicio, una posibilidad de encuentro entre vecinas<\/strong><\/p>\n<hr \/>\n<p>&nbsp;<\/p>\n<p><strong>Programa 22: \u00abBarrios Seguros para las Mujeres\u00bb<\/strong><\/p>\n<audio class=\"wp-audio-shortcode\" id=\"audio-1083-5\" preload=\"none\" style=\"width: 100%;\" controls=\"controls\"><source type=\"audio\/mpeg\" src=\"https:\/\/radiobarriofranklin.cl\/wp-content\/uploads\/2017\/05\/barrios-seguros-podcast.mp3?_=5\" \/><a href=\"https:\/\/radiobarriofranklin.cl\/wp-content\/uploads\/2017\/05\/barrios-seguros-podcast.mp3\">https:\/\/radiobarriofranklin.cl\/wp-content\/uploads\/2017\/05\/barrios-seguros-podcast.mp3<\/a><\/audio>\n<p><strong>En esta jornada nos acompa\u00f1an dos vecinas para reflexionar sobre nuestro territorio y juntas proyectar barrios seguros para las mujeres<\/strong><\/p>\n<hr \/>\n<p>&nbsp;<\/p>\n<p><strong>Programa 21: \u00abLiceo de Mujeres\u00bb<\/strong><\/p>\n<audio class=\"wp-audio-shortcode\" id=\"audio-1083-6\" preload=\"none\" style=\"width: 100%;\" controls=\"controls\"><source type=\"audio\/mpeg\" src=\"https:\/\/radiobarriofranklin.cl\/wp-content\/uploads\/2017\/04\/secundaria-javiera-PODCAST.mp3?_=6\" \/><a href=\"https:\/\/radiobarriofranklin.cl\/wp-content\/uploads\/2017\/04\/secundaria-javiera-PODCAST.mp3\">https:\/\/radiobarriofranklin.cl\/wp-content\/uploads\/2017\/04\/secundaria-javiera-PODCAST.mp3<\/a><\/audio>\n<p><strong>En esta jornada nos visita una amiga secundaria para reflexionar sobre educaci\u00f3n, colegios de ni\u00f1as y de la actualidad en su colegio. Sean todas bienvenidas!<\/strong><\/p>\n<p><strong>Programa 20: \u00abSabias Mujeres Mayores\u00bb<\/strong><\/p>\n<audio class=\"wp-audio-shortcode\" id=\"audio-1083-7\" preload=\"none\" style=\"width: 100%;\" controls=\"controls\"><source type=\"audio\/mpeg\" src=\"https:\/\/radiobarriofranklin.cl\/wp-content\/uploads\/2017\/02\/20avo-programa-sabias-mujeres-mayores-podcast.mp3?_=7\" \/><a href=\"https:\/\/radiobarriofranklin.cl\/wp-content\/uploads\/2017\/02\/20avo-programa-sabias-mujeres-mayores-podcast.mp3\">https:\/\/radiobarriofranklin.cl\/wp-content\/uploads\/2017\/02\/20avo-programa-sabias-mujeres-mayores-podcast.mp3<\/a><\/audio>\n<p><strong>Un ramillete de sabias mujeres mayores nos visitaron y nos compartieron sus experiencias, trayectorias, propuestas y sue\u00f1os<\/strong><\/p>\n<hr \/>\n<p>&nbsp;<\/p>\n<p><strong>Programa 19: \u00abTodos los Feminismos en todos los Territorios\u00bb<\/strong><\/p>\n<audio class=\"wp-audio-shortcode\" id=\"audio-1083-8\" preload=\"none\" style=\"width: 100%;\" controls=\"controls\"><source type=\"audio\/mpeg\" src=\"https:\/\/radiobarriofranklin.cl\/wp-content\/uploads\/2016\/12\/todos-los-feminismos-en-todos-los-territorios-PODCAST.mp3?_=8\" \/><a href=\"https:\/\/radiobarriofranklin.cl\/wp-content\/uploads\/2016\/12\/todos-los-feminismos-en-todos-los-territorios-PODCAST.mp3\">https:\/\/radiobarriofranklin.cl\/wp-content\/uploads\/2016\/12\/todos-los-feminismos-en-todos-los-territorios-PODCAST.mp3<\/a><\/audio>\n<p><strong>En este programa viajamos a arica y punta arenas, con los relatos de\u00a0compa\u00f1eras en torno a los encuentros de mujeres y feministas realizados en esas regiones. Adem\u00e1s conversamos sobre la marcha realizada en Santiago a prop\u00f3sito de la conmemoraci\u00f3n del d\u00eda Internacional contra la violencia hacia las Mujeres<\/strong><\/p>\n<hr \/>\n<p><strong>Programa 18: \u00bb Mujeres y Pol\u00edtica\u00bb<\/strong><\/p>\n<audio class=\"wp-audio-shortcode\" id=\"audio-1083-9\" preload=\"none\" style=\"width: 100%;\" controls=\"controls\"><source type=\"audio\/mpeg\" src=\"https:\/\/radiobarriofranklin.cl\/wp-content\/uploads\/2016\/10\/18avo-programa-mujeres-y-politica-podcast.mp3?_=9\" \/><a href=\"https:\/\/radiobarriofranklin.cl\/wp-content\/uploads\/2016\/10\/18avo-programa-mujeres-y-politica-podcast.mp3\">https:\/\/radiobarriofranklin.cl\/wp-content\/uploads\/2016\/10\/18avo-programa-mujeres-y-politica-podcast.mp3<\/a><\/audio>\n<p><strong>En este programa nos acompa\u00f1an 3 vecinas candidatas a concejalas para conversar sobre la pol\u00edtica, quienes hacen pol\u00edtica? las mujeres estamos participando de estos espacios? y por que es necesario disputarlos?<\/strong><br \/>\n<strong>a prop\u00f3sito de las elecciones municipales escuchemos voces de mujeres que han asumido este desaf\u00edo<\/strong><\/p>\n<hr \/>\n<p>&nbsp;<\/p>\n<p><strong>Programa 17: \u00bb Especial estreno Relatos de Mujeres\u00bb<\/strong><\/p>\n<audio class=\"wp-audio-shortcode\" id=\"audio-1083-10\" preload=\"none\" style=\"width: 100%;\" controls=\"controls\"><source type=\"audio\/mpeg\" src=\"https:\/\/radiobarriofranklin.cl\/wp-content\/uploads\/2016\/10\/17avo-programa-especial-lanzamiento-relatos-de-mujeres-podcast.mp3?_=10\" \/><a href=\"https:\/\/radiobarriofranklin.cl\/wp-content\/uploads\/2016\/10\/17avo-programa-especial-lanzamiento-relatos-de-mujeres-podcast.mp3\">https:\/\/radiobarriofranklin.cl\/wp-content\/uploads\/2016\/10\/17avo-programa-especial-lanzamiento-relatos-de-mujeres-podcast.mp3<\/a><\/audio>\n<p><strong>Programa especial por el Estreno del nuevo espacio para las mujeres en nuestra radio, llamado \u00abRelatos de Mujeres\u00bb cuatro vecinas del barrio se animaron a darle vida \u00a0y en este cap\u00edtulo nos cuentan sobre su experiencia haciendo radio, de que se trata este espacio y como se construye el Relatos de Mujeres, adem\u00e1s nos extienden la invitaci\u00f3n a participar. Todo esto y m\u00e1s en nuestro programa Canto a las Mujeres, Bienvenidas!<\/strong><\/p>\n<hr \/>\n<p><strong>Programa 16: \u00bb Golpe de Estado en Chile: Mujeres Supervivientes\u00bb<\/strong><\/p>\n<audio class=\"wp-audio-shortcode\" id=\"audio-1083-11\" preload=\"none\" style=\"width: 100%;\" controls=\"controls\"><source type=\"audio\/mpeg\" src=\"https:\/\/radiobarriofranklin.cl\/wp-content\/uploads\/2016\/09\/16avo-capitulo-golpe-de-estado-y-mujeres-podcast.mp3?_=11\" \/><a href=\"https:\/\/radiobarriofranklin.cl\/wp-content\/uploads\/2016\/09\/16avo-capitulo-golpe-de-estado-y-mujeres-podcast.mp3\">https:\/\/radiobarriofranklin.cl\/wp-content\/uploads\/2016\/09\/16avo-capitulo-golpe-de-estado-y-mujeres-podcast.mp3<\/a><\/audio>\n<p><strong>Haciendo memoria hist\u00f3rica dos mujeres supervivientes a la dictadura c\u00edvico militar nos relatan sus recuerdos, experiencias y conclusiones en torno al ultimo golpe de estado en nuestro pa\u00eds. Que es un golpe de estado? En que est\u00e1bamos las mujeres antes de este hecho? C\u00f3mo nos afect\u00f3 y que consecuencias ha tenido?. Conversaci\u00f3n necesaria para ir sanando las heridas y avanzar en la vida digna<\/strong><\/p>\n<hr \/>\n<p>&nbsp;<\/p>\n<p><strong>Programa 15: \u00bb Embarazo Adolescente \u00ab<\/strong><\/p>\n<audio class=\"wp-audio-shortcode\" id=\"audio-1083-12\" preload=\"none\" style=\"width: 100%;\" controls=\"controls\"><source type=\"audio\/mpeg\" src=\"https:\/\/radiobarriofranklin.cl\/wp-content\/uploads\/2016\/08\/15avo-capitulo-embarazo-adolescente-podcast.mp3?_=12\" \/><a href=\"https:\/\/radiobarriofranklin.cl\/wp-content\/uploads\/2016\/08\/15avo-capitulo-embarazo-adolescente-podcast.mp3\">https:\/\/radiobarriofranklin.cl\/wp-content\/uploads\/2016\/08\/15avo-capitulo-embarazo-adolescente-podcast.mp3<\/a><\/audio>\n<p><span style=\"color: #000000;\"><b>En este cap\u00edtulo del Canto a las Mujeres\u00a0estuvimos\u00a0conversando sobre el embarazo adolescente; por que se genera? existen factores que influyan en que\u00a0las adolescentes se embaracen?. Que pasa en Chile, que en caso de una\u00a0violaci\u00f3n\u00a0y posterior embarazo de una adolescente se le es negado su derecho al aborto\u00a0terap\u00e9utico? Conversamos\u00a0sobre la situaci\u00f3n del proyecto de ley sobre aborto 3 causales y recomendaciones que se han hecho al estado chileno por parte de organismos internacionales en materia de derechos humanos. Todo esto y m\u00e1s en nuestro programa Canto a las Mujeres, bienvenidas!<\/b><\/span><\/p>\n<hr \/>\n<p>&nbsp;<\/p>\n<p><strong>Programa 14: \u00bb Programa especial,\u00a0transmicion 4ta marcha por un aborto libre\u00a0\u00ab<\/strong><\/p>\n<audio class=\"wp-audio-shortcode\" id=\"audio-1083-13\" preload=\"none\" style=\"width: 100%;\" controls=\"controls\"><source type=\"audio\/mpeg\" src=\"https:\/\/radiobarriofranklin.cl\/wp-content\/uploads\/2016\/08\/14avo-programa-marcha-por-la-despenalizacion-del-aborto-PODCAST.mp3?_=13\" \/><a href=\"https:\/\/radiobarriofranklin.cl\/wp-content\/uploads\/2016\/08\/14avo-programa-marcha-por-la-despenalizacion-del-aborto-PODCAST.mp3\">https:\/\/radiobarriofranklin.cl\/wp-content\/uploads\/2016\/08\/14avo-programa-marcha-por-la-despenalizacion-del-aborto-PODCAST.mp3<\/a><\/audio>\n<p><strong>Porque las mujeres tenemos derecho a decidir, en todo Chile el pasado 25 de Julio del 2016 la coordinadora de feministas en lucha convoc\u00f3 a la 4ta Marcha por el aborto libre. La radio Juan\u00a0G\u00f3mez\u00a0Milla realiz\u00f3 una cobertura especial de esta marcha y en conjunto con varias radios\u00a0comunitarias\u00a0nos informan sobre lo que pas\u00f3 en algunas regiones del pa\u00eds con contactos en directo, adem\u00e1s de presentar notas con expertas en temas relacionados para ir desmitificando el aborto. Canto a las Mujeres, a trav\u00e9s de la Radio Franklin se uni\u00f3 a la emisi\u00f3n en vivo de este programa especial, adem\u00e1s al final podr\u00e1n encontrar una mini entrevista que nos relata la detenci\u00f3n de una compa\u00f1era durante la marcha en Santiago y para terminar se brindan contactos para solicitar informaci\u00f3n segura. Este material es subido a esta p\u00e1gina para que usted vecina se entere de las demandas que levantan mujeres solidarias para recuperar nuestro derecho a decidir, sean todas bienvenidas!<\/strong><\/p>\n<hr \/>\n<p>&nbsp;<\/p>\n<p><strong>Programa 13: \u00bb Secundarias Empoderadas\u00bb<\/strong><\/p>\n<audio class=\"wp-audio-shortcode\" id=\"audio-1083-14\" preload=\"none\" style=\"width: 100%;\" controls=\"controls\"><source type=\"audio\/mpeg\" src=\"https:\/\/radiobarriofranklin.cl\/wp-content\/uploads\/2016\/06\/13avo-programa-secundarias-empoderadas-mejorado-podcast.mp3?_=14\" \/><a href=\"https:\/\/radiobarriofranklin.cl\/wp-content\/uploads\/2016\/06\/13avo-programa-secundarias-empoderadas-mejorado-podcast.mp3\">https:\/\/radiobarriofranklin.cl\/wp-content\/uploads\/2016\/06\/13avo-programa-secundarias-empoderadas-mejorado-podcast.mp3<\/a><\/audio>\n<p><strong>Un grupo de secundarias del liceo n\u00b07 Bicentenario Teresa Prats, nos ense\u00f1an sobre el movimiento estudiantil y sus propuestas, la actualidad de su establecimiento y la organizaci\u00f3n entre compa\u00f1eras. Adem\u00e1s conversamos sobre lo que significa ser una mujer- secundaria y las discriminaciones a las que son expuestas. Al finalizar nos invitan a abrir mentes y corazones para comprender la importancia de la organizaci\u00f3n entre pares; estudiantes, pobladorxs, trabajadorxs y del pueblo en general, para alcanzar la vida digna. Una lecci\u00f3n de amor solidario que alegremente nos comparten<\/strong><\/p>\n<hr \/>\n<p><strong>Programa 12: \u00abAlerta de G\u00e9nero\u00bb<\/strong><\/p>\n<audio class=\"wp-audio-shortcode\" id=\"audio-1083-15\" preload=\"none\" style=\"width: 100%;\" controls=\"controls\"><source type=\"audio\/mpeg\" src=\"https:\/\/radiobarriofranklin.cl\/wp-content\/uploads\/2016\/06\/12avo-capitulo-alerta-de-genero-podcast.mp3?_=15\" \/><a href=\"https:\/\/radiobarriofranklin.cl\/wp-content\/uploads\/2016\/06\/12avo-capitulo-alerta-de-genero-podcast.mp3\">https:\/\/radiobarriofranklin.cl\/wp-content\/uploads\/2016\/06\/12avo-capitulo-alerta-de-genero-podcast.mp3<\/a><\/audio>\n<p><strong>La violencia contra la mujer es una realidad que duele. Por esto nos reunimos con una vecina en el locutorio y otras vecinas grabadas en la calle, para evidenciar y reflexionar sobre esas situaciones que vulneran nuestros derechos, Quien nos protege? \u00a0Que es una alerta de g\u00e9nero? Tambi\u00e9n conversamos sobre la ley de violencia intrafamiliar y convenios internacionales, esto y m\u00e1s, en tu programa Canto a las Mujeres!<\/strong><\/p>\n<p>&nbsp;<\/p>\n<hr \/>\n<p><strong>Programa 11: \u00abRespeto Callejero\u00bb<\/strong><\/p>\n<audio class=\"wp-audio-shortcode\" id=\"audio-1083-16\" preload=\"none\" style=\"width: 100%;\" controls=\"controls\"><source type=\"audio\/mpeg\" src=\"https:\/\/radiobarriofranklin.cl\/wp-content\/uploads\/2016\/06\/11vo-capitulo-respeto-callejeero-PODCAST.mp3?_=16\" \/><a href=\"https:\/\/radiobarriofranklin.cl\/wp-content\/uploads\/2016\/06\/11vo-capitulo-respeto-callejeero-PODCAST.mp3\">https:\/\/radiobarriofranklin.cl\/wp-content\/uploads\/2016\/06\/11vo-capitulo-respeto-callejeero-PODCAST.mp3<\/a><\/audio>\n<p><strong>Que es el acoso sexual callejero? Nos reunimos a conversar sobre este tema, vecinas nos relatan sus experiencias, opiniones y sentires en torno al acoso sexual callejero, es un delito? Las mujeres decimos basta y evidenciamos nuestro rechazo a esta pr\u00e1ctica violenta. Para caminar tranquilas por nuestro barrio construyamos juntxs el Respeto Callejero<\/strong><\/p>\n<hr \/>\n<p>&nbsp;<\/p>\n<p><strong>Programa 10: \u00abVecinas Migrantes\u00bb<\/strong><\/p>\n<audio class=\"wp-audio-shortcode\" id=\"audio-1083-17\" preload=\"none\" style=\"width: 100%;\" controls=\"controls\"><source type=\"audio\/mpeg\" src=\"https:\/\/radiobarriofranklin.cl\/wp-content\/uploads\/2016\/04\/10mo-programa-vecinas-migrantes-PODCAST.mp3?_=17\" \/><a href=\"https:\/\/radiobarriofranklin.cl\/wp-content\/uploads\/2016\/04\/10mo-programa-vecinas-migrantes-PODCAST.mp3\">https:\/\/radiobarriofranklin.cl\/wp-content\/uploads\/2016\/04\/10mo-programa-vecinas-migrantes-PODCAST.mp3<\/a><\/audio>\n<p><strong>La migraci\u00f3n en voz de mujer. Quisimos saber m\u00e1s sobre los procesos migratorios, por que las personas migran? migraci\u00f3n en chile,que pasa con los derechos humanos de las personas migrantes? que significa migrar en cuerpo de mujer? Las respuestas a estas preguntas y m\u00e1s de la voz de vecinas colombianas. Estamos todxs invitadxs a escuchar las opiniones y reflexiones de un grupo de mujeres del barrio Franklin<\/strong><\/p>\n","protected":false},"excerpt":{"rendered":"<p>Canto a las mujeres PROGRAMA QUINCENAL MIERCOLES A LAS 13:00 (ESTRENO) SABADO\u00a0A LAS 20:00 (REPETICI\u00d3N) &nbsp; &nbsp; TEM\u00c1TICA:\u00a0Mujeres &nbsp; Canto a las mujeres surge desde el barrio, ese espacio donde convivimos y nos relacionamos. Busca a trav\u00e9s de los sonidos construir un lugar en com\u00fan para las voces de ni\u00f1as, mujeres y ancianas. un espacio [&hellip;]<\/p>\n","protected":false},"author":1,"featured_media":0,"parent":0,"menu_order":0,"comment_status":"closed","ping_status":"closed","template":"","meta":{"footnotes":""},"class_list":["post-1083","page","type-page","status-publish","hentry"],"_links":{"self":[{"href":"https:\/\/radiobarriofranklin.cl\/index.php\/wp-json\/wp\/v2\/pages\/1083","targetHints":{"allow":["GET"]}}],"collection":[{"href":"https:\/\/radiobarriofranklin.cl\/index.php\/wp-json\/wp\/v2\/pages"}],"about":[{"href":"https:\/\/radiobarriofranklin.cl\/index.php\/wp-json\/wp\/v2\/types\/page"}],"author":[{"embeddable":true,"href":"https:\/\/radiobarriofranklin.cl\/index.php\/wp-json\/wp\/v2\/users\/1"}],"replies":[{"embeddable":true,"href":"https:\/\/radiobarriofranklin.cl\/index.php\/wp-json\/wp\/v2\/comments?post=1083"}],"version-history":[{"count":71,"href":"https:\/\/radiobarriofranklin.cl\/index.php\/wp-json\/wp\/v2\/pages\/1083\/revisions"}],"predecessor-version":[{"id":1086,"href":"https:\/\/radiobarriofranklin.cl\/index.php\/wp-json\/wp\/v2\/pages\/1083\/revisions\/1086"}],"wp:attachment":[{"href":"https:\/\/radiobarriofranklin.cl\/index.php\/wp-json\/wp\/v2\/media?parent=1083"}],"curies":[{"name":"wp","href":"https:\/\/api.w.org\/{rel}","templated":true}]}}