{"id":1088,"date":"2015-07-23T19:16:13","date_gmt":"2015-07-23T19:16:13","guid":{"rendered":"http:\/\/radiobarriofranklin.cl\/?page_id=1088"},"modified":"2023-05-16T19:08:19","modified_gmt":"2023-05-16T19:08:19","slug":"1088-2","status":"publish","type":"page","link":"https:\/\/radiobarriofranklin.cl\/index.php\/1088-2\/","title":{"rendered":"Comiendo Ra\u00edces"},"content":{"rendered":"<p><a href=\"https:\/\/radiobarriofranklin.cl\/wp-content\/uploads\/2015\/07\/DSC4549.jpg\"><img loading=\"lazy\" decoding=\"async\" class=\"alignnone wp-image-2717\" src=\"https:\/\/radiobarriofranklin.cl\/wp-content\/uploads\/2015\/07\/DSC4549.jpg\" alt=\"_DSC4549\" width=\"500\" height=\"334\" srcset=\"https:\/\/radiobarriofranklin.cl\/wp-content\/uploads\/2015\/07\/DSC4549.jpg 4496w, https:\/\/radiobarriofranklin.cl\/wp-content\/uploads\/2015\/07\/DSC4549-300x200.jpg 300w, https:\/\/radiobarriofranklin.cl\/wp-content\/uploads\/2015\/07\/DSC4549-1024x683.jpg 1024w, https:\/\/radiobarriofranklin.cl\/wp-content\/uploads\/2015\/07\/DSC4549-150x100.jpg 150w, https:\/\/radiobarriofranklin.cl\/wp-content\/uploads\/2015\/07\/DSC4549-434x289.jpg 434w, https:\/\/radiobarriofranklin.cl\/wp-content\/uploads\/2015\/07\/DSC4549-80x53.jpg 80w, https:\/\/radiobarriofranklin.cl\/wp-content\/uploads\/2015\/07\/DSC4549-235x157.jpg 235w\" sizes=\"auto, (max-width: 500px) 100vw, 500px\" \/><\/a><\/p>\n<h2><\/h2>\n<h2><strong>COMIENDO RA\u00cdCES<\/strong><\/h2>\n<hr \/>\n<p><span style=\"color: #546284; font-family: 'Open Sans', sans-serif; font-size: 13px;\">Recopila y difunde la historia culinaria de Barrio Franklin, haciendo hincapi\u00e9 en el aporte gastron\u00f3mico de la migraci\u00f3n y rescatando los ingredientes y preparaciones tradicionales.<\/span><\/p>\n<hr \/>\n<h5><strong>CONDUCE:<\/strong> \u00darsula Valdivieso<br \/>\n<strong>PRODUCE:\u00a0<\/strong>Manuel Tobar<\/h5>\n<h5><a href=\"mailto:comiendoraices@gmail.com\">comiendoraices@gmail.com<\/a><\/h5>\n<hr \/>\n<p><strong>Cap\u00edtulo 08: Entrevista a Patricia Quintanilla, representante de la comunidad de pensiones del Mercado Franklin.<\/strong>. Tema: La gastronom\u00eda en el Mercado Matadero.<\/p>\n<!--[if lt IE 9]><script>document.createElement('audio');<\/script><![endif]-->\n<audio class=\"wp-audio-shortcode\" id=\"audio-1088-1\" preload=\"none\" style=\"width: 100%;\" controls=\"controls\"><source type=\"audio\/mpeg\" src=\"https:\/\/radiobarriofranklin.cl\/wp-content\/uploads\/2019\/08\/comiendoraises_23_07_2019_patricia_quintanilla.mp3?_=1\" \/><a href=\"https:\/\/radiobarriofranklin.cl\/wp-content\/uploads\/2019\/08\/comiendoraises_23_07_2019_patricia_quintanilla.mp3\">https:\/\/radiobarriofranklin.cl\/wp-content\/uploads\/2019\/08\/comiendoraises_23_07_2019_patricia_quintanilla.mp3<\/a><\/audio>\n<hr \/>\n<p><strong>Cap\u00edtulo 07: Entrevista a Mar\u00eda Jos\u00e9 Montagna, gestora del Caf\u00e9 Di Luca.<\/strong>. Tema: Cafeter\u00eda Di Luca, un nuevo concepto para tomar caf\u00e9 en el barrio.<\/p>\n<audio class=\"wp-audio-shortcode\" id=\"audio-1088-2\" preload=\"none\" style=\"width: 100%;\" controls=\"controls\"><source type=\"audio\/mpeg\" src=\"https:\/\/radiobarriofranklin.cl\/wp-content\/uploads\/2019\/08\/comiendoraises_02_07_2019_maria_-jose_montagna_cafeteria.mp3?_=2\" \/><a href=\"https:\/\/radiobarriofranklin.cl\/wp-content\/uploads\/2019\/08\/comiendoraises_02_07_2019_maria_-jose_montagna_cafeteria.mp3\">https:\/\/radiobarriofranklin.cl\/wp-content\/uploads\/2019\/08\/comiendoraises_02_07_2019_maria_-jose_montagna_cafeteria.mp3<\/a><\/audio>\n<hr \/>\n<p><strong>Cap\u00edtulo 06: Entrevista a diputada Maya Fern\u00e1ndez<\/strong>. Tema: Pol\u00edticas P\u00fablicas e infraestructura.<\/p>\n<audio class=\"wp-audio-shortcode\" id=\"audio-1088-3\" preload=\"none\" style=\"width: 100%;\" controls=\"controls\"><source type=\"audio\/mpeg\" src=\"https:\/\/radiobarriofranklin.cl\/wp-content\/uploads\/2015\/07\/COMIENDO-RAIZES-30-04-19-MAYA-FERNANDEZ-POLITICAS-PUBLICAS-Y-TERRITORIO.mp3?_=3\" \/><a href=\"https:\/\/radiobarriofranklin.cl\/wp-content\/uploads\/2015\/07\/COMIENDO-RAIZES-30-04-19-MAYA-FERNANDEZ-POLITICAS-PUBLICAS-Y-TERRITORIO.mp3\">https:\/\/radiobarriofranklin.cl\/wp-content\/uploads\/2015\/07\/COMIENDO-RAIZES-30-04-19-MAYA-FERNANDEZ-POLITICAS-PUBLICAS-Y-TERRITORIO.mp3<\/a><\/audio>\n<hr \/>\n<p><strong>Cap\u00edtulo 05: Edici\u00f3n especial \u00abMujeres l\u00edderes de barrio\u00bb<br \/>\n<\/strong>15\/11\/2018<\/p>\n<p>Con la cocinera y due\u00f1a del restaurante La Olla de Goma, Elena Godoy D\u00edaz y la gestora cultural Barbara Mitodio, en la conducci\u00f3n \u00darsula Valdivieso y Manuel Tobar G\u00f3mez. Este programa\u00a0 llega a sus hogares gracias al financiamiento del Fondo de Fomento de medios de Comunicaci\u00f3n del gobierno de Chile y del Consejo Regional. Jueves 15 de noviembre 2018.<\/p>\n<p><a href=\"https:\/\/radiobarriofranklin.cl\/wp-content\/uploads\/2018\/11\/Politica-de-g\u00e9nero-Radio-Franklin.pdf\" target=\"_blank\" rel=\"noopener\">Revisa aqu\u00ed la Pol\u00edtica de G\u00e9nero de Radio Franklin<\/a>.<\/p>\n<audio class=\"wp-audio-shortcode\" id=\"audio-1088-4\" preload=\"none\" style=\"width: 100%;\" controls=\"controls\"><source type=\"audio\/mpeg\" src=\"https:\/\/radiobarriofranklin.cl\/wp-content\/uploads\/2018\/11\/Programa-COMIENDO-RAICES-15-11-18-ELENA-GODOY-Y-BARBARA-MITODIO.mp3?_=4\" \/><a href=\"https:\/\/radiobarriofranklin.cl\/wp-content\/uploads\/2018\/11\/Programa-COMIENDO-RAICES-15-11-18-ELENA-GODOY-Y-BARBARA-MITODIO.mp3\">https:\/\/radiobarriofranklin.cl\/wp-content\/uploads\/2018\/11\/Programa-COMIENDO-RAICES-15-11-18-ELENA-GODOY-Y-BARBARA-MITODIO.mp3<\/a><\/audio>\n<hr \/>\n<p><strong>Cap\u00edtulo 04: La tradici\u00f3n de los chinganeros (parte 1, 2 y 3)<\/strong><\/p>\n<audio class=\"wp-audio-shortcode\" id=\"audio-1088-5\" preload=\"none\" style=\"width: 100%;\" controls=\"controls\"><source type=\"audio\/mpeg\" src=\"https:\/\/radiobarriofranklin.cl\/wp-content\/uploads\/2018\/11\/La_tradiciondelos-chinganeros_01.mp3?_=5\" \/><a href=\"https:\/\/radiobarriofranklin.cl\/wp-content\/uploads\/2018\/11\/La_tradiciondelos-chinganeros_01.mp3\">https:\/\/radiobarriofranklin.cl\/wp-content\/uploads\/2018\/11\/La_tradiciondelos-chinganeros_01.mp3<\/a><\/audio>\n<audio class=\"wp-audio-shortcode\" id=\"audio-1088-6\" preload=\"none\" style=\"width: 100%;\" controls=\"controls\"><source type=\"audio\/mpeg\" src=\"https:\/\/radiobarriofranklin.cl\/wp-content\/uploads\/2018\/11\/La_tradiciondeloschinganeros_02.mp3?_=6\" \/><a href=\"https:\/\/radiobarriofranklin.cl\/wp-content\/uploads\/2018\/11\/La_tradiciondeloschinganeros_02.mp3\">https:\/\/radiobarriofranklin.cl\/wp-content\/uploads\/2018\/11\/La_tradiciondeloschinganeros_02.mp3<\/a><\/audio>\n<audio class=\"wp-audio-shortcode\" id=\"audio-1088-7\" preload=\"none\" style=\"width: 100%;\" controls=\"controls\"><source type=\"audio\/mpeg\" src=\"https:\/\/radiobarriofranklin.cl\/wp-content\/uploads\/2018\/11\/La_tradiciondeloschinganeros_03.mp3?_=7\" \/><a href=\"https:\/\/radiobarriofranklin.cl\/wp-content\/uploads\/2018\/11\/La_tradiciondeloschinganeros_03.mp3\">https:\/\/radiobarriofranklin.cl\/wp-content\/uploads\/2018\/11\/La_tradiciondeloschinganeros_03.mp3<\/a><\/audio>\n<hr \/>\n<p><strong>Capitulo 03: Feria Gastron\u00f3mica Cultural Esencia Cocina.<\/strong><\/p>\n<p>En esta ocasi\u00f3n, Manuel visita este evento realizado en el Teatro Huemul, el 5\u00a0 y 6\u00a0 de septiembre pasado, para conversar con destacados chefs acerca de la importancia de los mercados y los ingredientes aut\u00f3ctonos de nuestra pa\u00eds, en la culinaria, entre muchas otras cosas.<\/p>\n<audio class=\"wp-audio-shortcode\" id=\"audio-1088-8\" preload=\"none\" style=\"width: 100%;\" controls=\"controls\"><source type=\"audio\/mpeg\" src=\"https:\/\/radiobarriofranklin.cl\/wp-content\/uploads\/2015\/07\/ComiendoRaices0O3-Feria.mp3?_=8\" \/><a href=\"https:\/\/radiobarriofranklin.cl\/wp-content\/uploads\/2015\/07\/ComiendoRaices0O3-Feria.mp3\">https:\/\/radiobarriofranklin.cl\/wp-content\/uploads\/2015\/07\/ComiendoRaices0O3-Feria.mp3<\/a><\/audio>\n<hr \/>\n<p><strong>Capitulo 02: \u00abPicadas del mercado\u00bb<\/strong><\/p>\n<p>Gabriel V\u00e1zquez, propietario del restaurant\u00a0 \u00abEl Tata\u00bb, nos cuenta la historia de su emprendimiento. Adem\u00e1s reflexiona qu\u00e9 significa para \u00e9l el Mercado Matadero y c\u00f3mo lo visualiza a largo plazo.<\/p>\n<audio class=\"wp-audio-shortcode\" id=\"audio-1088-9\" preload=\"none\" style=\"width: 100%;\" controls=\"controls\"><source type=\"audio\/mpeg\" src=\"https:\/\/radiobarriofranklin.cl\/wp-content\/uploads\/2015\/07\/ComiendoRaices0O3-Feria.mp3?_=9\" \/><a href=\"https:\/\/radiobarriofranklin.cl\/wp-content\/uploads\/2015\/07\/ComiendoRaices0O3-Feria.mp3\">https:\/\/radiobarriofranklin.cl\/wp-content\/uploads\/2015\/07\/ComiendoRaices0O3-Feria.mp3<\/a><\/audio>\n<hr \/>\n<p><strong>Cap\u00edtulo 01: \u00abOr\u00edgenes\u00bb<\/strong><\/p>\n<p>Declaraci\u00f3n de principios y una entrevista con Luisa Cheuquelaf \u00abLuchita\u00bb quien nos relata\u00a0la historia del antiguo Matadero desde su ni\u00f1ez y\u00a0como imagina el futuro de nuestro Mercado.<\/p>\n<audio class=\"wp-audio-shortcode\" id=\"audio-1088-10\" preload=\"none\" style=\"width: 100%;\" controls=\"controls\"><source type=\"audio\/mpeg\" src=\"https:\/\/radiobarriofranklin.cl\/wp-content\/uploads\/2015\/12\/ComiendoRaices0001_128.mp3?_=10\" \/><a href=\"https:\/\/radiobarriofranklin.cl\/wp-content\/uploads\/2015\/12\/ComiendoRaices0001_128.mp3\">https:\/\/radiobarriofranklin.cl\/wp-content\/uploads\/2015\/12\/ComiendoRaices0001_128.mp3<\/a><\/audio>\n<p><strong>\u00a0<\/strong><\/p>\n<hr \/>\n","protected":false},"excerpt":{"rendered":"<p>COMIENDO RA\u00cdCES Recopila y difunde la historia culinaria de Barrio Franklin, haciendo hincapi\u00e9 en el aporte gastron\u00f3mico de la migraci\u00f3n y rescatando los ingredientes y preparaciones tradicionales. CONDUCE: \u00darsula Valdivieso PRODUCE:\u00a0Manuel Tobar comiendoraices@gmail.com Cap\u00edtulo 08: Entrevista a Patricia Quintanilla, representante de la comunidad de pensiones del Mercado Franklin.. Tema: La gastronom\u00eda en el Mercado Matadero. [&hellip;]<\/p>\n","protected":false},"author":1,"featured_media":0,"parent":0,"menu_order":0,"comment_status":"closed","ping_status":"closed","template":"","meta":{"footnotes":""},"class_list":["post-1088","page","type-page","status-publish","hentry"],"_links":{"self":[{"href":"https:\/\/radiobarriofranklin.cl\/index.php\/wp-json\/wp\/v2\/pages\/1088","targetHints":{"allow":["GET"]}}],"collection":[{"href":"https:\/\/radiobarriofranklin.cl\/index.php\/wp-json\/wp\/v2\/pages"}],"about":[{"href":"https:\/\/radiobarriofranklin.cl\/index.php\/wp-json\/wp\/v2\/types\/page"}],"author":[{"embeddable":true,"href":"https:\/\/radiobarriofranklin.cl\/index.php\/wp-json\/wp\/v2\/users\/1"}],"replies":[{"embeddable":true,"href":"https:\/\/radiobarriofranklin.cl\/index.php\/wp-json\/wp\/v2\/comments?post=1088"}],"version-history":[{"count":49,"href":"https:\/\/radiobarriofranklin.cl\/index.php\/wp-json\/wp\/v2\/pages\/1088\/revisions"}],"predecessor-version":[{"id":4196,"href":"https:\/\/radiobarriofranklin.cl\/index.php\/wp-json\/wp\/v2\/pages\/1088\/revisions\/4196"}],"wp:attachment":[{"href":"https:\/\/radiobarriofranklin.cl\/index.php\/wp-json\/wp\/v2\/media?parent=1088"}],"curies":[{"name":"wp","href":"https:\/\/api.w.org\/{rel}","templated":true}]}}