{"id":1098,"date":"2015-07-23T19:33:26","date_gmt":"2015-07-23T19:33:26","guid":{"rendered":"http:\/\/radiobarriofranklin.cl\/?page_id=1098"},"modified":"2023-05-16T19:10:09","modified_gmt":"2023-05-16T19:10:09","slug":"patrimonio-vivo-del-barrio-franklin","status":"publish","type":"page","link":"https:\/\/radiobarriofranklin.cl\/index.php\/patrimonio-vivo-del-barrio-franklin\/","title":{"rendered":"Patrimonio vivo del Barrio Franklin"},"content":{"rendered":"<h2><a href=\"https:\/\/radiobarriofranklin.cl\/wp-content\/uploads\/2011\/11\/Patrimonio-vivo-pagina.jpg\"><img loading=\"lazy\" decoding=\"async\" class=\"alignnone size-full wp-image-1080\" src=\"https:\/\/radiobarriofranklin.cl\/wp-content\/uploads\/2011\/11\/Patrimonio-vivo-pagina.jpg\" alt=\"Patrimonio-vivo-pagina\" width=\"550\" height=\"365\" srcset=\"https:\/\/radiobarriofranklin.cl\/wp-content\/uploads\/2011\/11\/Patrimonio-vivo-pagina.jpg 550w, https:\/\/radiobarriofranklin.cl\/wp-content\/uploads\/2011\/11\/Patrimonio-vivo-pagina-300x199.jpg 300w, https:\/\/radiobarriofranklin.cl\/wp-content\/uploads\/2011\/11\/Patrimonio-vivo-pagina-150x100.jpg 150w, https:\/\/radiobarriofranklin.cl\/wp-content\/uploads\/2011\/11\/Patrimonio-vivo-pagina-434x289.jpg 434w, https:\/\/radiobarriofranklin.cl\/wp-content\/uploads\/2011\/11\/Patrimonio-vivo-pagina-80x53.jpg 80w, https:\/\/radiobarriofranklin.cl\/wp-content\/uploads\/2011\/11\/Patrimonio-vivo-pagina-235x156.jpg 235w\" sizes=\"auto, (max-width: 550px) 100vw, 550px\" \/><\/a><\/h2>\n<h2><strong>Patrimonio vivo del barrio franklin.<br \/>\n<\/strong><\/h2>\n<hr \/>\n<h4><em>VIERNES A LAS 13:00 HRS. (ESTRENO)<br \/>\n<\/em><\/h4>\n<h4><em>DOMINGO\u00a0A LAS 20:00 HRS. (REPETICI\u00d3N)<br \/>\n<\/em><\/h4>\n<h4><strong>TEM\u00c1TICA:<\/strong> entrevistas y arte.<\/h4>\n<hr \/>\n<h4><span style=\"color: #546284; font-family: 'Open Sans', sans-serif; font-size: 13px;\">Busca indagar en la identidad del Barrio Franklin, a trav\u00e9s de la historia, presente y futuro. Relevando iniciativas de rescate del patrimonio vivo y material de nuestro barrio. <\/span><\/h4>\n<hr \/>\n<h4>\u00a0<strong>CONDUCE:<\/strong>\u00a0Douglas Mella<\/h4>\n<hr \/>\n<h5><b><strong>Programa 13: Mar\u00eda M\u00e1rquez<\/strong><\/b><\/h5>\n<!--[if lt IE 9]><script>document.createElement('audio');<\/script><![endif]-->\n<audio class=\"wp-audio-shortcode\" id=\"audio-1098-1\" preload=\"none\" style=\"width: 100%;\" controls=\"controls\"><source type=\"audio\/mpeg\" src=\"https:\/\/radiobarriofranklin.cl\/wp-content\/uploads\/2018\/07\/Patrimonio_vivo_Maria_marquez.mp3?_=1\" \/><a href=\"https:\/\/radiobarriofranklin.cl\/wp-content\/uploads\/2018\/07\/Patrimonio_vivo_Maria_marquez.mp3\">https:\/\/radiobarriofranklin.cl\/wp-content\/uploads\/2018\/07\/Patrimonio_vivo_Maria_marquez.mp3<\/a><\/audio>\n<h5><b><strong>Programa 12: Betty Guerra<\/strong><\/b><\/h5>\n<audio class=\"wp-audio-shortcode\" id=\"audio-1098-2\" preload=\"none\" style=\"width: 100%;\" controls=\"controls\"><source type=\"audio\/mpeg\" src=\"https:\/\/radiobarriofranklin.cl\/wp-content\/uploads\/2018\/06\/Patrimonio_Vivo-Betty_Guerra.mp3?_=2\" \/><a href=\"https:\/\/radiobarriofranklin.cl\/wp-content\/uploads\/2018\/06\/Patrimonio_Vivo-Betty_Guerra.mp3\">https:\/\/radiobarriofranklin.cl\/wp-content\/uploads\/2018\/06\/Patrimonio_Vivo-Betty_Guerra.mp3<\/a><\/audio>\n<h5><b><strong>Programa 11: Corte Cinta<\/strong><\/b><\/h5>\n<audio class=\"wp-audio-shortcode\" id=\"audio-1098-3\" preload=\"none\" style=\"width: 100%;\" controls=\"controls\"><source type=\"audio\/mpeg\" src=\"https:\/\/radiobarriofranklin.cl\/wp-content\/uploads\/2018\/05\/cortecintapatrimoniovivo.mp3?_=3\" \/><a href=\"https:\/\/radiobarriofranklin.cl\/wp-content\/uploads\/2018\/05\/cortecintapatrimoniovivo.mp3\">https:\/\/radiobarriofranklin.cl\/wp-content\/uploads\/2018\/05\/cortecintapatrimoniovivo.mp3<\/a><\/audio>\n<h5><b><strong>Programa 10: Keko Yoma<\/strong><\/b><\/h5>\n<audio class=\"wp-audio-shortcode\" id=\"audio-1098-4\" preload=\"none\" style=\"width: 100%;\" controls=\"controls\"><source type=\"audio\/wav\" src=\"https:\/\/radiobarriofranklin.cl\/wp-content\/uploads\/2018\/05\/keko-yoma-patrimonio-vivo.wav?_=4\" \/><a href=\"https:\/\/radiobarriofranklin.cl\/wp-content\/uploads\/2018\/05\/keko-yoma-patrimonio-vivo.wav\">https:\/\/radiobarriofranklin.cl\/wp-content\/uploads\/2018\/05\/keko-yoma-patrimonio-vivo.wav<\/a><\/audio>\n<h5><b><strong>Programa 9: Biblioteca 128<\/strong><\/b><\/h5>\n<audio class=\"wp-audio-shortcode\" id=\"audio-1098-5\" preload=\"none\" style=\"width: 100%;\" controls=\"controls\"><source type=\"audio\/mpeg\" src=\"https:\/\/radiobarriofranklin.cl\/wp-content\/uploads\/2017\/09\/Patrimonio-Vivo-N\u00b0-9-Biblioteca-128-.mp3?_=5\" \/><a href=\"https:\/\/radiobarriofranklin.cl\/wp-content\/uploads\/2017\/09\/Patrimonio-Vivo-N\u00b0-9-Biblioteca-128-.mp3\">https:\/\/radiobarriofranklin.cl\/wp-content\/uploads\/2017\/09\/Patrimonio-Vivo-N\u00b0-9-Biblioteca-128-.mp3<\/a><\/audio>\n<h5><b><strong>Programa 8: Liceo Cervantes<\/strong><\/b><\/h5>\n<audio class=\"wp-audio-shortcode\" id=\"audio-1098-6\" preload=\"none\" style=\"width: 100%;\" controls=\"controls\"><source type=\"audio\/mpeg\" src=\"https:\/\/radiobarriofranklin.cl\/wp-content\/uploads\/2017\/09\/Patrimonio-Vivo-Liceo-Cervantes-Mezcla-128.mp3?_=6\" \/><a href=\"https:\/\/radiobarriofranklin.cl\/wp-content\/uploads\/2017\/09\/Patrimonio-Vivo-Liceo-Cervantes-Mezcla-128.mp3\">https:\/\/radiobarriofranklin.cl\/wp-content\/uploads\/2017\/09\/Patrimonio-Vivo-Liceo-Cervantes-Mezcla-128.mp3<\/a><\/audio>\n<h5><b><strong>Programa 7: Festival OH Santiago<\/strong><\/b><\/h5>\n<audio class=\"wp-audio-shortcode\" id=\"audio-1098-7\" preload=\"none\" style=\"width: 100%;\" controls=\"controls\"><source type=\"audio\/mpeg\" src=\"https:\/\/radiobarriofranklin.cl\/wp-content\/uploads\/2017\/02\/Patrimonio-VIvo-Oh-santiago-128-KB.mp3?_=7\" \/><a href=\"https:\/\/radiobarriofranklin.cl\/wp-content\/uploads\/2017\/02\/Patrimonio-VIvo-Oh-santiago-128-KB.mp3\">https:\/\/radiobarriofranklin.cl\/wp-content\/uploads\/2017\/02\/Patrimonio-VIvo-Oh-santiago-128-KB.mp3<\/a><\/audio>\n<h5><b><strong>Programa 6:\u00a0Ricardo Lagos<\/strong><\/b><\/h5>\n<h5>Douglas Mella conversa con Ricardo Lagos, ex Presidente de Chile, en una amena conversa de la Actualidad del pa\u00eds<\/h5>\n<h5><a href=\"https:\/\/radiobarriofranklin.cl\/wp-content\/uploads\/2017\/03\/WhatsApp-Image-2017-02-28-at-20.18.39.jpeg\"><img loading=\"lazy\" decoding=\"async\" class=\"alignleft wp-image-2234\" src=\"https:\/\/radiobarriofranklin.cl\/wp-content\/uploads\/2017\/03\/WhatsApp-Image-2017-02-28-at-20.18.39-300x225.jpeg\" alt=\"WhatsApp Image 2017-02-28 at 20.18.39\" width=\"442\" height=\"331\" srcset=\"https:\/\/radiobarriofranklin.cl\/wp-content\/uploads\/2017\/03\/WhatsApp-Image-2017-02-28-at-20.18.39-300x225.jpeg 300w, https:\/\/radiobarriofranklin.cl\/wp-content\/uploads\/2017\/03\/WhatsApp-Image-2017-02-28-at-20.18.39-1024x768.jpeg 1024w, https:\/\/radiobarriofranklin.cl\/wp-content\/uploads\/2017\/03\/WhatsApp-Image-2017-02-28-at-20.18.39-150x113.jpeg 150w, https:\/\/radiobarriofranklin.cl\/wp-content\/uploads\/2017\/03\/WhatsApp-Image-2017-02-28-at-20.18.39-80x60.jpeg 80w, https:\/\/radiobarriofranklin.cl\/wp-content\/uploads\/2017\/03\/WhatsApp-Image-2017-02-28-at-20.18.39-235x176.jpeg 235w, https:\/\/radiobarriofranklin.cl\/wp-content\/uploads\/2017\/03\/WhatsApp-Image-2017-02-28-at-20.18.39.jpeg 1280w\" sizes=\"auto, (max-width: 442px) 100vw, 442px\" \/><\/a><\/h5>\n<h5><\/h5>\n<h5><\/h5>\n<h5><\/h5>\n<h5><\/h5>\n<h5><\/h5>\n<h5><\/h5>\n<h5><\/h5>\n<h5><\/h5>\n<audio class=\"wp-audio-shortcode\" id=\"audio-1098-8\" preload=\"none\" style=\"width: 100%;\" controls=\"controls\"><source type=\"audio\/mpeg\" src=\"https:\/\/radiobarriofranklin.cl\/wp-content\/uploads\/2017\/02\/Programa-8-Patrimonio-Vivo-Ricardo-Lagos-128.mp3?_=8\" \/><a href=\"https:\/\/radiobarriofranklin.cl\/wp-content\/uploads\/2017\/02\/Programa-8-Patrimonio-Vivo-Ricardo-Lagos-128.mp3\">https:\/\/radiobarriofranklin.cl\/wp-content\/uploads\/2017\/02\/Programa-8-Patrimonio-Vivo-Ricardo-Lagos-128.mp3<\/a><\/audio>\n<h5><\/h5>\n<hr \/>\n<h5><\/h5>\n<h5><b><strong>Programa 5:\u00a0Bernardita Paz<\/strong><\/b><\/h5>\n<h5>Nos Visita Bernardita Paz, una Soprano, profesora de canto, que nos cuenta su historia, sus or\u00edgenes en Valpara\u00edso y nos sorprender\u00e1 con su maravillosa voz<\/h5>\n<audio class=\"wp-audio-shortcode\" id=\"audio-1098-9\" preload=\"none\" style=\"width: 100%;\" controls=\"controls\"><source type=\"audio\/mpeg\" src=\"https:\/\/radiobarriofranklin.cl\/wp-content\/uploads\/2017\/02\/Patrimonio-7-Bernardita-Paz-Soprano-128.mp3?_=9\" \/><a href=\"https:\/\/radiobarriofranklin.cl\/wp-content\/uploads\/2017\/02\/Patrimonio-7-Bernardita-Paz-Soprano-128.mp3\">https:\/\/radiobarriofranklin.cl\/wp-content\/uploads\/2017\/02\/Patrimonio-7-Bernardita-Paz-Soprano-128.mp3<\/a><\/audio>\n<div class=\"wpview-body\" contenteditable=\"false\">\n<div class=\"wpview-content wpview-type-audio\"><\/div>\n<\/div>\n<div class=\"wpview-overlay\"><\/div>\n<hr \/>\n<h5><\/h5>\n<h5><b><strong>Programa \u00a04: Luis Tobar, Carnes Santa Ema<\/strong><\/b><\/h5>\n<h5>Douglas Mella, conversa con Luis Tobar, hijo de maestro matarife, actual due\u00f1o de carnicer\u00eda Santa Ema, es un personaje Patrimonio Vivo del Matadero Franklin, nos cuenta sus inicios como aprendiz de matarife desde los 11 a\u00f1os de edad, en los corrales del Matadero.<\/h5>\n<audio class=\"wp-audio-shortcode\" id=\"audio-1098-10\" preload=\"none\" style=\"width: 100%;\" controls=\"controls\"><source type=\"audio\/mpeg\" src=\"https:\/\/radiobarriofranklin.cl\/wp-content\/uploads\/2016\/08\/Patrimonio-Vivo-Carnes-Santa-Ema-Lui-Tobat-128-Kb.mp3?_=10\" \/><a href=\"https:\/\/radiobarriofranklin.cl\/wp-content\/uploads\/2016\/08\/Patrimonio-Vivo-Carnes-Santa-Ema-Lui-Tobat-128-Kb.mp3\">https:\/\/radiobarriofranklin.cl\/wp-content\/uploads\/2016\/08\/Patrimonio-Vivo-Carnes-Santa-Ema-Lui-Tobat-128-Kb.mp3<\/a><\/audio>\n<div class=\"wpview-body\" contenteditable=\"false\"><\/div>\n<h5><\/h5>\n<h5><\/h5>\n<hr \/>\n<h5><\/h5>\n<h5><b><strong>Programa \u00a03:\u00a0<\/strong><\/b><b>Zen\u00e9n<\/b><b> Vargas, reconocido artista Frafico del Barrio Franklin<\/b><\/h5>\n<h5>Un Artista del barrio Franklin reconocido por su caracter\u00edstica letra y letreros en las m\u00edticas micros de Santiago nos cuenta su Vida e historia con an\u00e9cdotas del Barrio Franklin, en una grata conversa con Douglas.<\/h5>\n<audio class=\"wp-audio-shortcode\" id=\"audio-1098-11\" preload=\"none\" style=\"width: 100%;\" controls=\"controls\"><source type=\"audio\/mpeg\" src=\"https:\/\/radiobarriofranklin.cl\/wp-content\/uploads\/2016\/07\/Patrimonio-Vivo-Entrevista-Xenen1.mp3?_=11\" \/><a href=\"https:\/\/radiobarriofranklin.cl\/wp-content\/uploads\/2016\/07\/Patrimonio-Vivo-Entrevista-Xenen1.mp3\">https:\/\/radiobarriofranklin.cl\/wp-content\/uploads\/2016\/07\/Patrimonio-Vivo-Entrevista-Xenen1.mp3<\/a><\/audio>\n<h5><a href=\"https:\/\/radiobarriofranklin.cl\/wp-content\/uploads\/2016\/07\/IMG-20160727-WA0007.jpg\"><img loading=\"lazy\" decoding=\"async\" class=\"alignleft wp-image-2070 size-thumbnail\" src=\"https:\/\/radiobarriofranklin.cl\/wp-content\/uploads\/2016\/07\/IMG-20160727-WA0007-150x150.jpg\" alt=\"IMG-20160727-WA0007\" width=\"150\" height=\"150\" srcset=\"https:\/\/radiobarriofranklin.cl\/wp-content\/uploads\/2016\/07\/IMG-20160727-WA0007-150x150.jpg 150w, https:\/\/radiobarriofranklin.cl\/wp-content\/uploads\/2016\/07\/IMG-20160727-WA0007-80x80.jpg 80w, https:\/\/radiobarriofranklin.cl\/wp-content\/uploads\/2016\/07\/IMG-20160727-WA0007-235x235.jpg 235w, https:\/\/radiobarriofranklin.cl\/wp-content\/uploads\/2016\/07\/IMG-20160727-WA0007-54x54.jpg 54w\" sizes=\"auto, (max-width: 150px) 100vw, 150px\" \/><\/a> <a href=\"https:\/\/radiobarriofranklin.cl\/wp-content\/uploads\/2016\/07\/IMG-20160727-WA0008.jpg\"><img loading=\"lazy\" decoding=\"async\" class=\"alignleft wp-image-2071 size-thumbnail\" src=\"https:\/\/radiobarriofranklin.cl\/wp-content\/uploads\/2016\/07\/IMG-20160727-WA0008-150x150.jpg\" alt=\"IMG-20160727-WA0008\" width=\"150\" height=\"150\" srcset=\"https:\/\/radiobarriofranklin.cl\/wp-content\/uploads\/2016\/07\/IMG-20160727-WA0008-150x150.jpg 150w, https:\/\/radiobarriofranklin.cl\/wp-content\/uploads\/2016\/07\/IMG-20160727-WA0008-80x80.jpg 80w, https:\/\/radiobarriofranklin.cl\/wp-content\/uploads\/2016\/07\/IMG-20160727-WA0008-235x235.jpg 235w, https:\/\/radiobarriofranklin.cl\/wp-content\/uploads\/2016\/07\/IMG-20160727-WA0008-54x54.jpg 54w\" sizes=\"auto, (max-width: 150px) 100vw, 150px\" \/><\/a> <a href=\"https:\/\/radiobarriofranklin.cl\/wp-content\/uploads\/2016\/07\/IMG-20160727-WA0009.jpg\"><img loading=\"lazy\" decoding=\"async\" class=\"alignleft wp-image-2072 size-thumbnail\" src=\"https:\/\/radiobarriofranklin.cl\/wp-content\/uploads\/2016\/07\/IMG-20160727-WA0009-150x150.jpg\" alt=\"IMG-20160727-WA0009\" width=\"150\" height=\"150\" srcset=\"https:\/\/radiobarriofranklin.cl\/wp-content\/uploads\/2016\/07\/IMG-20160727-WA0009-150x150.jpg 150w, https:\/\/radiobarriofranklin.cl\/wp-content\/uploads\/2016\/07\/IMG-20160727-WA0009-80x80.jpg 80w, https:\/\/radiobarriofranklin.cl\/wp-content\/uploads\/2016\/07\/IMG-20160727-WA0009-235x235.jpg 235w, https:\/\/radiobarriofranklin.cl\/wp-content\/uploads\/2016\/07\/IMG-20160727-WA0009-54x54.jpg 54w\" sizes=\"auto, (max-width: 150px) 100vw, 150px\" \/><\/a><\/h5>\n<h5><\/h5>\n<h5><\/h5>\n<h5><\/h5>\n<div class=\"wpview-body\" contenteditable=\"false\">\n<div class=\"wpview-content wpview-type-audio\"><iframe class=\"wpview-sandbox\" style=\"width: 100%; display: block; height: 30px;\" width=\"300\" height=\"150\" frameborder=\"0\" scrolling=\"no\"><\/iframe><\/div>\n<\/div>\n<div class=\"wpview-overlay\"><\/div>\n<div class=\"wpview-overlay\">.<\/div>\n<div class=\"wpview-overlay\"><\/div>\n<h5><strong>Programa\u00a0 02: \u00abEntrevista a Roberto Bravo\u00bb<\/strong><\/h5>\n<div class=\"wpview-body\" contenteditable=\"false\"><\/div>\n<h5>Segunda parte de la entrevista al pianista\u00a0Roberto Bravo.<\/h5>\n<audio class=\"wp-audio-shortcode\" id=\"audio-1098-12\" preload=\"none\" style=\"width: 100%;\" controls=\"controls\"><source type=\"audio\/mpeg\" src=\"https:\/\/radiobarriofranklin.cl\/wp-content\/uploads\/2015\/09\/Patrimonio-Vivo-02.mp3.mp3?_=12\" \/><a href=\"https:\/\/radiobarriofranklin.cl\/wp-content\/uploads\/2015\/09\/Patrimonio-Vivo-02.mp3.mp3\">https:\/\/radiobarriofranklin.cl\/wp-content\/uploads\/2015\/09\/Patrimonio-Vivo-02.mp3.mp3<\/a><\/audio>\n<h5><\/h5>\n","protected":false},"excerpt":{"rendered":"<p>Patrimonio vivo del barrio franklin. VIERNES A LAS 13:00 HRS. (ESTRENO) DOMINGO\u00a0A LAS 20:00 HRS. (REPETICI\u00d3N) TEM\u00c1TICA: entrevistas y arte. Busca indagar en la identidad del Barrio Franklin, a trav\u00e9s de la historia, presente y futuro. Relevando iniciativas de rescate del patrimonio vivo y material de nuestro barrio. \u00a0CONDUCE:\u00a0Douglas Mella Programa 13: Mar\u00eda M\u00e1rquez Programa [&hellip;]<\/p>\n","protected":false},"author":1,"featured_media":0,"parent":0,"menu_order":0,"comment_status":"closed","ping_status":"closed","template":"","meta":{"footnotes":""},"class_list":["post-1098","page","type-page","status-publish","hentry"],"_links":{"self":[{"href":"https:\/\/radiobarriofranklin.cl\/index.php\/wp-json\/wp\/v2\/pages\/1098","targetHints":{"allow":["GET"]}}],"collection":[{"href":"https:\/\/radiobarriofranklin.cl\/index.php\/wp-json\/wp\/v2\/pages"}],"about":[{"href":"https:\/\/radiobarriofranklin.cl\/index.php\/wp-json\/wp\/v2\/types\/page"}],"author":[{"embeddable":true,"href":"https:\/\/radiobarriofranklin.cl\/index.php\/wp-json\/wp\/v2\/users\/1"}],"replies":[{"embeddable":true,"href":"https:\/\/radiobarriofranklin.cl\/index.php\/wp-json\/wp\/v2\/comments?post=1098"}],"version-history":[{"count":33,"href":"https:\/\/radiobarriofranklin.cl\/index.php\/wp-json\/wp\/v2\/pages\/1098\/revisions"}],"predecessor-version":[{"id":4053,"href":"https:\/\/radiobarriofranklin.cl\/index.php\/wp-json\/wp\/v2\/pages\/1098\/revisions\/4053"}],"wp:attachment":[{"href":"https:\/\/radiobarriofranklin.cl\/index.php\/wp-json\/wp\/v2\/media?parent=1098"}],"curies":[{"name":"wp","href":"https:\/\/api.w.org\/{rel}","templated":true}]}}