{"id":1100,"date":"2015-07-23T19:37:56","date_gmt":"2015-07-23T19:37:56","guid":{"rendered":"http:\/\/radiobarriofranklin.cl\/?page_id=1100"},"modified":"2023-05-16T19:10:26","modified_gmt":"2023-05-16T19:10:26","slug":"conexion-digital","status":"publish","type":"page","link":"https:\/\/radiobarriofranklin.cl\/index.php\/conexion-digital\/","title":{"rendered":"Conexi\u00f3n digital"},"content":{"rendered":"<p><img loading=\"lazy\" decoding=\"async\" class=\"wp-image-1871 \" src=\"https:\/\/radiobarriofranklin.cl\/wp-content\/uploads\/2016\/02\/Dj-10-300x225.jpg\" alt=\"\" width=\"347\" height=\"260\" srcset=\"https:\/\/radiobarriofranklin.cl\/wp-content\/uploads\/2016\/02\/Dj-10-300x225.jpg 300w, https:\/\/radiobarriofranklin.cl\/wp-content\/uploads\/2016\/02\/Dj-10-1024x768.jpg 1024w, https:\/\/radiobarriofranklin.cl\/wp-content\/uploads\/2016\/02\/Dj-10-150x113.jpg 150w, https:\/\/radiobarriofranklin.cl\/wp-content\/uploads\/2016\/02\/Dj-10-80x60.jpg 80w, https:\/\/radiobarriofranklin.cl\/wp-content\/uploads\/2016\/02\/Dj-10-235x176.jpg 235w\" sizes=\"auto, (max-width: 347px) 100vw, 347px\" \/><\/p>\n<p>&nbsp;<\/p>\n<h1><strong>Conexi\u00f3n digital<\/strong><\/h1>\n<hr \/>\n<h4><span style=\"color: #546284; font-family: 'Open Sans', sans-serif; font-size: 13px;\">Programa que se propone unir a los habitantes de franklin, a trav\u00e9s de las redes sociales y la m\u00fasica.\u00a0<\/span><\/h4>\n<hr \/>\n<h5><strong>CONDUCE:<\/strong><\/h5>\n<h2><strong>\u00abDj 10\u00bb<\/strong><\/h2>\n<hr \/>\n<p><strong>Programa 48 &#8211; Ale War\u00a0<\/strong><\/p>\n<!--[if lt IE 9]><script>document.createElement('audio');<\/script><![endif]-->\n<audio class=\"wp-audio-shortcode\" id=\"audio-1100-1\" preload=\"none\" style=\"width: 100%;\" controls=\"controls\"><source type=\"audio\/mpeg\" src=\"https:\/\/radiobarriofranklin.cl\/wp-content\/uploads\/2018\/08\/temporada-2-conexion-digital-1-3-alewar-mezcla-128.mp3?_=1\" \/><a href=\"https:\/\/radiobarriofranklin.cl\/wp-content\/uploads\/2018\/08\/temporada-2-conexion-digital-1-3-alewar-mezcla-128.mp3\">https:\/\/radiobarriofranklin.cl\/wp-content\/uploads\/2018\/08\/temporada-2-conexion-digital-1-3-alewar-mezcla-128.mp3<\/a><\/audio>\n<p>&nbsp;<\/p>\n<p><strong>Programa 47 &#8211; Los Frutantes<\/strong><\/p>\n<audio class=\"wp-audio-shortcode\" id=\"audio-1100-2\" preload=\"none\" style=\"width: 100%;\" controls=\"controls\"><source type=\"audio\/mpeg\" src=\"https:\/\/radiobarriofranklin.cl\/wp-content\/uploads\/2018\/08\/temporada-2-conexion-digital-4-los-frutantes-128-kb.mp3?_=2\" \/><a href=\"https:\/\/radiobarriofranklin.cl\/wp-content\/uploads\/2018\/08\/temporada-2-conexion-digital-4-los-frutantes-128-kb.mp3\">https:\/\/radiobarriofranklin.cl\/wp-content\/uploads\/2018\/08\/temporada-2-conexion-digital-4-los-frutantes-128-kb.mp3<\/a><\/audio>\n<hr \/>\n<p><strong>Programa 46 &#8211; Ernesto Bravo<\/strong><\/p>\n<audio class=\"wp-audio-shortcode\" id=\"audio-1100-3\" preload=\"none\" style=\"width: 100%;\" controls=\"controls\"><source type=\"audio\/mpeg\" src=\"https:\/\/radiobarriofranklin.cl\/wp-content\/uploads\/2017\/09\/Programa-47-Ernesto-Bravo-Mezcla-320.mp3?_=3\" \/><a href=\"https:\/\/radiobarriofranklin.cl\/wp-content\/uploads\/2017\/09\/Programa-47-Ernesto-Bravo-Mezcla-320.mp3\">https:\/\/radiobarriofranklin.cl\/wp-content\/uploads\/2017\/09\/Programa-47-Ernesto-Bravo-Mezcla-320.mp3<\/a><\/audio>\n<hr \/>\n<p>&nbsp;<\/p>\n<p><strong>Programa 45 &#8211;\u00a0Efecto Family<\/strong><\/p>\n<audio class=\"wp-audio-shortcode\" id=\"audio-1100-4\" preload=\"none\" style=\"width: 100%;\" controls=\"controls\"><source type=\"audio\/mpeg\" src=\"https:\/\/radiobarriofranklin.cl\/wp-content\/uploads\/2017\/09\/Programa-45-Efecto-family-Mezcla-128.mp3?_=4\" \/><a href=\"https:\/\/radiobarriofranklin.cl\/wp-content\/uploads\/2017\/09\/Programa-45-Efecto-family-Mezcla-128.mp3\">https:\/\/radiobarriofranklin.cl\/wp-content\/uploads\/2017\/09\/Programa-45-Efecto-family-Mezcla-128.mp3<\/a><\/audio>\n<hr \/>\n<p>&nbsp;<\/p>\n<p><strong>Programa 44 &#8211; Furiosos Ciclistas<\/strong><\/p>\n<audio class=\"wp-audio-shortcode\" id=\"audio-1100-5\" preload=\"none\" style=\"width: 100%;\" controls=\"controls\"><source type=\"audio\/mpeg\" src=\"https:\/\/radiobarriofranklin.cl\/wp-content\/uploads\/2017\/09\/Programa-46-Furiosos-Ciclistas-128.mp3?_=5\" \/><a href=\"https:\/\/radiobarriofranklin.cl\/wp-content\/uploads\/2017\/09\/Programa-46-Furiosos-Ciclistas-128.mp3\">https:\/\/radiobarriofranklin.cl\/wp-content\/uploads\/2017\/09\/Programa-46-Furiosos-Ciclistas-128.mp3<\/a><\/audio>\n<hr \/>\n<p>&nbsp;<\/p>\n<p><strong>Programa 43 \u2013\u00a0Duo Conectados<\/strong><\/p>\n<audio class=\"wp-audio-shortcode\" id=\"audio-1100-6\" preload=\"none\" style=\"width: 100%;\" controls=\"controls\"><source type=\"audio\/mpeg\" src=\"https:\/\/radiobarriofranklin.cl\/wp-content\/uploads\/2017\/09\/Programa-45-Conectados-128-Kb.mp3?_=6\" \/><a href=\"https:\/\/radiobarriofranklin.cl\/wp-content\/uploads\/2017\/09\/Programa-45-Conectados-128-Kb.mp3\">https:\/\/radiobarriofranklin.cl\/wp-content\/uploads\/2017\/09\/Programa-45-Conectados-128-Kb.mp3<\/a><\/audio>\n<hr \/>\n<p><strong>Programa 42 \u2013 el Duo\u00a0 Yosi y Eric<\/strong><\/p>\n<audio class=\"wp-audio-shortcode\" id=\"audio-1100-7\" preload=\"none\" style=\"width: 100%;\" controls=\"controls\"><source type=\"audio\/mpeg\" src=\"https:\/\/radiobarriofranklin.cl\/wp-content\/uploads\/2017\/09\/Programa-44-Yosi-y-Eric-128.mp3?_=7\" \/><a href=\"https:\/\/radiobarriofranklin.cl\/wp-content\/uploads\/2017\/09\/Programa-44-Yosi-y-Eric-128.mp3\">https:\/\/radiobarriofranklin.cl\/wp-content\/uploads\/2017\/09\/Programa-44-Yosi-y-Eric-128.mp3<\/a><\/audio>\n<hr \/>\n<p>&nbsp;<\/p>\n<p><strong>Programa 41 &#8211; Orquesta Bahia tropical<\/strong><\/p>\n<audio class=\"wp-audio-shortcode\" id=\"audio-1100-8\" preload=\"none\" style=\"width: 100%;\" controls=\"controls\"><source type=\"audio\/mpeg\" src=\"https:\/\/radiobarriofranklin.cl\/wp-content\/uploads\/2017\/06\/Programa-42-orquesta-bahia-Tropical-128-KB.mp3?_=8\" \/><a href=\"https:\/\/radiobarriofranklin.cl\/wp-content\/uploads\/2017\/06\/Programa-42-orquesta-bahia-Tropical-128-KB.mp3\">https:\/\/radiobarriofranklin.cl\/wp-content\/uploads\/2017\/06\/Programa-42-orquesta-bahia-Tropical-128-KB.mp3<\/a><\/audio>\n<p>&nbsp;<\/p>\n<p><strong>Programa \u00a040 &#8211; Made in Chile<\/strong><\/p>\n<audio class=\"wp-audio-shortcode\" id=\"audio-1100-9\" preload=\"none\" style=\"width: 100%;\" controls=\"controls\"><source type=\"audio\/mpeg\" src=\"https:\/\/radiobarriofranklin.cl\/wp-content\/uploads\/2017\/06\/Programa-41-Banda-Made-in-Chile-128.mp3?_=9\" \/><a href=\"https:\/\/radiobarriofranklin.cl\/wp-content\/uploads\/2017\/06\/Programa-41-Banda-Made-in-Chile-128.mp3\">https:\/\/radiobarriofranklin.cl\/wp-content\/uploads\/2017\/06\/Programa-41-Banda-Made-in-Chile-128.mp3<\/a><\/audio>\n<hr \/>\n<p>&nbsp;<\/p>\n<p>Programa 39 &#8211; Gendarmeria de Chile<\/p>\n<audio class=\"wp-audio-shortcode\" id=\"audio-1100-10\" preload=\"none\" style=\"width: 100%;\" controls=\"controls\"><source type=\"audio\/mpeg\" src=\"https:\/\/radiobarriofranklin.cl\/wp-content\/uploads\/2017\/06\/Programa-41-Con-Digital-Gendarmeria-128-kB.mp3?_=10\" \/><a href=\"https:\/\/radiobarriofranklin.cl\/wp-content\/uploads\/2017\/06\/Programa-41-Con-Digital-Gendarmeria-128-kB.mp3\">https:\/\/radiobarriofranklin.cl\/wp-content\/uploads\/2017\/06\/Programa-41-Con-Digital-Gendarmeria-128-kB.mp3<\/a><\/audio>\n<hr \/>\n<p>Programa 38 &#8211; Emergencia y Patrimonio<\/p>\n<audio class=\"wp-audio-shortcode\" id=\"audio-1100-11\" preload=\"none\" style=\"width: 100%;\" controls=\"controls\"><source type=\"audio\/mpeg\" src=\"https:\/\/radiobarriofranklin.cl\/wp-content\/uploads\/2017\/06\/Programa-39-Emergencia-y-Patrimonio-128.mp3?_=11\" \/><a href=\"https:\/\/radiobarriofranklin.cl\/wp-content\/uploads\/2017\/06\/Programa-39-Emergencia-y-Patrimonio-128.mp3\">https:\/\/radiobarriofranklin.cl\/wp-content\/uploads\/2017\/06\/Programa-39-Emergencia-y-Patrimonio-128.mp3<\/a><\/audio>\n<hr \/>\n<p><strong>Programa 37:\u00a0La Banda de La Percha del Angel<\/strong><\/p>\n<p>Musicos, rockeros del barrio Bogota, que se sienten muy cercanos al barrio Franklin, nos cuentan sus an\u00e9cdotas y formaci\u00f3n de la banda.<\/p>\n<p>Una entretenida entrevista conducida por Dj 10.<\/p>\n<p>Nos sorprenden ya que tocaron sus instrumentos en los estudios de la Radio Franklin.<\/p>\n<p><a href=\"https:\/\/radiobarriofranklin.cl\/wp-content\/uploads\/2017\/04\/20170330_194452.jpg\"><img loading=\"lazy\" decoding=\"async\" class=\"alignleft wp-image-2288 size-medium\" src=\"https:\/\/radiobarriofranklin.cl\/wp-content\/uploads\/2017\/04\/20170330_194452-300x225.jpg\" alt=\"20170330_194452\" width=\"300\" height=\"225\" srcset=\"https:\/\/radiobarriofranklin.cl\/wp-content\/uploads\/2017\/04\/20170330_194452-300x225.jpg 300w, https:\/\/radiobarriofranklin.cl\/wp-content\/uploads\/2017\/04\/20170330_194452-1024x768.jpg 1024w, https:\/\/radiobarriofranklin.cl\/wp-content\/uploads\/2017\/04\/20170330_194452-150x113.jpg 150w, https:\/\/radiobarriofranklin.cl\/wp-content\/uploads\/2017\/04\/20170330_194452-80x60.jpg 80w, https:\/\/radiobarriofranklin.cl\/wp-content\/uploads\/2017\/04\/20170330_194452-235x176.jpg 235w\" sizes=\"auto, (max-width: 300px) 100vw, 300px\" \/><\/a><\/p>\n<p><a href=\"https:\/\/radiobarriofranklin.cl\/wp-content\/uploads\/2017\/04\/20170330_194436.jpg\"><img loading=\"lazy\" decoding=\"async\" class=\"alignleft wp-image-2287 size-medium\" src=\"https:\/\/radiobarriofranklin.cl\/wp-content\/uploads\/2017\/04\/20170330_194436-300x225.jpg\" alt=\"20170330_194436\" width=\"300\" height=\"225\" srcset=\"https:\/\/radiobarriofranklin.cl\/wp-content\/uploads\/2017\/04\/20170330_194436-300x225.jpg 300w, https:\/\/radiobarriofranklin.cl\/wp-content\/uploads\/2017\/04\/20170330_194436-1024x768.jpg 1024w, https:\/\/radiobarriofranklin.cl\/wp-content\/uploads\/2017\/04\/20170330_194436-150x113.jpg 150w, https:\/\/radiobarriofranklin.cl\/wp-content\/uploads\/2017\/04\/20170330_194436-80x60.jpg 80w, https:\/\/radiobarriofranklin.cl\/wp-content\/uploads\/2017\/04\/20170330_194436-235x176.jpg 235w\" sizes=\"auto, (max-width: 300px) 100vw, 300px\" \/><\/a><\/p>\n<p><strong>\u00a0<\/strong><\/p>\n<p>&nbsp;<\/p>\n<p>&nbsp;<\/p>\n<p>&nbsp;<\/p>\n<p>&nbsp;<\/p>\n<p>&nbsp;<\/p>\n<p>&nbsp;<\/p>\n<p>&nbsp;<\/p>\n<audio class=\"wp-audio-shortcode\" id=\"audio-1100-12\" preload=\"none\" style=\"width: 100%;\" controls=\"controls\"><source type=\"audio\/mpeg\" src=\"https:\/\/radiobarriofranklin.cl\/wp-content\/uploads\/2017\/04\/Programa-38-La-Percha-del-Angel-Entrevista-128-Kb-.mp3?_=12\" \/><a href=\"https:\/\/radiobarriofranklin.cl\/wp-content\/uploads\/2017\/04\/Programa-38-La-Percha-del-Angel-Entrevista-128-Kb-.mp3\">https:\/\/radiobarriofranklin.cl\/wp-content\/uploads\/2017\/04\/Programa-38-La-Percha-del-Angel-Entrevista-128-Kb-.mp3<\/a><\/audio>\n<hr \/>\n<p>&nbsp;<\/p>\n<p><strong>Programa 36:\u00a0Conexion Digital Tonny G y \u00a0Jon Bi\u00a0<\/strong><\/p>\n<p>Visitan la radio Franklin,\u00a0son exponentes del Hip Hop de barrio Franklin, y nos cuentan,<\/p>\n<p>sus experiencias y el desarrollo que han tenido en el ambiente musical.<\/p>\n<p>Promocionando su nuevo disco, <strong>Franklin, los nuevos clasicos la Llevan,<\/strong> una entretenida\u00a0entrevista al estilo de Dj 10<\/p>\n<p><a href=\"https:\/\/radiobarriofranklin.cl\/wp-content\/uploads\/2017\/04\/20170316_212301.jpg\"><img loading=\"lazy\" decoding=\"async\" class=\"alignleft wp-image-2285 size-medium\" src=\"https:\/\/radiobarriofranklin.cl\/wp-content\/uploads\/2017\/04\/20170316_212301-300x225.jpg\" alt=\"20170316_212301\" width=\"300\" height=\"225\" srcset=\"https:\/\/radiobarriofranklin.cl\/wp-content\/uploads\/2017\/04\/20170316_212301-300x225.jpg 300w, https:\/\/radiobarriofranklin.cl\/wp-content\/uploads\/2017\/04\/20170316_212301-1024x768.jpg 1024w, https:\/\/radiobarriofranklin.cl\/wp-content\/uploads\/2017\/04\/20170316_212301-150x113.jpg 150w, https:\/\/radiobarriofranklin.cl\/wp-content\/uploads\/2017\/04\/20170316_212301-80x60.jpg 80w, https:\/\/radiobarriofranklin.cl\/wp-content\/uploads\/2017\/04\/20170316_212301-235x176.jpg 235w\" sizes=\"auto, (max-width: 300px) 100vw, 300px\" \/><\/a><\/p>\n<p><a href=\"https:\/\/radiobarriofranklin.cl\/wp-content\/uploads\/2017\/04\/20170316_212329.jpg\"><img loading=\"lazy\" decoding=\"async\" class=\"alignleft wp-image-2286 \" src=\"https:\/\/radiobarriofranklin.cl\/wp-content\/uploads\/2017\/04\/20170316_212329-300x225.jpg\" alt=\"20170316_212329\" width=\"327\" height=\"245\" srcset=\"https:\/\/radiobarriofranklin.cl\/wp-content\/uploads\/2017\/04\/20170316_212329-300x225.jpg 300w, https:\/\/radiobarriofranklin.cl\/wp-content\/uploads\/2017\/04\/20170316_212329-1024x768.jpg 1024w, https:\/\/radiobarriofranklin.cl\/wp-content\/uploads\/2017\/04\/20170316_212329-150x113.jpg 150w, https:\/\/radiobarriofranklin.cl\/wp-content\/uploads\/2017\/04\/20170316_212329-80x60.jpg 80w, https:\/\/radiobarriofranklin.cl\/wp-content\/uploads\/2017\/04\/20170316_212329-235x176.jpg 235w\" sizes=\"auto, (max-width: 327px) 100vw, 327px\" \/><\/a><\/p>\n<audio class=\"wp-audio-shortcode\" id=\"audio-1100-13\" preload=\"none\" style=\"width: 100%;\" controls=\"controls\"><source type=\"audio\/mpeg\" src=\"https:\/\/radiobarriofranklin.cl\/wp-content\/uploads\/2017\/04\/Programa-37-Conexion-Digital-Tonny-G-y-Jon-Bi-128-Kb.mp3?_=13\" \/><a href=\"https:\/\/radiobarriofranklin.cl\/wp-content\/uploads\/2017\/04\/Programa-37-Conexion-Digital-Tonny-G-y-Jon-Bi-128-Kb.mp3\">https:\/\/radiobarriofranklin.cl\/wp-content\/uploads\/2017\/04\/Programa-37-Conexion-Digital-Tonny-G-y-Jon-Bi-128-Kb.mp3<\/a><\/audio>\n<p>&nbsp;<\/p>\n<hr \/>\n<p>&nbsp;<\/p>\n<p><strong>Programa 35: \u00a0Guatapike\u00a0banda de rock del m\u00fasico y artista visual Andr\u00e9s Quilodr\u00e1n<\/strong><\/p>\n<p>Un musicologo chilenos, con mas de 20 a\u00f1os de trayectoria, nos mostro\u00a0su musica y su historia ligada al barrio Franklin.}<\/p>\n<p>Una entretenida entrevista con Dj 10 \u00a0que dar\u00e1 mucho\u00a0que hablar.<\/p>\n<audio class=\"wp-audio-shortcode\" id=\"audio-1100-14\" preload=\"none\" style=\"width: 100%;\" controls=\"controls\"><source type=\"audio\/mpeg\" src=\"https:\/\/radiobarriofranklin.cl\/wp-content\/uploads\/2017\/04\/Programa-36-Huatapike-128.mp3?_=14\" \/><a href=\"https:\/\/radiobarriofranklin.cl\/wp-content\/uploads\/2017\/04\/Programa-36-Huatapike-128.mp3\">https:\/\/radiobarriofranklin.cl\/wp-content\/uploads\/2017\/04\/Programa-36-Huatapike-128.mp3<\/a><\/audio>\n<hr \/>\n<p>&nbsp;<\/p>\n<p><strong>Programa 34: Recuperando la Juntas de Vecinos<\/strong><\/p>\n<p>Dj 10 conversa con los presidente de Las Juntas de Vecino el progreso Valeria Bustos y la Junta de Vecino Adelanto y Progreso Cristopher Saavedra.<\/p>\n<p>La historia, an\u00e9cdotas, proyectos y desaf\u00edos que enfrentan.<\/p>\n<p><a href=\"https:\/\/radiobarriofranklin.cl\/wp-content\/uploads\/2017\/03\/20170119_170621.jpg\"><img loading=\"lazy\" decoding=\"async\" class=\"alignleft wp-image-2249 \" src=\"https:\/\/radiobarriofranklin.cl\/wp-content\/uploads\/2017\/03\/20170119_170621-300x169.jpg\" alt=\"20170119_170621\" width=\"369\" height=\"208\" srcset=\"https:\/\/radiobarriofranklin.cl\/wp-content\/uploads\/2017\/03\/20170119_170621-300x169.jpg 300w, https:\/\/radiobarriofranklin.cl\/wp-content\/uploads\/2017\/03\/20170119_170621-1024x576.jpg 1024w, https:\/\/radiobarriofranklin.cl\/wp-content\/uploads\/2017\/03\/20170119_170621-150x84.jpg 150w, https:\/\/radiobarriofranklin.cl\/wp-content\/uploads\/2017\/03\/20170119_170621-80x45.jpg 80w, https:\/\/radiobarriofranklin.cl\/wp-content\/uploads\/2017\/03\/20170119_170621-235x132.jpg 235w\" sizes=\"auto, (max-width: 369px) 100vw, 369px\" \/><\/a><\/p>\n<audio class=\"wp-audio-shortcode\" id=\"audio-1100-15\" preload=\"none\" style=\"width: 100%;\" controls=\"controls\"><source type=\"audio\/mpeg\" src=\"https:\/\/radiobarriofranklin.cl\/wp-content\/uploads\/2017\/04\/PROGRAMA-35-Junta-DE-VECINOS-1281.mp3?_=15\" \/><a href=\"https:\/\/radiobarriofranklin.cl\/wp-content\/uploads\/2017\/04\/PROGRAMA-35-Junta-DE-VECINOS-1281.mp3\">https:\/\/radiobarriofranklin.cl\/wp-content\/uploads\/2017\/04\/PROGRAMA-35-Junta-DE-VECINOS-1281.mp3<\/a><\/audio>\n<p>&nbsp;<\/p>\n<hr \/>\n<p>&nbsp;<\/p>\n<p><strong>Programa 33: Banda Latinya<\/strong><\/p>\n<p>M\u00fasicos Salseros, de Lat\u00edn y del Barrio\u00a0Matta Sur, nos cuentan sus inicio y formaci\u00f3n como banda.<\/p>\n<p>Al estilo de Dj 10 mostrando\u00a0los temas de la Banda Del Sur de Santiago<\/p>\n<p><a href=\"https:\/\/radiobarriofranklin.cl\/wp-content\/uploads\/2017\/03\/20161129_214237.jpg\"><img loading=\"lazy\" decoding=\"async\" class=\"alignleft wp-image-2248 size-medium\" src=\"https:\/\/radiobarriofranklin.cl\/wp-content\/uploads\/2017\/03\/20161129_214237-300x225.jpg\" alt=\"20161129_214237\" width=\"300\" height=\"225\" srcset=\"https:\/\/radiobarriofranklin.cl\/wp-content\/uploads\/2017\/03\/20161129_214237-300x225.jpg 300w, https:\/\/radiobarriofranklin.cl\/wp-content\/uploads\/2017\/03\/20161129_214237-1024x768.jpg 1024w, https:\/\/radiobarriofranklin.cl\/wp-content\/uploads\/2017\/03\/20161129_214237-150x113.jpg 150w, https:\/\/radiobarriofranklin.cl\/wp-content\/uploads\/2017\/03\/20161129_214237-80x60.jpg 80w, https:\/\/radiobarriofranklin.cl\/wp-content\/uploads\/2017\/03\/20161129_214237-235x176.jpg 235w\" sizes=\"auto, (max-width: 300px) 100vw, 300px\" \/><\/a><\/p>\n<audio class=\"wp-audio-shortcode\" id=\"audio-1100-16\" preload=\"none\" style=\"width: 100%;\" controls=\"controls\"><source type=\"audio\/mpeg\" src=\"https:\/\/radiobarriofranklin.cl\/wp-content\/uploads\/2017\/04\/Programa-31-Latinya-128.mp3?_=16\" \/><a href=\"https:\/\/radiobarriofranklin.cl\/wp-content\/uploads\/2017\/04\/Programa-31-Latinya-128.mp3\">https:\/\/radiobarriofranklin.cl\/wp-content\/uploads\/2017\/04\/Programa-31-Latinya-128.mp3<\/a><\/audio>\n<p>&nbsp;<\/p>\n<hr \/>\n<p><strong>Programa 32: Carnaval San Antonio de Padua<\/strong><\/p>\n<p><b>Los organizadores de un de los 10 Carnavales mas grandes de Chile,nos visitaron en los estudios de la Radio Franklin, y no contaron todos los detalles y pormenores del\u00a0pr\u00f3ximo\u00a0Carnaval que se realizar\u00e1 los\u00a0d\u00edas\u00a08 y 9 de Octubre.<\/b><\/p>\n<p>Aca un anticipo de lo que se espera para este a\u00f1o.<\/p>\n<audio class=\"wp-audio-shortcode\" id=\"audio-1100-17\" preload=\"none\" style=\"width: 100%;\" controls=\"controls\"><source type=\"audio\/mpeg\" src=\"https:\/\/radiobarriofranklin.cl\/wp-content\/uploads\/2016\/10\/Programa-30-Conexion-Digital-Carnaval-San-Antonio-de-Padua.mp3?_=17\" \/><a href=\"https:\/\/radiobarriofranklin.cl\/wp-content\/uploads\/2016\/10\/Programa-30-Conexion-Digital-Carnaval-San-Antonio-de-Padua.mp3\">https:\/\/radiobarriofranklin.cl\/wp-content\/uploads\/2016\/10\/Programa-30-Conexion-Digital-Carnaval-San-Antonio-de-Padua.mp3<\/a><\/audio>\n<p><a href=\"https:\/\/radiobarriofranklin.cl\/wp-content\/uploads\/2016\/10\/Carnaval-San-Antonio-de-Padua-1.jpg\"><img loading=\"lazy\" decoding=\"async\" class=\"alignleft wp-image-2150 \" src=\"https:\/\/radiobarriofranklin.cl\/wp-content\/uploads\/2016\/10\/Carnaval-San-Antonio-de-Padua-1-300x225.jpg\" alt=\"carnaval-san-antonio-de-padua-1\" width=\"217\" height=\"163\" srcset=\"https:\/\/radiobarriofranklin.cl\/wp-content\/uploads\/2016\/10\/Carnaval-San-Antonio-de-Padua-1-300x225.jpg 300w, https:\/\/radiobarriofranklin.cl\/wp-content\/uploads\/2016\/10\/Carnaval-San-Antonio-de-Padua-1-1024x768.jpg 1024w, https:\/\/radiobarriofranklin.cl\/wp-content\/uploads\/2016\/10\/Carnaval-San-Antonio-de-Padua-1-150x113.jpg 150w, https:\/\/radiobarriofranklin.cl\/wp-content\/uploads\/2016\/10\/Carnaval-San-Antonio-de-Padua-1-80x60.jpg 80w, https:\/\/radiobarriofranklin.cl\/wp-content\/uploads\/2016\/10\/Carnaval-San-Antonio-de-Padua-1-235x176.jpg 235w, https:\/\/radiobarriofranklin.cl\/wp-content\/uploads\/2016\/10\/Carnaval-San-Antonio-de-Padua-1.jpg 1652w\" sizes=\"auto, (max-width: 217px) 100vw, 217px\" \/><\/a> <a href=\"https:\/\/radiobarriofranklin.cl\/wp-content\/uploads\/2016\/10\/Carnaval-San-Antonio-de-Padua-2.jpg\"><img loading=\"lazy\" decoding=\"async\" class=\"alignleft wp-image-2151 \" src=\"https:\/\/radiobarriofranklin.cl\/wp-content\/uploads\/2016\/10\/Carnaval-San-Antonio-de-Padua-2-300x225.jpg\" alt=\"carnaval-san-antonio-de-padua-2\" width=\"220\" height=\"165\" srcset=\"https:\/\/radiobarriofranklin.cl\/wp-content\/uploads\/2016\/10\/Carnaval-San-Antonio-de-Padua-2-300x225.jpg 300w, https:\/\/radiobarriofranklin.cl\/wp-content\/uploads\/2016\/10\/Carnaval-San-Antonio-de-Padua-2-1024x768.jpg 1024w, https:\/\/radiobarriofranklin.cl\/wp-content\/uploads\/2016\/10\/Carnaval-San-Antonio-de-Padua-2-150x112.jpg 150w, https:\/\/radiobarriofranklin.cl\/wp-content\/uploads\/2016\/10\/Carnaval-San-Antonio-de-Padua-2-80x60.jpg 80w, https:\/\/radiobarriofranklin.cl\/wp-content\/uploads\/2016\/10\/Carnaval-San-Antonio-de-Padua-2-235x176.jpg 235w, https:\/\/radiobarriofranklin.cl\/wp-content\/uploads\/2016\/10\/Carnaval-San-Antonio-de-Padua-2.jpg 1031w\" sizes=\"auto, (max-width: 220px) 100vw, 220px\" \/><\/a><\/p>\n<p>&nbsp;<\/p>\n<p>&nbsp;<\/p>\n<p>&nbsp;<\/p>\n<p>&nbsp;<\/p>\n<p>&nbsp;<\/p>\n<p>&nbsp;<\/p>\n<p><strong>Programa del 2015 del Carnaval de San Antonio<\/strong><\/p>\n<audio class=\"wp-audio-shortcode\" id=\"audio-1100-18\" preload=\"none\" style=\"width: 100%;\" controls=\"controls\"><source type=\"audio\/mpeg\" src=\"https:\/\/radiobarriofranklin.cl\/wp-content\/uploads\/2015\/07\/Conexion-Digital-05-Carnaval-San-Antonio.mp3?_=18\" \/><a href=\"https:\/\/radiobarriofranklin.cl\/wp-content\/uploads\/2015\/07\/Conexion-Digital-05-Carnaval-San-Antonio.mp3\">https:\/\/radiobarriofranklin.cl\/wp-content\/uploads\/2015\/07\/Conexion-Digital-05-Carnaval-San-Antonio.mp3<\/a><\/audio>\n<audio class=\"wp-audio-shortcode\" id=\"audio-1100-19\" preload=\"none\" style=\"width: 100%;\" controls=\"controls\"><source type=\"audio\/mpeg\" src=\"https:\/\/radiobarriofranklin.cl\/wp-content\/uploads\/2015\/07\/Conexion-Digital-06-Esp-Carnaval.mp3?_=19\" \/><a href=\"https:\/\/radiobarriofranklin.cl\/wp-content\/uploads\/2015\/07\/Conexion-Digital-06-Esp-Carnaval.mp3\">https:\/\/radiobarriofranklin.cl\/wp-content\/uploads\/2015\/07\/Conexion-Digital-06-Esp-Carnaval.mp3<\/a><\/audio>\n<hr \/>\n<p><strong>Programa 31:\u00a0\u201cIsraelita del Nuevo pacto Universal\u201d<\/strong><\/p>\n<p><b>Nos visitaron de la Asociaci\u00f3n Evang\u00e9lica de la nueva misi\u00f3n<\/b><\/p>\n<p>Un grato programa educativo e informativo, donde nos contaron de las actividades que realizan y sus costumbres.<\/p>\n<p>#M\u00fasica, #Cultura, #Religi\u00f3n y #Comida<\/p>\n<p><a href=\"https:\/\/radiobarriofranklin.cl\/wp-content\/uploads\/2016\/09\/20160818_204419.jpg\"><img loading=\"lazy\" decoding=\"async\" class=\"alignleft wp-image-2133 \" src=\"https:\/\/radiobarriofranklin.cl\/wp-content\/uploads\/2016\/09\/20160818_204419-300x225.jpg\" alt=\"20160818_204419\" width=\"211\" height=\"158\" srcset=\"https:\/\/radiobarriofranklin.cl\/wp-content\/uploads\/2016\/09\/20160818_204419-300x225.jpg 300w, https:\/\/radiobarriofranklin.cl\/wp-content\/uploads\/2016\/09\/20160818_204419-1024x768.jpg 1024w, https:\/\/radiobarriofranklin.cl\/wp-content\/uploads\/2016\/09\/20160818_204419-150x113.jpg 150w, https:\/\/radiobarriofranklin.cl\/wp-content\/uploads\/2016\/09\/20160818_204419-80x60.jpg 80w, https:\/\/radiobarriofranklin.cl\/wp-content\/uploads\/2016\/09\/20160818_204419-235x176.jpg 235w\" sizes=\"auto, (max-width: 211px) 100vw, 211px\" \/><\/a> <a href=\"https:\/\/radiobarriofranklin.cl\/wp-content\/uploads\/2016\/09\/20160818_204404.jpg\"><img loading=\"lazy\" decoding=\"async\" class=\"alignleft wp-image-2134 \" src=\"https:\/\/radiobarriofranklin.cl\/wp-content\/uploads\/2016\/09\/20160818_204404-300x225.jpg\" alt=\"20160818_204404\" width=\"210\" height=\"157\" srcset=\"https:\/\/radiobarriofranklin.cl\/wp-content\/uploads\/2016\/09\/20160818_204404-300x225.jpg 300w, https:\/\/radiobarriofranklin.cl\/wp-content\/uploads\/2016\/09\/20160818_204404-1024x768.jpg 1024w, https:\/\/radiobarriofranklin.cl\/wp-content\/uploads\/2016\/09\/20160818_204404-150x113.jpg 150w, https:\/\/radiobarriofranklin.cl\/wp-content\/uploads\/2016\/09\/20160818_204404-80x60.jpg 80w, https:\/\/radiobarriofranklin.cl\/wp-content\/uploads\/2016\/09\/20160818_204404-235x176.jpg 235w\" sizes=\"auto, (max-width: 210px) 100vw, 210px\" \/><\/a><\/p>\n<p>&nbsp;<\/p>\n<p>&nbsp;<\/p>\n<p>&nbsp;<\/p>\n<p>&nbsp;<\/p>\n<p>&nbsp;<\/p>\n<p>&nbsp;<\/p>\n<hr \/>\n<p><strong>Programa 30:\u00a0Basquetbol<span style=\"color: #000000;\">\u00a0Franklin Huemul<\/span><\/strong><\/p>\n<p>A\u00a0los estudios de la Radio\u00a0Franklin, nos visitaron 3 integrantes del equipo de Basquetbol Huemul y nos contaron an\u00e9cdotas y vivencia deportivas que ha tenido\u00a0el\u00a0nuevo club en su corto tiempo.<\/p>\n<audio class=\"wp-audio-shortcode\" id=\"audio-1100-20\" preload=\"none\" style=\"width: 100%;\" controls=\"controls\"><source type=\"audio\/mpeg\" src=\"https:\/\/radiobarriofranklin.cl\/wp-content\/uploads\/2016\/08\/Programa-28-Conexion-DigitalBasquet-Franklin-Huemul-128-Kb.mp3?_=20\" \/><a href=\"https:\/\/radiobarriofranklin.cl\/wp-content\/uploads\/2016\/08\/Programa-28-Conexion-DigitalBasquet-Franklin-Huemul-128-Kb.mp3\">https:\/\/radiobarriofranklin.cl\/wp-content\/uploads\/2016\/08\/Programa-28-Conexion-DigitalBasquet-Franklin-Huemul-128-Kb.mp3<\/a><\/audio>\n<p><a href=\"https:\/\/radiobarriofranklin.cl\/wp-content\/uploads\/2015\/07\/20160818_204516.jpg\"><img loading=\"lazy\" decoding=\"async\" class=\"alignleft wp-image-2136 \" src=\"https:\/\/radiobarriofranklin.cl\/wp-content\/uploads\/2015\/07\/20160818_204516-300x225.jpg\" alt=\"20160818_204516\" width=\"256\" height=\"192\" srcset=\"https:\/\/radiobarriofranklin.cl\/wp-content\/uploads\/2015\/07\/20160818_204516-300x225.jpg 300w, https:\/\/radiobarriofranklin.cl\/wp-content\/uploads\/2015\/07\/20160818_204516-1024x768.jpg 1024w, https:\/\/radiobarriofranklin.cl\/wp-content\/uploads\/2015\/07\/20160818_204516-150x113.jpg 150w, https:\/\/radiobarriofranklin.cl\/wp-content\/uploads\/2015\/07\/20160818_204516-80x60.jpg 80w, https:\/\/radiobarriofranklin.cl\/wp-content\/uploads\/2015\/07\/20160818_204516-235x176.jpg 235w\" sizes=\"auto, (max-width: 256px) 100vw, 256px\" \/><\/a><\/p>\n<p><img loading=\"lazy\" decoding=\"async\" class=\"alignleft wp-image-2137 \" src=\"https:\/\/radiobarriofranklin.cl\/wp-content\/uploads\/2015\/07\/20160818_214945-300x225.jpg\" alt=\"20160818_214945\" width=\"256\" height=\"192\" srcset=\"https:\/\/radiobarriofranklin.cl\/wp-content\/uploads\/2015\/07\/20160818_214945-300x225.jpg 300w, https:\/\/radiobarriofranklin.cl\/wp-content\/uploads\/2015\/07\/20160818_214945-1024x768.jpg 1024w, https:\/\/radiobarriofranklin.cl\/wp-content\/uploads\/2015\/07\/20160818_214945-150x113.jpg 150w, https:\/\/radiobarriofranklin.cl\/wp-content\/uploads\/2015\/07\/20160818_214945-80x60.jpg 80w, https:\/\/radiobarriofranklin.cl\/wp-content\/uploads\/2015\/07\/20160818_214945-235x176.jpg 235w\" sizes=\"auto, (max-width: 256px) 100vw, 256px\" \/><\/p>\n<p>&nbsp;<\/p>\n<p>&nbsp;<\/p>\n<p>&nbsp;<\/p>\n<p>&nbsp;<\/p>\n<p>&nbsp;<\/p>\n<p>&nbsp;<\/p>\n<p>&nbsp;<\/p>\n<hr \/>\n<p><strong>Programa 29:\u00a0<span style=\"color: #000000;\">FRANKLIKA<\/span><\/strong><\/p>\n<p><span style=\"color: #000000;\">Los muchacho de Franklika, visitaron\u00a0los estudios de la Radio, y noscontaron varias anecdotas, historias de la banda, rapearon, revisamos parte de su discografia, en una entretenida conversaci\u00f3n con Dj 10<br \/>\n<\/span><\/p>\n<p>Revive su\u00a0entrevista en el siguiente Link<\/p>\n<p><a href=\"https:\/\/radiobarriofranklin.cl\/wp-content\/uploads\/2016\/07\/20160719_220822-e1469751128467.jpg\"><img loading=\"lazy\" decoding=\"async\" class=\"alignleft wp-image-2055 size-medium\" src=\"https:\/\/radiobarriofranklin.cl\/wp-content\/uploads\/2016\/07\/20160719_220822-300x225.jpg\" alt=\"20160719_220822\" width=\"300\" height=\"225\" \/><\/a><\/p>\n<p>&nbsp;<\/p>\n<p><a href=\"https:\/\/radiobarriofranklin.cl\/wp-content\/uploads\/2016\/07\/20160719_223656.jpg\"><img loading=\"lazy\" decoding=\"async\" class=\"alignleft wp-image-2058 size-medium\" src=\"https:\/\/radiobarriofranklin.cl\/wp-content\/uploads\/2016\/07\/20160719_223656-300x225.jpg\" alt=\"20160719_223656\" width=\"300\" height=\"225\" \/><\/a><\/p>\n<p>&nbsp;<\/p>\n<p>&nbsp;<\/p>\n<p>&nbsp;<\/p>\n<p>&nbsp;<\/p>\n<p>&nbsp;<\/p>\n<p>&nbsp;<\/p>\n<p>&nbsp;<\/p>\n<audio class=\"wp-audio-shortcode\" id=\"audio-1100-21\" preload=\"none\" style=\"width: 100%;\" controls=\"controls\"><source type=\"audio\/mpeg\" src=\"https:\/\/radiobarriofranklin.cl\/wp-content\/uploads\/2016\/07\/Conexion-Digital-Entrevista-Franklika.mp3?_=21\" \/><a href=\"https:\/\/radiobarriofranklin.cl\/wp-content\/uploads\/2016\/07\/Conexion-Digital-Entrevista-Franklika.mp3\">https:\/\/radiobarriofranklin.cl\/wp-content\/uploads\/2016\/07\/Conexion-Digital-Entrevista-Franklika.mp3<\/a><\/audio>\n<hr \/>\n<p><strong>Programa 28:\u00a0<span style=\"color: #000000;\">Violencia Contra la Mujer<\/span><\/strong><\/p>\n<p><span style=\"color: #000000;\">Dj 10\u00a0y Roxane Morales, conversan con Virginia Palma, directora de la ONG, Amor de Madre<\/span><\/p>\n<p>Sobre problemas de la mujer y temas de derecho de la mujer<\/p>\n<p><img loading=\"lazy\" decoding=\"async\" class=\"alignleft wp-image-2048 size-medium\" src=\"https:\/\/radiobarriofranklin.cl\/wp-content\/uploads\/2016\/07\/20160719_203416-300x225.jpg\" alt=\"20160719_203416\" width=\"300\" height=\"225\" \/><\/p>\n<p><a href=\"https:\/\/radiobarriofranklin.cl\/wp-content\/uploads\/2016\/07\/20160719_210436.jpg\"><img loading=\"lazy\" decoding=\"async\" class=\"alignleft wp-image-2051 size-medium\" src=\"https:\/\/radiobarriofranklin.cl\/wp-content\/uploads\/2016\/07\/20160719_210436-300x225.jpg\" alt=\"20160719_210436\" width=\"300\" height=\"225\" \/><\/a><\/p>\n<p>&nbsp;<\/p>\n<p>&nbsp;<\/p>\n<p>&nbsp;<\/p>\n<p>&nbsp;<\/p>\n<p>&nbsp;<\/p>\n<p>&nbsp;<\/p>\n<p>&nbsp;<\/p>\n<audio class=\"wp-audio-shortcode\" id=\"audio-1100-22\" preload=\"none\" style=\"width: 100%;\" controls=\"controls\"><source type=\"audio\/mpeg\" src=\"https:\/\/radiobarriofranklin.cl\/wp-content\/uploads\/2016\/07\/Conexion-Digital-Entrevista-Violencia-a-la-mujer.mp3?_=22\" \/><a href=\"https:\/\/radiobarriofranklin.cl\/wp-content\/uploads\/2016\/07\/Conexion-Digital-Entrevista-Violencia-a-la-mujer.mp3\">https:\/\/radiobarriofranklin.cl\/wp-content\/uploads\/2016\/07\/Conexion-Digital-Entrevista-Violencia-a-la-mujer.mp3<\/a><\/audio>\n<p>&nbsp;<\/p>\n<hr \/>\n<p><strong>Programa 27:\u00a0<span style=\"color: #000000;\"><a class=\"profileLink\" style=\"color: #000000;\" href=\"https:\/\/www.facebook.com\/claudiogajardoc\" data-hovercard=\"\/ajax\/hovercard\/user.php?id=1138345271\">Claudio Gajardo<\/a> &amp; the Rocket Blues.<\/span><\/strong><\/p>\n<p><span style=\"color: #000000;\">Dj 10\u00a0Entrevista a <\/span><strong style=\"color: #000000;\"><a class=\"profileLink\" style=\"color: #000000;\" href=\"https:\/\/www.facebook.com\/claudiogajardoc\" data-hovercard=\"\/ajax\/hovercard\/user.php?id=1138345271\">Claudio<\/a>\u00a0y a trav\u00e9s<\/strong><strong><span style=\"color: #000000;\">\u00a0de la\u00a0<\/span>m\u00fasica<span style=\"color: #000000;\">\u00a0nos cuenta<\/span><\/strong><span style=\"color: #000000;\">\u00a0su vida y trayectoria ,\u00a0con lujos y detalles, quien nos visito en los estudios de la Radio Franklin, antes de la entrega de los Premios Pulsar, y nos\u00a0relata la interesante historia que hay detr\u00e1s de esa nominaci\u00f3n.<\/span><\/p>\n<p>&nbsp;<\/p>\n<audio class=\"wp-audio-shortcode\" id=\"audio-1100-23\" preload=\"none\" style=\"width: 100%;\" controls=\"controls\"><source type=\"audio\/mpeg\" src=\"https:\/\/radiobarriofranklin.cl\/wp-content\/uploads\/2016\/07\/Programa-Claudio-Conexion-Digital-128-version-3.mp3?_=23\" \/><a href=\"https:\/\/radiobarriofranklin.cl\/wp-content\/uploads\/2016\/07\/Programa-Claudio-Conexion-Digital-128-version-3.mp3\">https:\/\/radiobarriofranklin.cl\/wp-content\/uploads\/2016\/07\/Programa-Claudio-Conexion-Digital-128-version-3.mp3<\/a><\/audio>\n<p><a href=\"https:\/\/radiobarriofranklin.cl\/wp-content\/uploads\/2016\/05\/Claudio-gajardo.jpg\"><img loading=\"lazy\" decoding=\"async\" class=\"alignleft size-medium wp-image-1990\" src=\"https:\/\/radiobarriofranklin.cl\/wp-content\/uploads\/2016\/05\/Claudio-gajardo-300x225.jpg\" alt=\"Claudio gajardo\" width=\"300\" height=\"225\" srcset=\"https:\/\/radiobarriofranklin.cl\/wp-content\/uploads\/2016\/05\/Claudio-gajardo-300x225.jpg 300w, https:\/\/radiobarriofranklin.cl\/wp-content\/uploads\/2016\/05\/Claudio-gajardo-150x112.jpg 150w, https:\/\/radiobarriofranklin.cl\/wp-content\/uploads\/2016\/05\/Claudio-gajardo-80x60.jpg 80w, https:\/\/radiobarriofranklin.cl\/wp-content\/uploads\/2016\/05\/Claudio-gajardo-235x176.jpg 235w, https:\/\/radiobarriofranklin.cl\/wp-content\/uploads\/2016\/05\/Claudio-gajardo.jpg 709w\" sizes=\"auto, (max-width: 300px) 100vw, 300px\" \/><\/a><\/p>\n<p><a href=\"https:\/\/radiobarriofranklin.cl\/wp-content\/uploads\/2016\/06\/20160616_210323.jpg\">\u00a0<\/a><\/p>\n<p>&nbsp;<\/p>\n<p>&nbsp;<\/p>\n<p>&nbsp;<\/p>\n<p>&nbsp;<\/p>\n<p>&nbsp;<\/p>\n<p>&nbsp;<\/p>\n<p>&nbsp;<\/p>\n<p>Ahora promociona su video<\/p>\n<h1 class=\"watch-title-container\"><span id=\"eow-title\" class=\"watch-title\" dir=\"ltr\" title=\"Claudio Gajardo &amp; The Rocket Blues - \u00a1Hey, Esc\u00fachame!\">\u00a1Hey, Esc\u00fachame!<\/span><\/h1>\n<p><iframe loading=\"lazy\" title=\"Claudio Gajardo &amp; The Rocket Blues - \u00a1Hey, Esc\u00fachame! (Videoclip)\" width=\"500\" height=\"281\" src=\"https:\/\/www.youtube.com\/embed\/FsK3I-ts1q8?feature=oembed\" frameborder=\"0\" allow=\"accelerometer; autoplay; clipboard-write; encrypted-media; gyroscope; picture-in-picture; web-share\" referrerpolicy=\"strict-origin-when-cross-origin\" allowfullscreen><\/iframe><\/p>\n<p>&nbsp;<\/p>\n<hr \/>\n<p><strong>Programa 26:\u00a0La Constitucion<\/strong><\/p>\n<p>Dj 10 y Vicente Escudero entrevistan a Araci de la agrupaci{on Constituyamonos y no aclara y explica el proceso que esta\u00a0viviendo.<\/p>\n<audio class=\"wp-audio-shortcode\" id=\"audio-1100-24\" preload=\"none\" style=\"width: 100%;\" controls=\"controls\"><source type=\"audio\/mpeg\" src=\"https:\/\/radiobarriofranklin.cl\/wp-content\/uploads\/2016\/06\/Programa-28-Constitucion-Mezcla-128.mp3?_=24\" \/><a href=\"https:\/\/radiobarriofranklin.cl\/wp-content\/uploads\/2016\/06\/Programa-28-Constitucion-Mezcla-128.mp3\">https:\/\/radiobarriofranklin.cl\/wp-content\/uploads\/2016\/06\/Programa-28-Constitucion-Mezcla-128.mp3<\/a><\/audio>\n<p><a href=\"https:\/\/radiobarriofranklin.cl\/wp-content\/uploads\/2016\/06\/20160616_201837.jpg\"><img loading=\"lazy\" decoding=\"async\" class=\"alignleft  wp-image-2022\" src=\"https:\/\/radiobarriofranklin.cl\/wp-content\/uploads\/2016\/06\/20160616_201837-300x225.jpg\" alt=\"20160616_201837\" width=\"226\" height=\"169\" srcset=\"https:\/\/radiobarriofranklin.cl\/wp-content\/uploads\/2016\/06\/20160616_201837-300x225.jpg 300w, https:\/\/radiobarriofranklin.cl\/wp-content\/uploads\/2016\/06\/20160616_201837-1024x768.jpg 1024w, https:\/\/radiobarriofranklin.cl\/wp-content\/uploads\/2016\/06\/20160616_201837-150x113.jpg 150w, https:\/\/radiobarriofranklin.cl\/wp-content\/uploads\/2016\/06\/20160616_201837-80x60.jpg 80w, https:\/\/radiobarriofranklin.cl\/wp-content\/uploads\/2016\/06\/20160616_201837-235x176.jpg 235w\" sizes=\"auto, (max-width: 226px) 100vw, 226px\" \/><\/a> <a href=\"https:\/\/radiobarriofranklin.cl\/wp-content\/uploads\/2016\/06\/20160616_210323.jpg\"><img loading=\"lazy\" decoding=\"async\" class=\"alignleft  wp-image-2019\" src=\"https:\/\/radiobarriofranklin.cl\/wp-content\/uploads\/2016\/06\/20160616_210323-300x225.jpg\" alt=\"20160616_210323\" width=\"222\" height=\"167\" srcset=\"https:\/\/radiobarriofranklin.cl\/wp-content\/uploads\/2016\/06\/20160616_210323-300x225.jpg 300w, https:\/\/radiobarriofranklin.cl\/wp-content\/uploads\/2016\/06\/20160616_210323-1024x768.jpg 1024w, https:\/\/radiobarriofranklin.cl\/wp-content\/uploads\/2016\/06\/20160616_210323-150x113.jpg 150w, https:\/\/radiobarriofranklin.cl\/wp-content\/uploads\/2016\/06\/20160616_210323-80x60.jpg 80w, https:\/\/radiobarriofranklin.cl\/wp-content\/uploads\/2016\/06\/20160616_210323-235x176.jpg 235w\" sizes=\"auto, (max-width: 222px) 100vw, 222px\" \/><\/a><\/p>\n<p>&nbsp;<\/p>\n<p>&nbsp;<\/p>\n<p>&nbsp;<\/p>\n<p>&nbsp;<\/p>\n<p>&nbsp;<\/p>\n<p>&nbsp;<\/p>\n<p>&nbsp;<\/p>\n<hr \/>\n<p>&nbsp;<\/p>\n<p><strong>Programa 25:\u00a0Entrevista a la Banda Bellyco<\/strong><\/p>\n<p>Dj 10 entrevista a una banda Rock formada por muchacho, nacido y criados en el barrio Franklin, nos cuentas sus historias y an\u00e9cdotas, y mucho mas en un entrevista de Dj 10 donde la m\u00fasica no fallar\u00e1.<\/p>\n<p>Con material exclusivo de sus ultimo \u00c1lbum<\/p>\n<p>Para terminar la entrevista, tocando en los Estudios de la Radio<\/p>\n<p><a href=\"https:\/\/radiobarriofranklin.cl\/wp-content\/uploads\/2016\/05\/bellyco-2.jpg\"><img loading=\"lazy\" decoding=\"async\" class=\"alignleft  wp-image-1988\" src=\"https:\/\/radiobarriofranklin.cl\/wp-content\/uploads\/2016\/05\/bellyco-2-300x224.jpg\" alt=\"bellyco 2\" width=\"190\" height=\"142\" srcset=\"https:\/\/radiobarriofranklin.cl\/wp-content\/uploads\/2016\/05\/bellyco-2-300x224.jpg 300w, https:\/\/radiobarriofranklin.cl\/wp-content\/uploads\/2016\/05\/bellyco-2-150x112.jpg 150w, https:\/\/radiobarriofranklin.cl\/wp-content\/uploads\/2016\/05\/bellyco-2-80x60.jpg 80w, https:\/\/radiobarriofranklin.cl\/wp-content\/uploads\/2016\/05\/bellyco-2-235x175.jpg 235w, https:\/\/radiobarriofranklin.cl\/wp-content\/uploads\/2016\/05\/bellyco-2.jpg 624w\" sizes=\"auto, (max-width: 190px) 100vw, 190px\" \/><\/a> <a href=\"https:\/\/radiobarriofranklin.cl\/wp-content\/uploads\/2016\/05\/bellyco-1.jpg\"><img loading=\"lazy\" decoding=\"async\" class=\"alignleft  wp-image-1987\" src=\"https:\/\/radiobarriofranklin.cl\/wp-content\/uploads\/2016\/05\/bellyco-1-300x184.jpg\" alt=\"bellyco 1\" width=\"242\" height=\"148\" srcset=\"https:\/\/radiobarriofranklin.cl\/wp-content\/uploads\/2016\/05\/bellyco-1-300x184.jpg 300w, https:\/\/radiobarriofranklin.cl\/wp-content\/uploads\/2016\/05\/bellyco-1-150x92.jpg 150w, https:\/\/radiobarriofranklin.cl\/wp-content\/uploads\/2016\/05\/bellyco-1-80x49.jpg 80w, https:\/\/radiobarriofranklin.cl\/wp-content\/uploads\/2016\/05\/bellyco-1-235x144.jpg 235w, https:\/\/radiobarriofranklin.cl\/wp-content\/uploads\/2016\/05\/bellyco-1.jpg 624w\" sizes=\"auto, (max-width: 242px) 100vw, 242px\" \/><\/a><\/p>\n<audio class=\"wp-audio-shortcode\" id=\"audio-1100-25\" preload=\"none\" style=\"width: 100%;\" controls=\"controls\"><source type=\"audio\/mpeg\" src=\"https:\/\/radiobarriofranklin.cl\/wp-content\/uploads\/2016\/05\/Bellyco-Edit-Mezcla-128.mp3?_=25\" \/><a href=\"https:\/\/radiobarriofranklin.cl\/wp-content\/uploads\/2016\/05\/Bellyco-Edit-Mezcla-128.mp3\">https:\/\/radiobarriofranklin.cl\/wp-content\/uploads\/2016\/05\/Bellyco-Edit-Mezcla-128.mp3<\/a><\/audio>\n<p>&nbsp;<\/p>\n<h1><span style=\"color: #0000ff;\">Siguenos en Twitter<\/span><\/h1>\n<h1><span style=\"color: #3366ff;\"><a style=\"color: #3366ff;\" href=\"https:\/\/twitter.com\/LaRadioFranklin\" target=\"_blank\" rel=\"noopener\">@LaRadioTwitter<\/a><\/span><\/h1>\n<p><script>\/\/ <![CDATA[\n(function(i,s,o,g,r,a,m){i['GoogleAnalyticsObject']=r;i[r]=i[r]||function(){   (i[r].q=i[r].q||[]).push(arguments)},i[r].l=1*new Date();a=s.createElement(o),   m=s.getElementsByTagName(o)[0];a.async=1;a.src=g;m.parentNode.insertBefore(a,m)   })(window,document,'script','https:\/\/www.google-analytics.com\/analytics.js','ga');   ga('create', 'UA-66867951-3', 'auto');   ga('send', 'pageview');\n\/\/ ]]><\/script><\/p>\n","protected":false},"excerpt":{"rendered":"<p>&nbsp; Conexi\u00f3n digital Programa que se propone unir a los habitantes de franklin, a trav\u00e9s de las redes sociales y la m\u00fasica.\u00a0 CONDUCE: \u00abDj 10\u00bb Programa 48 &#8211; Ale War\u00a0 &nbsp; Programa 47 &#8211; Los Frutantes Programa 46 &#8211; Ernesto Bravo &nbsp; Programa 45 &#8211;\u00a0Efecto Family &nbsp; Programa 44 &#8211; Furiosos Ciclistas &nbsp; Programa 43 [&hellip;]<\/p>\n","protected":false},"author":1,"featured_media":0,"parent":0,"menu_order":0,"comment_status":"closed","ping_status":"closed","template":"","meta":{"footnotes":""},"class_list":["post-1100","page","type-page","status-publish","hentry"],"_links":{"self":[{"href":"https:\/\/radiobarriofranklin.cl\/index.php\/wp-json\/wp\/v2\/pages\/1100","targetHints":{"allow":["GET"]}}],"collection":[{"href":"https:\/\/radiobarriofranklin.cl\/index.php\/wp-json\/wp\/v2\/pages"}],"about":[{"href":"https:\/\/radiobarriofranklin.cl\/index.php\/wp-json\/wp\/v2\/types\/page"}],"author":[{"embeddable":true,"href":"https:\/\/radiobarriofranklin.cl\/index.php\/wp-json\/wp\/v2\/users\/1"}],"replies":[{"embeddable":true,"href":"https:\/\/radiobarriofranklin.cl\/index.php\/wp-json\/wp\/v2\/comments?post=1100"}],"version-history":[{"count":111,"href":"https:\/\/radiobarriofranklin.cl\/index.php\/wp-json\/wp\/v2\/pages\/1100\/revisions"}],"predecessor-version":[{"id":4199,"href":"https:\/\/radiobarriofranklin.cl\/index.php\/wp-json\/wp\/v2\/pages\/1100\/revisions\/4199"}],"wp:attachment":[{"href":"https:\/\/radiobarriofranklin.cl\/index.php\/wp-json\/wp\/v2\/media?parent=1100"}],"curies":[{"name":"wp","href":"https:\/\/api.w.org\/{rel}","templated":true}]}}