{"id":2520,"date":"2018-11-21T20:59:16","date_gmt":"2018-11-21T20:59:16","guid":{"rendered":"http:\/\/radiobarriofranklin.cl\/?page_id=2520"},"modified":"2023-05-16T19:08:04","modified_gmt":"2023-05-16T19:08:04","slug":"cafe-social","status":"publish","type":"page","link":"https:\/\/radiobarriofranklin.cl\/index.php\/cafe-social\/","title":{"rendered":"Caf\u00e9 Social"},"content":{"rendered":"<p><del datetime=\"2021-03-12T11:23:43+00:00\"><a href=\"https:\/\/radiobarriofranklin.cl\/wp-content\/uploads\/2018\/11\/gloria.jpg\"><img loading=\"lazy\" decoding=\"async\" class=\"size-full wp-image-2903\" src=\"https:\/\/radiobarriofranklin.cl\/wp-content\/uploads\/2018\/11\/gloria.jpg\" alt=\"Mujeres al Poder\" width=\"500\" height=\"334\" \/><\/a><\/del><\/p>\n<h2><strong>CAF\u00c9 SOCIAL<\/strong><\/h2>\n<hr \/>\n<p><span style=\"color: #546284; font-family: 'Open Sans', sans-serif; font-size: 13px;\">Entrevistas y conversaciones sobre la contingencia e historias de mujeres.<br \/>\n<\/span><\/p>\n<hr \/>\n<h5><strong>CONDUCE:<\/strong> Gloria Arce<\/h5>\n<hr \/>\n<p><strong>Programa N\u00b015: Gloria Arce convers\u00f3 con Carolina Gallardo-Nettle desde Francia y Jonatas Aiolfi desde Brasil, sobre la situaci\u00f3n actual de la pandemia de Covid 19.<\/strong><\/p>\n<p>Tema: La Pandemia Covid 19<\/p>\n<!--[if lt IE 9]><script>document.createElement('audio');<\/script><![endif]-->\n<audio class=\"wp-audio-shortcode\" id=\"audio-2520-1\" preload=\"none\" style=\"width: 100%;\" controls=\"controls\"><source type=\"audio\/mpeg\" src=\"https:\/\/radiobarriofranklin.cl\/wp-content\/uploads\/2018\/11\/CAF\u00c9_-SOCIAL_-N\u00b0-15_-05_Abril_2021.mp3?_=1\" \/><a href=\"https:\/\/radiobarriofranklin.cl\/wp-content\/uploads\/2018\/11\/CAF\u00c9_-SOCIAL_-N\u00b0-15_-05_Abril_2021.mp3\">https:\/\/radiobarriofranklin.cl\/wp-content\/uploads\/2018\/11\/CAF\u00c9_-SOCIAL_-N\u00b0-15_-05_Abril_2021.mp3<\/a><\/audio>\n<p>15 de abril 2021<\/p>\n<hr \/>\n<p><strong>Programa N\u00b0 14: Daniela Escobar Mancilla,\u00a0Historiadora y Trabajadora social, con doctorado en historia del g\u00e9nero.<\/strong><\/p>\n<p>Tema: 8M Conmemoraci\u00f3n internacional del d\u00eda de la mujer.<\/p>\n<div>\n<audio class=\"wp-audio-shortcode\" id=\"audio-2520-2\" preload=\"none\" style=\"width: 100%;\" controls=\"controls\"><source type=\"audio\/mpeg\" src=\"https:\/\/radiobarriofranklin.cl\/wp-content\/uploads\/2018\/11\/CAF\u00c9_-SOCIAL_-N\u00b0-2_-08_MARZO_2021.mp3?_=2\" \/><a href=\"https:\/\/radiobarriofranklin.cl\/wp-content\/uploads\/2018\/11\/CAF\u00c9_-SOCIAL_-N\u00b0-2_-08_MARZO_2021.mp3\">https:\/\/radiobarriofranklin.cl\/wp-content\/uploads\/2018\/11\/CAF\u00c9_-SOCIAL_-N\u00b0-2_-08_MARZO_2021.mp3<\/a><\/audio>\n<\/div>\n<p>8 de marzo 2021<\/p>\n<hr \/>\n<p><strong>Programa N\u00b0 13: Gloria Arce conversa con Denis Basso profesional del maquillaje.<\/strong><\/p>\n<p>Tema: Importancia maquillaje para la autoestima.<\/p>\n<audio class=\"wp-audio-shortcode\" id=\"audio-2520-3\" preload=\"none\" style=\"width: 100%;\" controls=\"controls\"><source type=\"audio\/mpeg\" src=\"https:\/\/radiobarriofranklin.cl\/wp-content\/uploads\/2018\/11\/CAFE_SOCIAL_PROGRAMA_01_12_DICIEMBRE_2020.mp3?_=3\" \/><a href=\"https:\/\/radiobarriofranklin.cl\/wp-content\/uploads\/2018\/11\/CAFE_SOCIAL_PROGRAMA_01_12_DICIEMBRE_2020.mp3\">https:\/\/radiobarriofranklin.cl\/wp-content\/uploads\/2018\/11\/CAFE_SOCIAL_PROGRAMA_01_12_DICIEMBRE_2020.mp3<\/a><\/audio>\n<p>1 de diciembre 2020<\/p>\n<hr \/>\n<p><strong>Programa N\u00b0 12: Gloria Arce conversa con el Dr. David Calder\u00f3n Thayer.<\/strong><\/p>\n<p>Tema: Medicina Integrativa.<\/p>\n<audio class=\"wp-audio-shortcode\" id=\"audio-2520-4\" preload=\"none\" style=\"width: 100%;\" controls=\"controls\"><source type=\"audio\/mpeg\" src=\"https:\/\/radiobarriofranklin.cl\/wp-content\/uploads\/2020\/09\/MUJERES_AL_PODER_-PROGRAMA_N\u00ba12-_08_SEPTIEMBRE_2020.mp3?_=4\" \/><a href=\"https:\/\/radiobarriofranklin.cl\/wp-content\/uploads\/2020\/09\/MUJERES_AL_PODER_-PROGRAMA_N\u00ba12-_08_SEPTIEMBRE_2020.mp3\">https:\/\/radiobarriofranklin.cl\/wp-content\/uploads\/2020\/09\/MUJERES_AL_PODER_-PROGRAMA_N\u00ba12-_08_SEPTIEMBRE_2020.mp3<\/a><\/audio>\n<p>8 de septiembre 2020<\/p>\n<hr \/>\n<p><strong>Programa N\u00b0 11: En este programa Gloria Arce conversa con la psic\u00f3loga Mariann D\u00e1vila Coggiola, especialista en neurociencia aplicada al trauma.<\/strong><\/p>\n<p>Tema: Estr\u00e9s en el teletrabajo.<\/p>\n<audio class=\"wp-audio-shortcode\" id=\"audio-2520-5\" preload=\"none\" style=\"width: 100%;\" controls=\"controls\"><source type=\"audio\/mpeg\" src=\"https:\/\/radiobarriofranklin.cl\/wp-content\/uploads\/2018\/11\/MUJERES_AL_PODER_PROGRAMA_N\u00ba11_01_-JULIO_2020.mp3?_=5\" \/><a href=\"https:\/\/radiobarriofranklin.cl\/wp-content\/uploads\/2018\/11\/MUJERES_AL_PODER_PROGRAMA_N\u00ba11_01_-JULIO_2020.mp3\">https:\/\/radiobarriofranklin.cl\/wp-content\/uploads\/2018\/11\/MUJERES_AL_PODER_PROGRAMA_N\u00ba11_01_-JULIO_2020.mp3<\/a><\/audio>\n<p>Julio\u00a02020<\/p>\n<hr \/>\n<p><strong>Programa N\u00b0 10: En este programa Gloria Arce conversa con la actriz y cantante Carmen Gloria Donoso miembro de la organizaci\u00f3n Compa\u00f1\u00edas Chilenas Teatrales.<\/strong><\/p>\n<p>Tema: Labor de la organizaci\u00f3n Compa\u00f1\u00edas Chilenas Teatrales.<\/p>\n<audio class=\"wp-audio-shortcode\" id=\"audio-2520-6\" preload=\"none\" style=\"width: 100%;\" controls=\"controls\"><source type=\"audio\/mpeg\" src=\"https:\/\/radiobarriofranklin.cl\/wp-content\/uploads\/2018\/11\/mujeres-al-poder_27-MAYO-2020.mp3?_=6\" \/><a href=\"https:\/\/radiobarriofranklin.cl\/wp-content\/uploads\/2018\/11\/mujeres-al-poder_27-MAYO-2020.mp3\">https:\/\/radiobarriofranklin.cl\/wp-content\/uploads\/2018\/11\/mujeres-al-poder_27-MAYO-2020.mp3<\/a><\/audio>\n<p>Mayo\u00a02020<\/p>\n<hr \/>\n<p><strong>Programa N\u00b0 9: Entrevista a Rafael Galleguillos V\u00e1squez, de profesi\u00f3n comunicador audiovisual e instructor de zumba.<\/strong><\/p>\n<p>Tema: Tiempo que nosotras las mujeres nos damos para realizar alguna actividad extraprogram\u00e1tica.<\/p>\n<audio class=\"wp-audio-shortcode\" id=\"audio-2520-7\" preload=\"none\" style=\"width: 100%;\" controls=\"controls\"><source type=\"audio\/mpeg\" src=\"https:\/\/radiobarriofranklin.cl\/wp-content\/uploads\/2018\/11\/MUJERES-AL-PODER-PROGRAMA-01-22-ENERO-2020.mp3?_=7\" \/><a href=\"https:\/\/radiobarriofranklin.cl\/wp-content\/uploads\/2018\/11\/MUJERES-AL-PODER-PROGRAMA-01-22-ENERO-2020.mp3\">https:\/\/radiobarriofranklin.cl\/wp-content\/uploads\/2018\/11\/MUJERES-AL-PODER-PROGRAMA-01-22-ENERO-2020.mp3<\/a><\/audio>\n<p>Enero 2020<\/p>\n<hr \/>\n<p><strong>Programa N\u00b0 8: Entrevista a Romina y Mariana, vecinas del Barrio Huemul.<\/strong><\/p>\n<p>Tema: Demandas y reivindicaciones hist\u00f3ricas del movimiento feminista en el contexto del estallido social.<\/p>\n<audio class=\"wp-audio-shortcode\" id=\"audio-2520-8\" preload=\"none\" style=\"width: 100%;\" controls=\"controls\"><source type=\"audio\/mpeg\" src=\"https:\/\/radiobarriofranklin.cl\/wp-content\/uploads\/2020\/02\/mujeres-al-poder-programa-00-05-diciembre-2019.mp3?_=8\" \/><a href=\"https:\/\/radiobarriofranklin.cl\/wp-content\/uploads\/2020\/02\/mujeres-al-poder-programa-00-05-diciembre-2019.mp3\">https:\/\/radiobarriofranklin.cl\/wp-content\/uploads\/2020\/02\/mujeres-al-poder-programa-00-05-diciembre-2019.mp3<\/a><\/audio>\n<p>Diciembre 2019<\/p>\n<hr \/>\n<p><strong>Programa N\u00b0 7: Entrevista Rommy Gonzalez, emprendedora de la comuna de Santiago.<\/strong><\/p>\n<p>Tema: Peluquer\u00eda a domicilio y venta de productos.<\/p>\n<audio class=\"wp-audio-shortcode\" id=\"audio-2520-9\" preload=\"none\" style=\"width: 100%;\" controls=\"controls\"><source type=\"audio\/mpeg\" src=\"https:\/\/radiobarriofranklin.cl\/wp-content\/uploads\/2018\/11\/mujeres_al_poder_17_11_19_rommy_gonzalez.mp3?_=9\" \/><a href=\"https:\/\/radiobarriofranklin.cl\/wp-content\/uploads\/2018\/11\/mujeres_al_poder_17_11_19_rommy_gonzalez.mp3\">https:\/\/radiobarriofranklin.cl\/wp-content\/uploads\/2018\/11\/mujeres_al_poder_17_11_19_rommy_gonzalez.mp3<\/a><\/audio>\n<p>Noviembre 2019<\/p>\n<hr \/>\n<p><strong>Programa N\u00b0 6: Entrevista a Lilian Torres Bahamondes, encargada del Comit\u00e9 de Seguridad del Barrio Franklin.<br \/>\n<\/strong><\/p>\n<audio class=\"wp-audio-shortcode\" id=\"audio-2520-10\" preload=\"none\" style=\"width: 100%;\" controls=\"controls\"><source type=\"audio\/mpeg\" src=\"https:\/\/radiobarriofranklin.cl\/wp-content\/uploads\/2018\/11\/mujeresalpoder_27_08_19_lilian_torres_encargada_del_comite_de_adelanto_y_seguridad_de_franklin.mp3?_=10\" \/><a href=\"https:\/\/radiobarriofranklin.cl\/wp-content\/uploads\/2018\/11\/mujeresalpoder_27_08_19_lilian_torres_encargada_del_comite_de_adelanto_y_seguridad_de_franklin.mp3\">https:\/\/radiobarriofranklin.cl\/wp-content\/uploads\/2018\/11\/mujeresalpoder_27_08_19_lilian_torres_encargada_del_comite_de_adelanto_y_seguridad_de_franklin.mp3<\/a><\/audio>\n<p>27\/08\/2019<\/p>\n<hr \/>\n<p><strong>Programa N\u00b0 5: Entrevista a Magdalena Gonz\u00e1lez. Dirigente anaqueles y locatarios Franklin.<\/strong><\/p>\n<p>14\/05\/2019<\/p>\n<audio class=\"wp-audio-shortcode\" id=\"audio-2520-11\" preload=\"none\" style=\"width: 100%;\" controls=\"controls\"><source type=\"audio\/mpeg\" src=\"https:\/\/radiobarriofranklin.cl\/wp-content\/uploads\/2018\/11\/MUJERES-AL-PODER-14-05-19-MAGDALENA-GONZALEZ-DIRIGENTE-DE-LOS-ANAQUELES-Y-LOCATARIOS-DE-FRANKLIN.mp3?_=11\" \/><a href=\"https:\/\/radiobarriofranklin.cl\/wp-content\/uploads\/2018\/11\/MUJERES-AL-PODER-14-05-19-MAGDALENA-GONZALEZ-DIRIGENTE-DE-LOS-ANAQUELES-Y-LOCATARIOS-DE-FRANKLIN.mp3\">https:\/\/radiobarriofranklin.cl\/wp-content\/uploads\/2018\/11\/MUJERES-AL-PODER-14-05-19-MAGDALENA-GONZALEZ-DIRIGENTE-DE-LOS-ANAQUELES-Y-LOCATARIOS-DE-FRANKLIN.mp3<\/a><\/audio>\n<hr \/>\n<p><strong>Programa N\u00ba 4: Autoestima<\/strong><\/p>\n<p>31\/03\/2019<\/p>\n<audio class=\"wp-audio-shortcode\" id=\"audio-2520-12\" preload=\"none\" style=\"width: 100%;\" controls=\"controls\"><source type=\"audio\/mpeg\" src=\"https:\/\/radiobarriofranklin.cl\/wp-content\/uploads\/2019\/04\/MUJERES-AL-PODER-12-03-2019-AUTOESTIMA.mp3?_=12\" \/><a href=\"https:\/\/radiobarriofranklin.cl\/wp-content\/uploads\/2019\/04\/MUJERES-AL-PODER-12-03-2019-AUTOESTIMA.mp3\">https:\/\/radiobarriofranklin.cl\/wp-content\/uploads\/2019\/04\/MUJERES-AL-PODER-12-03-2019-AUTOESTIMA.mp3<\/a><\/audio>\n<hr \/>\n<p><strong>Programa N\u00ba 3: Maternidad, el Parto y su recuperaci\u00f3n<\/strong><\/p>\n<p>29\/01\/2019<\/p>\n<p>En esta edici\u00f3n, conversamos con Rodrigo Villarroel Gal\u00e1z matr\u00f3n en cl\u00ednica hospital del Profesor sobre los cuidados de la maternidad y el parto.<\/p>\n<audio class=\"wp-audio-shortcode\" id=\"audio-2520-13\" preload=\"none\" style=\"width: 100%;\" controls=\"controls\"><source type=\"audio\/mpeg\" src=\"https:\/\/radiobarriofranklin.cl\/wp-content\/uploads\/2019\/02\/MUJERES-AL-PODER-29-01-19-MATERNIDAD.mp3?_=13\" \/><a href=\"https:\/\/radiobarriofranklin.cl\/wp-content\/uploads\/2019\/02\/MUJERES-AL-PODER-29-01-19-MATERNIDAD.mp3\">https:\/\/radiobarriofranklin.cl\/wp-content\/uploads\/2019\/02\/MUJERES-AL-PODER-29-01-19-MATERNIDAD.mp3<\/a><\/audio>\n<hr \/>\n<p><strong>Programa N\u00ba 2: Violencia Obst\u00e9trica<br \/>\n<\/strong>15\/01\/2019<\/p>\n<p>Con Paloma Vargas Patuelli, facilitadora de medicina placentaria y Roc\u00edo Rodr\u00edguez Morales Psic\u00f3loga conversamos sobre\u00a0 violencia\u00a0obst\u00e9trica, como una forma de vulneraci\u00f3n de derechos humanos.<\/p>\n<audio class=\"wp-audio-shortcode\" id=\"audio-2520-14\" preload=\"none\" style=\"width: 100%;\" controls=\"controls\"><source type=\"audio\/mpeg\" src=\"https:\/\/radiobarriofranklin.cl\/wp-content\/uploads\/2019\/01\/MUJERES-AL-PODER-15-01-19-VIOLENCIA-OBSTETRICA.mp3?_=14\" \/><a href=\"https:\/\/radiobarriofranklin.cl\/wp-content\/uploads\/2019\/01\/MUJERES-AL-PODER-15-01-19-VIOLENCIA-OBSTETRICA.mp3\">https:\/\/radiobarriofranklin.cl\/wp-content\/uploads\/2019\/01\/MUJERES-AL-PODER-15-01-19-VIOLENCIA-OBSTETRICA.mp3<\/a><\/audio>\n<hr \/>\n<p><strong>Edici\u00f3n Especial N\u00ba 1: Mujeres emprendedoras<br \/>\n<\/strong>15\/11\/2018<\/p>\n<p>Con la vestuarista de Sostenido Novia, Claudia Lafourcade. Este programa\u00a0 llega a sus hogares gracias al financiamiento del Fondo de Fomento de medios de Comunicaci\u00f3n del gobierno de Chile y del Consejo Regional. Jueves 15 de noviembre 2018.<\/p>\n<p><a href=\"https:\/\/radiobarriofranklin.cl\/wp-content\/uploads\/2018\/11\/Politica-de-g\u00e9nero-Radio-Franklin.pdf\" target=\"_blank\" rel=\"noopener\">Revisa aqu\u00ed la Pol\u00edtica de G\u00e9nero de Radio Franklin.<\/a><\/p>\n<audio class=\"wp-audio-shortcode\" id=\"audio-2520-15\" preload=\"none\" style=\"width: 100%;\" controls=\"controls\"><source type=\"audio\/mpeg\" src=\"https:\/\/radiobarriofranklin.cl\/wp-content\/uploads\/2018\/11\/Programa-Mujeres-al-Poder-15-11-18-Claudia-Lafourcade.mp3?_=15\" \/><a href=\"https:\/\/radiobarriofranklin.cl\/wp-content\/uploads\/2018\/11\/Programa-Mujeres-al-Poder-15-11-18-Claudia-Lafourcade.mp3\">https:\/\/radiobarriofranklin.cl\/wp-content\/uploads\/2018\/11\/Programa-Mujeres-al-Poder-15-11-18-Claudia-Lafourcade.mp3<\/a><\/audio>\n<hr \/>\n","protected":false},"excerpt":{"rendered":"<p>CAF\u00c9 SOCIAL Entrevistas y conversaciones sobre la contingencia e historias de mujeres. CONDUCE: Gloria Arce Programa N\u00b015: Gloria Arce convers\u00f3 con Carolina Gallardo-Nettle desde Francia y Jonatas Aiolfi desde Brasil, sobre la situaci\u00f3n actual de la pandemia de Covid 19. Tema: La Pandemia Covid 19 15 de abril 2021 Programa N\u00b0 14: Daniela Escobar Mancilla,\u00a0Historiadora [&hellip;]<\/p>\n","protected":false},"author":1,"featured_media":2903,"parent":0,"menu_order":0,"comment_status":"closed","ping_status":"closed","template":"","meta":{"footnotes":""},"class_list":["post-2520","page","type-page","status-publish","has-post-thumbnail","hentry"],"_links":{"self":[{"href":"https:\/\/radiobarriofranklin.cl\/index.php\/wp-json\/wp\/v2\/pages\/2520","targetHints":{"allow":["GET"]}}],"collection":[{"href":"https:\/\/radiobarriofranklin.cl\/index.php\/wp-json\/wp\/v2\/pages"}],"about":[{"href":"https:\/\/radiobarriofranklin.cl\/index.php\/wp-json\/wp\/v2\/types\/page"}],"author":[{"embeddable":true,"href":"https:\/\/radiobarriofranklin.cl\/index.php\/wp-json\/wp\/v2\/users\/1"}],"replies":[{"embeddable":true,"href":"https:\/\/radiobarriofranklin.cl\/index.php\/wp-json\/wp\/v2\/comments?post=2520"}],"version-history":[{"count":78,"href":"https:\/\/radiobarriofranklin.cl\/index.php\/wp-json\/wp\/v2\/pages\/2520\/revisions"}],"predecessor-version":[{"id":4195,"href":"https:\/\/radiobarriofranklin.cl\/index.php\/wp-json\/wp\/v2\/pages\/2520\/revisions\/4195"}],"wp:featuredmedia":[{"embeddable":true,"href":"https:\/\/radiobarriofranklin.cl\/index.php\/wp-json\/wp\/v2\/media\/2903"}],"wp:attachment":[{"href":"https:\/\/radiobarriofranklin.cl\/index.php\/wp-json\/wp\/v2\/media?parent=2520"}],"curies":[{"name":"wp","href":"https:\/\/api.w.org\/{rel}","templated":true}]}}