{"id":2539,"date":"2018-11-22T20:39:21","date_gmt":"2018-11-22T20:39:21","guid":{"rendered":"http:\/\/radiobarriofranklin.cl\/?page_id=2539"},"modified":"2023-05-16T19:09:52","modified_gmt":"2023-05-16T19:09:52","slug":"metamorfosis","status":"publish","type":"page","link":"https:\/\/radiobarriofranklin.cl\/index.php\/metamorfosis\/","title":{"rendered":"Metamorfosis"},"content":{"rendered":"<p><a href=\"https:\/\/radiobarriofranklin.cl\/wp-content\/uploads\/2018\/11\/metamorfosis1.jpg\"><img loading=\"lazy\" decoding=\"async\" class=\"alignnone size-full wp-image-2540\" src=\"https:\/\/radiobarriofranklin.cl\/wp-content\/uploads\/2018\/11\/metamorfosis1.jpg\" alt=\"metamorfosis\" width=\"550\" height=\"385\" \/><\/a><\/p>\n<h2><strong>METAMORFOSIS<\/strong><\/h2>\n<hr \/>\n<p><span style=\"color: #546284; font-family: 'Open Sans', sans-serif; font-size: 13px;\">Un programa de conversaci\u00f3n para desarrollar y nutrir nuestra espiritualidad ampliando nuestra mente.<br \/>\n<\/span><\/p>\n<hr \/>\n<h5><strong>CONDUCE:<\/strong> Lorena Arias, Betty Velasco Y Luz Mar\u00cda Salazar<\/h5>\n<hr \/>\n<p><strong>Cap\u00edtulo N\u00ba 3: Sentidos de la Navidad<br \/>\n<\/strong>18\/12\/2018<\/p>\n<p>En Metamorfosis conversamos sobre el sentido de la navidad con Arianne van Andel, te\u00f3loga\u00a0\u00a0que trabaja desde 2005\u00a0\u00a0como investigadora en el Centro Ecum\u00e9nico Diego de Medell\u00edn.<\/p>\n<!--[if lt IE 9]><script>document.createElement('audio');<\/script><![endif]-->\n<audio class=\"wp-audio-shortcode\" id=\"audio-2539-1\" preload=\"none\" style=\"width: 100%;\" controls=\"controls\"><source type=\"audio\/mpeg\" src=\"https:\/\/radiobarriofranklin.cl\/wp-content\/uploads\/2018\/12\/METAMORFOSIS-18-12-18-Arianne-van-Andel.mp3?_=1\" \/><a href=\"https:\/\/radiobarriofranklin.cl\/wp-content\/uploads\/2018\/12\/METAMORFOSIS-18-12-18-Arianne-van-Andel.mp3\">https:\/\/radiobarriofranklin.cl\/wp-content\/uploads\/2018\/12\/METAMORFOSIS-18-12-18-Arianne-van-Andel.mp3<\/a><\/audio>\n<p><strong>Cap\u00edtulo N\u00ba 2: Edici\u00f3n especial \u201cIdentidades de g\u00e9nero\u201d<br \/>\n<\/strong>15\/11\/2018<\/p>\n<p>Con la psic\u00f3loga Fernanda Barriga de la Fundaci\u00f3n Todo Mejora, en la conducci\u00f3n Lorena Arias Hern\u00e1ndez y Bety Velasco. Este programa\u00a0 llega a sus hogares gracias al financiamiento del Fondo de Fomento de medios de Comunicaci\u00f3n del gobierno de Chile y del Consejo Regional. Jueves 15 de noviembre 2018.<\/p>\n<p><a href=\"https:\/\/radiobarriofranklin.cl\/wp-content\/uploads\/2018\/11\/Politica-de-g\u00e9nero-Radio-Franklin.pdf\" target=\"_blank\" rel=\"noopener\">Conoce aqu\u00ed la Pol\u00edtica de G\u00e9nero de Radio Franklin<\/a>.<\/p>\n<audio class=\"wp-audio-shortcode\" id=\"audio-2539-2\" preload=\"none\" style=\"width: 100%;\" controls=\"controls\"><source type=\"audio\/mpeg\" src=\"https:\/\/radiobarriofranklin.cl\/wp-content\/uploads\/2018\/11\/Programa-METAMORFOSIS-15-11-18-Fernanda-Barriga.mp3?_=2\" \/><a href=\"https:\/\/radiobarriofranklin.cl\/wp-content\/uploads\/2018\/11\/Programa-METAMORFOSIS-15-11-18-Fernanda-Barriga.mp3\">https:\/\/radiobarriofranklin.cl\/wp-content\/uploads\/2018\/11\/Programa-METAMORFOSIS-15-11-18-Fernanda-Barriga.mp3<\/a><\/audio>\n<p><b>Cap\u00edtulo N\u00ba 1: La <\/b><span style=\"color: #000000;\"><b>experiencia<\/b><\/span><b>\u00a0del grupo GEA<\/b><br \/>\n29\/10\/2018<\/p>\n<p>En esta edici\u00f3n, conversamos con Ingrid Beas y Dana Altamirano, sobre la trayectoria del grupo GEA, energ\u00eda y amor.<\/p>\n<audio class=\"wp-audio-shortcode\" id=\"audio-2539-3\" preload=\"none\" style=\"width: 100%;\" controls=\"controls\"><source type=\"audio\/mpeg\" src=\"https:\/\/radiobarriofranklin.cl\/wp-content\/uploads\/2018\/12\/METAMORFOSIS_con-grupo-GEA11oct.mp3?_=3\" \/><a href=\"https:\/\/radiobarriofranklin.cl\/wp-content\/uploads\/2018\/12\/METAMORFOSIS_con-grupo-GEA11oct.mp3\">https:\/\/radiobarriofranklin.cl\/wp-content\/uploads\/2018\/12\/METAMORFOSIS_con-grupo-GEA11oct.mp3<\/a><\/audio>\n<p>&nbsp;<\/p>\n<hr \/>\n","protected":false},"excerpt":{"rendered":"<p>METAMORFOSIS Un programa de conversaci\u00f3n para desarrollar y nutrir nuestra espiritualidad ampliando nuestra mente. CONDUCE: Lorena Arias, Betty Velasco Y Luz Mar\u00cda Salazar Cap\u00edtulo N\u00ba 3: Sentidos de la Navidad 18\/12\/2018 En Metamorfosis conversamos sobre el sentido de la navidad con Arianne van Andel, te\u00f3loga\u00a0\u00a0que trabaja desde 2005\u00a0\u00a0como investigadora en el Centro Ecum\u00e9nico Diego de [&hellip;]<\/p>\n","protected":false},"author":1,"featured_media":0,"parent":0,"menu_order":0,"comment_status":"closed","ping_status":"closed","template":"","meta":{"footnotes":""},"class_list":["post-2539","page","type-page","status-publish","hentry"],"_links":{"self":[{"href":"https:\/\/radiobarriofranklin.cl\/index.php\/wp-json\/wp\/v2\/pages\/2539","targetHints":{"allow":["GET"]}}],"collection":[{"href":"https:\/\/radiobarriofranklin.cl\/index.php\/wp-json\/wp\/v2\/pages"}],"about":[{"href":"https:\/\/radiobarriofranklin.cl\/index.php\/wp-json\/wp\/v2\/types\/page"}],"author":[{"embeddable":true,"href":"https:\/\/radiobarriofranklin.cl\/index.php\/wp-json\/wp\/v2\/users\/1"}],"replies":[{"embeddable":true,"href":"https:\/\/radiobarriofranklin.cl\/index.php\/wp-json\/wp\/v2\/comments?post=2539"}],"version-history":[{"count":16,"href":"https:\/\/radiobarriofranklin.cl\/index.php\/wp-json\/wp\/v2\/pages\/2539\/revisions"}],"predecessor-version":[{"id":4198,"href":"https:\/\/radiobarriofranklin.cl\/index.php\/wp-json\/wp\/v2\/pages\/2539\/revisions\/4198"}],"wp:attachment":[{"href":"https:\/\/radiobarriofranklin.cl\/index.php\/wp-json\/wp\/v2\/media?parent=2539"}],"curies":[{"name":"wp","href":"https:\/\/api.w.org\/{rel}","templated":true}]}}