{"id":2606,"date":"2018-12-14T21:15:33","date_gmt":"2018-12-14T21:15:33","guid":{"rendered":"http:\/\/radiobarriofranklin.cl\/?page_id=2606"},"modified":"2023-05-16T19:08:58","modified_gmt":"2023-05-16T19:08:58","slug":"lavozbarrial","status":"publish","type":"page","link":"https:\/\/radiobarriofranklin.cl\/index.php\/lavozbarrial\/","title":{"rendered":"La Voz Barrial"},"content":{"rendered":"<p><a href=\"https:\/\/radiobarriofranklin.cl\/wp-content\/uploads\/2018\/12\/IMG-1183-e1559263232499.jpg\"><img loading=\"lazy\" decoding=\"async\" class=\"alignnone size-full wp-image-2768\" src=\"https:\/\/radiobarriofranklin.cl\/wp-content\/uploads\/2018\/12\/IMG-1183-e1559263232499.jpg\" alt=\"IMG-1183-e1559263232499\" width=\"548\" height=\"365\" srcset=\"https:\/\/radiobarriofranklin.cl\/wp-content\/uploads\/2018\/12\/IMG-1183-e1559263232499.jpg 548w, https:\/\/radiobarriofranklin.cl\/wp-content\/uploads\/2018\/12\/IMG-1183-e1559263232499-300x200.jpg 300w, https:\/\/radiobarriofranklin.cl\/wp-content\/uploads\/2018\/12\/IMG-1183-e1559263232499-150x100.jpg 150w, https:\/\/radiobarriofranklin.cl\/wp-content\/uploads\/2018\/12\/IMG-1183-e1559263232499-434x289.jpg 434w, https:\/\/radiobarriofranklin.cl\/wp-content\/uploads\/2018\/12\/IMG-1183-e1559263232499-80x53.jpg 80w, https:\/\/radiobarriofranklin.cl\/wp-content\/uploads\/2018\/12\/IMG-1183-e1559263232499-235x157.jpg 235w\" sizes=\"auto, (max-width: 548px) 100vw, 548px\" \/><\/a><\/p>\n<h2><strong>LA VOZ BARRIAL<\/strong><\/h2>\n<hr \/>\n<p><span style=\"color: #546284; font-family: 'Open Sans', sans-serif; font-size: 13px;\">Historias y relatos del barrio Franklin desde la mirada y sensibilidad juvenil.<br \/>\n<\/span><\/p>\n<hr \/>\n<h5><strong>CONDUCE:<\/strong> Pablo V\u00e1squez y Rodrigo Godoy<\/h5>\n<hr \/>\n<p><strong>Cap\u00edtulo 23: Felipe Moreno, baterista y voz del grupo FM TRIP (09\/12\/2020)<\/strong><\/p>\n<p>Rodrigo Godoy conversa con Felipe Moreno de FM TRIP, banda de rock que fusiona el trap en una muy buena propuesta, repasando un poco de historia de la banda, actualidad y tambi\u00e9n del pasado de la m\u00fasica en general, recuerda seguir a la banda en sus RRSS como FM TRIP<\/p>\n<!--[if lt IE 9]><script>document.createElement('audio');<\/script><![endif]-->\n<audio class=\"wp-audio-shortcode\" id=\"audio-2606-1\" preload=\"none\" style=\"width: 100%;\" controls=\"controls\"><source type=\"audio\/mpeg\" src=\"https:\/\/radiobarriofranklin.cl\/wp-content\/uploads\/2021\/01\/LA_VOZ_BARRIAL_PROGRAMA_23_JUEVES_09_DICIEMBRE_2020.mp3?_=1\" \/><a href=\"https:\/\/radiobarriofranklin.cl\/wp-content\/uploads\/2021\/01\/LA_VOZ_BARRIAL_PROGRAMA_23_JUEVES_09_DICIEMBRE_2020.mp3\">https:\/\/radiobarriofranklin.cl\/wp-content\/uploads\/2021\/01\/LA_VOZ_BARRIAL_PROGRAMA_23_JUEVES_09_DICIEMBRE_2020.mp3<\/a><\/audio>\n<hr \/>\n<p><strong>Cap\u00edtulo 22: Von Dippel (03\/12\/2020)<\/strong><\/p>\n<p>En La Voz Barrial conversamos con parte de la Banda Von Dippel, junto a su fundadora y vocalista Paola Von Dippel y Vicente Saiz, guitarrista, sobre historia de la banda, actualidad y proyecciones futuras.<\/p>\n<audio class=\"wp-audio-shortcode\" id=\"audio-2606-2\" preload=\"none\" style=\"width: 100%;\" controls=\"controls\"><source type=\"audio\/mpeg\" src=\"https:\/\/radiobarriofranklin.cl\/wp-content\/uploads\/2021\/01\/LA_VOZ_BARRIAL_PROGRAMA_22_JUEVES_03_DICIEMBRE_2020.mp3?_=2\" \/><a href=\"https:\/\/radiobarriofranklin.cl\/wp-content\/uploads\/2021\/01\/LA_VOZ_BARRIAL_PROGRAMA_22_JUEVES_03_DICIEMBRE_2020.mp3\">https:\/\/radiobarriofranklin.cl\/wp-content\/uploads\/2021\/01\/LA_VOZ_BARRIAL_PROGRAMA_22_JUEVES_03_DICIEMBRE_2020.mp3<\/a><\/audio>\n<hr \/>\n<p><strong>Cap\u00edtulo 21: Movimientos ciclistas (26\/11\/2020)<\/strong><\/p>\n<p>Conversamos con Pamela Oliva de La Cisterna Pedalea, Paula Veliz de Santiago Norte Pedalea, Valentina Hern\u00e1ndez de Pedro Aguirre Cerda Pedalea y Leonardo Sep\u00falveda de Pedalerxs Zona Centro.<\/p>\n<audio class=\"wp-audio-shortcode\" id=\"audio-2606-3\" preload=\"none\" style=\"width: 100%;\" controls=\"controls\"><source type=\"audio\/mpeg\" src=\"https:\/\/radiobarriofranklin.cl\/wp-content\/uploads\/2021\/01\/LA_VOZ_BARRIAL_PROGRAMA_21_JUEVES_26_NOVIEMBRE_2020.mp3?_=3\" \/><a href=\"https:\/\/radiobarriofranklin.cl\/wp-content\/uploads\/2021\/01\/LA_VOZ_BARRIAL_PROGRAMA_21_JUEVES_26_NOVIEMBRE_2020.mp3\">https:\/\/radiobarriofranklin.cl\/wp-content\/uploads\/2021\/01\/LA_VOZ_BARRIAL_PROGRAMA_21_JUEVES_26_NOVIEMBRE_2020.mp3<\/a><\/audio>\n<hr \/>\n<p><strong>Cap\u00edtulo 20: Mr Rojillo y JotaeRRe (19\/11\/2020)<\/strong><\/p>\n<p>En este capitulo Rodrigo Godoy Conversa con Mr Rojillo y JotaeRRe sobre los nuevos ritmos urbanos y la m\u00fasica que ellos hacen, hablando un poco de actualidad y critica social.<\/p>\n<audio class=\"wp-audio-shortcode\" id=\"audio-2606-4\" preload=\"none\" style=\"width: 100%;\" controls=\"controls\"><source type=\"audio\/mpeg\" src=\"https:\/\/radiobarriofranklin.cl\/wp-content\/uploads\/2021\/01\/LA_VOZ_BARRIAL_PROGRAMA_20_JUEVES_19_NOVIEMBRE_2020.mp3?_=4\" \/><a href=\"https:\/\/radiobarriofranklin.cl\/wp-content\/uploads\/2021\/01\/LA_VOZ_BARRIAL_PROGRAMA_20_JUEVES_19_NOVIEMBRE_2020.mp3\">https:\/\/radiobarriofranklin.cl\/wp-content\/uploads\/2021\/01\/LA_VOZ_BARRIAL_PROGRAMA_20_JUEVES_19_NOVIEMBRE_2020.mp3<\/a><\/audio>\n<hr \/>\n<p><strong>Cap\u00edtulo 19: Sebasti\u00e1n C\u00f3rdova (19\/11\/2020)<\/strong><\/p>\n<p>Conversamos con Sebasti\u00e1n C\u00f3rdova, m\u00fasico chileno emergente, sobre su nuevo single \u00absi te pillo en la calle\u00bb el cual habla sobre las funas hacia ciertos personajes de la pol\u00edtica, puedes seguir a Sebasti\u00e1n en su cuenta de Instagram @sebasstiancd<\/p>\n<audio class=\"wp-audio-shortcode\" id=\"audio-2606-5\" preload=\"none\" style=\"width: 100%;\" controls=\"controls\"><source type=\"audio\/mpeg\" src=\"https:\/\/radiobarriofranklin.cl\/wp-content\/uploads\/2020\/11\/LA_VOZ_BARRIAL_PROGRAMA_19_SEBASTIAN_CORDOVA.mp3?_=5\" \/><a href=\"https:\/\/radiobarriofranklin.cl\/wp-content\/uploads\/2020\/11\/LA_VOZ_BARRIAL_PROGRAMA_19_SEBASTIAN_CORDOVA.mp3\">https:\/\/radiobarriofranklin.cl\/wp-content\/uploads\/2020\/11\/LA_VOZ_BARRIAL_PROGRAMA_19_SEBASTIAN_CORDOVA.mp3<\/a><\/audio>\n<hr \/>\n<p><strong>Cap\u00edtulo 18: Los Pisconautas (05\/11\/2020)<\/strong><\/p>\n<p>Rodrigo Godoy convers\u00f3 con Daniel Narea, miembro de la banda musical Los Psiconautas, sobre su trayectoria como banda, su m\u00fasica, la vida y algunos temas de actualidad, te invitamos a que sigas la banda en @Lospsiconautas en Instagram, Facebook y Youtube.<\/p>\n<audio class=\"wp-audio-shortcode\" id=\"audio-2606-6\" preload=\"none\" style=\"width: 100%;\" controls=\"controls\"><source type=\"audio\/mpeg\" src=\"https:\/\/radiobarriofranklin.cl\/wp-content\/uploads\/2020\/11\/LA_VOZ_BARRIAL_PROGRAMA_18_LOS_PSICONAUTAS.mp3?_=6\" \/><a href=\"https:\/\/radiobarriofranklin.cl\/wp-content\/uploads\/2020\/11\/LA_VOZ_BARRIAL_PROGRAMA_18_LOS_PSICONAUTAS.mp3\">https:\/\/radiobarriofranklin.cl\/wp-content\/uploads\/2020\/11\/LA_VOZ_BARRIAL_PROGRAMA_18_LOS_PSICONAUTAS.mp3<\/a><\/audio>\n<hr \/>\n<p><strong>Cap\u00edtulo 17: Salud bucal (22\/10\/2020)<\/strong><\/p>\n<p>Programa dedicado a la saludo bucal con la participaci\u00f3n de Carlos Soler, odont\u00f3logo de la Universidad de Chile.<\/p>\n<audio class=\"wp-audio-shortcode\" id=\"audio-2606-7\" preload=\"none\" style=\"width: 100%;\" controls=\"controls\"><source type=\"audio\/mpeg\" src=\"https:\/\/radiobarriofranklin.cl\/wp-content\/uploads\/2020\/11\/LA_VOZ_BARRIAL_PROGRAMA_17_SALUD_BUCAL.mp3?_=7\" \/><a href=\"https:\/\/radiobarriofranklin.cl\/wp-content\/uploads\/2020\/11\/LA_VOZ_BARRIAL_PROGRAMA_17_SALUD_BUCAL.mp3\">https:\/\/radiobarriofranklin.cl\/wp-content\/uploads\/2020\/11\/LA_VOZ_BARRIAL_PROGRAMA_17_SALUD_BUCAL.mp3<\/a><\/audio>\n<hr \/>\n<p><strong>Cap\u00edtulo 16: Flor de Juanas (08\/10\/2020)<\/strong><\/p>\n<p>Estuvimos con parte de la agrupaci\u00f3n musical de murga cuequera Flor de Juanas, con quienes tuvimos una conversaci\u00f3n muy entretenida sobre actualidad y proyectos futuros de la agrupaci\u00f3n.<\/p>\n<audio class=\"wp-audio-shortcode\" id=\"audio-2606-8\" preload=\"none\" style=\"width: 100%;\" controls=\"controls\"><source type=\"audio\/mpeg\" src=\"https:\/\/radiobarriofranklin.cl\/wp-content\/uploads\/2020\/11\/LA_VOZ_BARRIAL_PROGRAMA_16_GRUPO_FLOR_DE_JUANAS.mp3?_=8\" \/><a href=\"https:\/\/radiobarriofranklin.cl\/wp-content\/uploads\/2020\/11\/LA_VOZ_BARRIAL_PROGRAMA_16_GRUPO_FLOR_DE_JUANAS.mp3\">https:\/\/radiobarriofranklin.cl\/wp-content\/uploads\/2020\/11\/LA_VOZ_BARRIAL_PROGRAMA_16_GRUPO_FLOR_DE_JUANAS.mp3<\/a><\/audio>\n<hr \/>\n<p><strong>Cap\u00edtulo 15: La Tusa (24\/09\/2020)<\/strong><\/p>\n<p>Rodrigo Godoy conversa con el grupo de cumbia La Tusa, en una entretenida charla donde hablaron de sus inicios como banda y los proyectos a futuro, con la participaci\u00f3n del p\u00fablico por redes sociales.<\/p>\n<audio class=\"wp-audio-shortcode\" id=\"audio-2606-9\" preload=\"none\" style=\"width: 100%;\" controls=\"controls\"><source type=\"audio\/mpeg\" src=\"https:\/\/radiobarriofranklin.cl\/wp-content\/uploads\/2020\/11\/LA_VOZ_BARRIAL_PROGRAMA_15_GRUPO_LA_TUSA.mp3?_=9\" \/><a href=\"https:\/\/radiobarriofranklin.cl\/wp-content\/uploads\/2020\/11\/LA_VOZ_BARRIAL_PROGRAMA_15_GRUPO_LA_TUSA.mp3\">https:\/\/radiobarriofranklin.cl\/wp-content\/uploads\/2020\/11\/LA_VOZ_BARRIAL_PROGRAMA_15_GRUPO_LA_TUSA.mp3<\/a><\/audio>\n<hr \/>\n<p><strong>Cap\u00edtulo 14: Grupo de Cueca Cero Grado (10\/09\/2020)<\/strong><\/p>\n<p>En el programa de hoy conversamos sobre su historia con Vicente Jaramillo, Roberto Maturana y Waldo Castro, integrantes del grupo Cero Grado, quienes compartieron material in\u00e9dito con Radio franklin.<\/p>\n<audio class=\"wp-audio-shortcode\" id=\"audio-2606-10\" preload=\"none\" style=\"width: 100%;\" controls=\"controls\"><source type=\"audio\/mpeg\" src=\"https:\/\/radiobarriofranklin.cl\/wp-content\/uploads\/2020\/09\/LA_VOZ_BARRIAL_10_DE_SEPTIEMBRE_2020.mp3?_=10\" \/><a href=\"https:\/\/radiobarriofranklin.cl\/wp-content\/uploads\/2020\/09\/LA_VOZ_BARRIAL_10_DE_SEPTIEMBRE_2020.mp3\">https:\/\/radiobarriofranklin.cl\/wp-content\/uploads\/2020\/09\/LA_VOZ_BARRIAL_10_DE_SEPTIEMBRE_2020.mp3<\/a><\/audio>\n<hr \/>\n<p><strong>Cap\u00edtulo 13: Axel Agredo, Doctor en Medicina Integrativa (03\/09\/2020)<\/strong><\/p>\n<p>Conversamos sobre la importancia de las grasas en nuestra alimentaci\u00f3n, algunos mitos y tips de alimentaci\u00f3n saludable.<\/p>\n<audio class=\"wp-audio-shortcode\" id=\"audio-2606-11\" preload=\"none\" style=\"width: 100%;\" controls=\"controls\"><source type=\"audio\/mpeg\" src=\"https:\/\/radiobarriofranklin.cl\/wp-content\/uploads\/2020\/09\/LA_VOZ_BARRIAL_03_SEPTIEMBRE_2020.mp3?_=11\" \/><a href=\"https:\/\/radiobarriofranklin.cl\/wp-content\/uploads\/2020\/09\/LA_VOZ_BARRIAL_03_SEPTIEMBRE_2020.mp3\">https:\/\/radiobarriofranklin.cl\/wp-content\/uploads\/2020\/09\/LA_VOZ_BARRIAL_03_SEPTIEMBRE_2020.mp3<\/a><\/audio>\n<hr \/>\n<p><strong>Cap\u00edtulo 12: Invitados:\u00a0Yosi y Eric (20\/08\/2020)<\/strong><\/p>\n<p>Conversamos de todo un poco y nos mostraron su nuevo single llamado \u00abMe Faltan Horas\u00bb escrito en plena \u00e9poca de pandemia y confinamiento. Recuerde seguirlos en su canal de Youtube Yosiyeric Oficial.<\/p>\n<audio class=\"wp-audio-shortcode\" id=\"audio-2606-12\" preload=\"none\" style=\"width: 100%;\" controls=\"controls\"><source type=\"audio\/mpeg\" src=\"https:\/\/radiobarriofranklin.cl\/wp-content\/uploads\/2020\/09\/LA_VOZ_BARRIAL_20_AGOSTO.mp3?_=12\" \/><a href=\"https:\/\/radiobarriofranklin.cl\/wp-content\/uploads\/2020\/09\/LA_VOZ_BARRIAL_20_AGOSTO.mp3\">https:\/\/radiobarriofranklin.cl\/wp-content\/uploads\/2020\/09\/LA_VOZ_BARRIAL_20_AGOSTO.mp3<\/a><\/audio>\n<hr \/>\n<p><strong>Cap\u00edtulo 11: Invitados:\u00a0Gabriel Vidal \u00abThe Weedman\u00bb (13\/08\/2020)<\/strong><\/p>\n<p>La Voz Barrial conversa con el cantante Gabriel Vidal \u00abThe Weedman\u00bb quien nos mostr\u00f3 su m\u00fasica en una entretenida conversaci\u00f3n mediante plataforma online.<\/p>\n<audio class=\"wp-audio-shortcode\" id=\"audio-2606-13\" preload=\"none\" style=\"width: 100%;\" controls=\"controls\"><source type=\"audio\/mpeg\" src=\"https:\/\/radiobarriofranklin.cl\/wp-content\/uploads\/2020\/09\/LA_VOZ_BARRIAL_13_AGOSTO_2020.mp3?_=13\" \/><a href=\"https:\/\/radiobarriofranklin.cl\/wp-content\/uploads\/2020\/09\/LA_VOZ_BARRIAL_13_AGOSTO_2020.mp3\">https:\/\/radiobarriofranklin.cl\/wp-content\/uploads\/2020\/09\/LA_VOZ_BARRIAL_13_AGOSTO_2020.mp3<\/a><\/audio>\n<hr \/>\n<p><strong>Cap\u00edtulo 10: Invitados:\u00a0Cantautor y actor\u00a0chileno Santiago Valenzuela (06\/08\/2020)<\/strong><\/p>\n<p>Tema:\u00a0Conversamos de m\u00fasica y actualidad con Santiago Valenzuela, quien nos cont\u00f3 de su disco \u00a8Reivindicando cigarras\u00a8, trabajo que mezcla mucho estilos\u00a0con una sonoridad cercana al folk y la m\u00fasica latinoamericana, ademas\u00a0de una sesi\u00f3n ac\u00fastica que nos brind\u00f3 de forma exclusiva para nuestra Radio Franklin.<\/p>\n<audio class=\"wp-audio-shortcode\" id=\"audio-2606-14\" preload=\"none\" style=\"width: 100%;\" controls=\"controls\"><source type=\"audio\/mpeg\" src=\"https:\/\/radiobarriofranklin.cl\/wp-content\/uploads\/2020\/08\/LA-VOZ_BARRIAL_06-AGOSTO_2020.mp3?_=14\" \/><a href=\"https:\/\/radiobarriofranklin.cl\/wp-content\/uploads\/2020\/08\/LA-VOZ_BARRIAL_06-AGOSTO_2020.mp3\">https:\/\/radiobarriofranklin.cl\/wp-content\/uploads\/2020\/08\/LA-VOZ_BARRIAL_06-AGOSTO_2020.mp3<\/a><\/audio>\n<hr \/>\n<p><strong>Cap\u00edtulo 09: Invitados: Banda chilena \u00abSkaos Club\u00bb (30\/07\/2020)<\/strong><\/p>\n<p>Tema: Conversaci\u00f3n\u00a0con gran parte de sus integrantes, la banda se mantiene vigente desde el a\u00f1o 1998, integrada por Francisca Bustos, \u00d3scar Pe\u00f1a, Antonio Canales, Jaime delgado, Cristian Pe\u00f1a, Rodrigo Pe\u00f1a, Pablo Guti\u00e9rrez, y\u00a0Christopher Guzm\u00e1n, quienes promocionaron su nuevo tema\u00a0 \u00abVAMOS\u00bb.<\/p>\n<audio class=\"wp-audio-shortcode\" id=\"audio-2606-15\" preload=\"none\" style=\"width: 100%;\" controls=\"controls\"><source type=\"audio\/mpeg\" src=\"https:\/\/radiobarriofranklin.cl\/wp-content\/uploads\/2018\/12\/LA_VOZ_BARRIAL-_JUEVES_30_JULIO_2020.mp3?_=15\" \/><a href=\"https:\/\/radiobarriofranklin.cl\/wp-content\/uploads\/2018\/12\/LA_VOZ_BARRIAL-_JUEVES_30_JULIO_2020.mp3\">https:\/\/radiobarriofranklin.cl\/wp-content\/uploads\/2018\/12\/LA_VOZ_BARRIAL-_JUEVES_30_JULIO_2020.mp3<\/a><\/audio>\n<hr \/>\n<p><strong>Cap\u00edtulo 08: Invitados: Mar\u00cda Ang\u00e9lica Briones, Marcelo Salinas, Fernando Villarroel, Iconico (cantante) (23\/01\/2020)<\/strong><\/p>\n<p>Tema: Agrupaci\u00f3n de vecinos de Matta sur, Franklin y Plaza Bogot\u00e1 , \u00abLos Organizados\u00bb nos cuentan acerca de las pr\u00f3ximas actividades en el barrio del 15 y 16 de febrero. Adem\u00e1s, el cantante IC\u00d3NICO presenta en la radio su \u00faltimo disco.<\/p>\n<audio class=\"wp-audio-shortcode\" id=\"audio-2606-16\" preload=\"none\" style=\"width: 100%;\" controls=\"controls\"><source type=\"audio\/mpeg\" src=\"https:\/\/radiobarriofranklin.cl\/wp-content\/uploads\/2020\/01\/LA-VOZ-BARRIAL-PROGRAMA-04.mp3?_=16\" \/><a href=\"https:\/\/radiobarriofranklin.cl\/wp-content\/uploads\/2020\/01\/LA-VOZ-BARRIAL-PROGRAMA-04.mp3\">https:\/\/radiobarriofranklin.cl\/wp-content\/uploads\/2020\/01\/LA-VOZ-BARRIAL-PROGRAMA-04.mp3<\/a><\/audio>\n<hr \/>\n<p><strong>Cap\u00edtulo 07: Invitado: Erick Mart\u00ednez, miembro y vocalista de la banda de Doom Metal Chileno llamada FOSA. (16\/01\/2020)<\/strong><\/p>\n<p>Tema: Los inicios de la banda, proyectos futuros y las dificultades de hacer m\u00fasica en Chile.<\/p>\n<audio class=\"wp-audio-shortcode\" id=\"audio-2606-17\" preload=\"none\" style=\"width: 100%;\" controls=\"controls\"><source type=\"audio\/mpeg\" src=\"https:\/\/radiobarriofranklin.cl\/wp-content\/uploads\/2020\/01\/LA-VOZ-BARRIAL-PROGRAMA-03.mp3?_=17\" \/><a href=\"https:\/\/radiobarriofranklin.cl\/wp-content\/uploads\/2020\/01\/LA-VOZ-BARRIAL-PROGRAMA-03.mp3\">https:\/\/radiobarriofranklin.cl\/wp-content\/uploads\/2020\/01\/LA-VOZ-BARRIAL-PROGRAMA-03.mp3<\/a><\/audio>\n<hr \/>\n<p><strong>Cap\u00edtulo 06: Invitado: Jorge Bozo, soci\u00f3logo integrante de la Corporaci\u00f3n Arteduca. (09\/01\/2020)<\/strong><\/p>\n<p>Tema: Oferta de talleres y capacitaciones en Arteduca.<\/p>\n<audio class=\"wp-audio-shortcode\" id=\"audio-2606-18\" preload=\"none\" style=\"width: 100%;\" controls=\"controls\"><source type=\"audio\/mpeg\" src=\"https:\/\/radiobarriofranklin.cl\/wp-content\/uploads\/2020\/01\/LA-VOZ-BARRIAL-PROGRAMA-02.mp3?_=18\" \/><a href=\"https:\/\/radiobarriofranklin.cl\/wp-content\/uploads\/2020\/01\/LA-VOZ-BARRIAL-PROGRAMA-02.mp3\">https:\/\/radiobarriofranklin.cl\/wp-content\/uploads\/2020\/01\/LA-VOZ-BARRIAL-PROGRAMA-02.mp3<\/a><\/audio>\n<hr \/>\n<p><strong>Cap\u00edtulo 05<\/strong>: <strong>Invitados: Carla Gonz\u00e1lez y Bastian Mar\u00edn ciclistas. (02\/01\/2020)<\/strong><\/p>\n<p>Tema: la vulnerabilidad de andar en bicicleta debido a la ola de asaltos en el barrio.<\/p>\n<audio class=\"wp-audio-shortcode\" id=\"audio-2606-19\" preload=\"none\" style=\"width: 100%;\" controls=\"controls\"><source type=\"audio\/mpeg\" src=\"https:\/\/radiobarriofranklin.cl\/wp-content\/uploads\/2020\/01\/LA-VOZ-BARRIAL-PROGRAMA-01.mp3?_=19\" \/><a href=\"https:\/\/radiobarriofranklin.cl\/wp-content\/uploads\/2020\/01\/LA-VOZ-BARRIAL-PROGRAMA-01.mp3\">https:\/\/radiobarriofranklin.cl\/wp-content\/uploads\/2020\/01\/LA-VOZ-BARRIAL-PROGRAMA-01.mp3<\/a><\/audio>\n<hr \/>\n<p><strong>Cap\u00edtulo 04<\/strong>:<strong> Entrevista a \u00c1ngelo Gui\u00f1ez (01\/05\/2019)<\/strong><\/p>\n<p>Rodrigo conversa con Angelo Gu\u00ed\u00f1ez, escritor del libro \u201cPr\u00f3ceres chilenos \u201c qui\u00e9n nos comenta sobre este libro y los relatos populares de distintos barrios en Chile. Adem\u00e1s, escuchamos \u00abLos Vicios Perdidos\u201d de 2008, disco que ha producido junto a Felipe Cadenasso.<\/p>\n<audio class=\"wp-audio-shortcode\" id=\"audio-2606-20\" preload=\"none\" style=\"width: 100%;\" controls=\"controls\"><source type=\"audio\/mpeg\" src=\"https:\/\/radiobarriofranklin.cl\/wp-content\/uploads\/2018\/12\/Tu-voz-jovenes-al-poder-_angelo-Gui\u00f1ez-_01-05-2019_R.G.mp3?_=20\" \/><a href=\"https:\/\/radiobarriofranklin.cl\/wp-content\/uploads\/2018\/12\/Tu-voz-jovenes-al-poder-_angelo-Gui\u00f1ez-_01-05-2019_R.G.mp3\">https:\/\/radiobarriofranklin.cl\/wp-content\/uploads\/2018\/12\/Tu-voz-jovenes-al-poder-_angelo-Gui\u00f1ez-_01-05-2019_R.G.mp3<\/a><\/audio>\n<hr \/>\n<p><strong>Cap\u00edtulo 03: Entrevista a Olga Catenacci (30\/04\/2019)<\/strong><\/p>\n<p>Nos visita Olga Catenacci, Directora Regional de SERCOTEC nos presenta Barrios Comerciales, su impacto en Territorio Franklin, y el futuro del Grupo Asociativo Local. Adem\u00e1s, nos comenta los programas para Emprendedores, Gremios y Cooperativas.<\/p>\n<audio class=\"wp-audio-shortcode\" id=\"audio-2606-21\" preload=\"none\" style=\"width: 100%;\" controls=\"controls\"><source type=\"audio\/mpeg\" src=\"https:\/\/radiobarriofranklin.cl\/wp-content\/uploads\/2018\/12\/JOVENES-AL-PODER-30-04-19-DIRECTORA-REGIONAL-DE-SERCOTEC.mp3?_=21\" \/><a href=\"https:\/\/radiobarriofranklin.cl\/wp-content\/uploads\/2018\/12\/JOVENES-AL-PODER-30-04-19-DIRECTORA-REGIONAL-DE-SERCOTEC.mp3\">https:\/\/radiobarriofranklin.cl\/wp-content\/uploads\/2018\/12\/JOVENES-AL-PODER-30-04-19-DIRECTORA-REGIONAL-DE-SERCOTEC.mp3<\/a><\/audio>\n<hr \/>\n<p><strong>Cap\u00edtulo 02: Entrevista a June Garc\u00eda (11\/12\/2018)<\/strong><\/p>\n<p>Pablo entrevista a June Garc\u00eda, escritora de \u00abLul\u00fa quiere ser presidenta\u00bb, la historia de una peque\u00f1a ni\u00f1a que quiere ser presidenta de su curso y como aborda temas como relaciones entre mujeres y hombres, el feminismo, la educaci\u00f3n y los cambios que la sociedad ha sufrido en la actualidad.<\/p>\n<audio class=\"wp-audio-shortcode\" id=\"audio-2606-22\" preload=\"none\" style=\"width: 100%;\" controls=\"controls\"><source type=\"audio\/mpeg\" src=\"https:\/\/radiobarriofranklin.cl\/wp-content\/uploads\/2018\/12\/Programa-4-June-Garcia-320.mp3?_=22\" \/><a href=\"https:\/\/radiobarriofranklin.cl\/wp-content\/uploads\/2018\/12\/Programa-4-June-Garcia-320.mp3\">https:\/\/radiobarriofranklin.cl\/wp-content\/uploads\/2018\/12\/Programa-4-June-Garcia-320.mp3<\/a><\/audio>\n<hr \/>\n<p><strong>Cap\u00edtulo 01: Entrevista a\u00a0Jeisse Abarca (04\/12\/2018)<\/strong><\/p>\n<p>Conversamos con Jeisse Abarca profesora de la Escuela Patronato San Antonio acerca de la violencia en el pololeo, sus implicancias y consecuencias en los j\u00f3venes.<\/p>\n<audio class=\"wp-audio-shortcode\" id=\"audio-2606-23\" preload=\"none\" style=\"width: 100%;\" controls=\"controls\"><source type=\"audio\/mpeg\" src=\"https:\/\/radiobarriofranklin.cl\/wp-content\/uploads\/2018\/12\/Programa-1-04122018-Violencia-en-el-Pololeo-320-Kb.mp3?_=23\" \/><a href=\"https:\/\/radiobarriofranklin.cl\/wp-content\/uploads\/2018\/12\/Programa-1-04122018-Violencia-en-el-Pololeo-320-Kb.mp3\">https:\/\/radiobarriofranklin.cl\/wp-content\/uploads\/2018\/12\/Programa-1-04122018-Violencia-en-el-Pololeo-320-Kb.mp3<\/a><\/audio>\n<hr \/>\n","protected":false},"excerpt":{"rendered":"<p>LA VOZ BARRIAL Historias y relatos del barrio Franklin desde la mirada y sensibilidad juvenil. CONDUCE: Pablo V\u00e1squez y Rodrigo Godoy Cap\u00edtulo 23: Felipe Moreno, baterista y voz del grupo FM TRIP (09\/12\/2020) Rodrigo Godoy conversa con Felipe Moreno de FM TRIP, banda de rock que fusiona el trap en una muy buena propuesta, repasando [&hellip;]<\/p>\n","protected":false},"author":1,"featured_media":0,"parent":0,"menu_order":0,"comment_status":"closed","ping_status":"closed","template":"","meta":{"footnotes":""},"class_list":["post-2606","page","type-page","status-publish","hentry"],"_links":{"self":[{"href":"https:\/\/radiobarriofranklin.cl\/index.php\/wp-json\/wp\/v2\/pages\/2606","targetHints":{"allow":["GET"]}}],"collection":[{"href":"https:\/\/radiobarriofranklin.cl\/index.php\/wp-json\/wp\/v2\/pages"}],"about":[{"href":"https:\/\/radiobarriofranklin.cl\/index.php\/wp-json\/wp\/v2\/types\/page"}],"author":[{"embeddable":true,"href":"https:\/\/radiobarriofranklin.cl\/index.php\/wp-json\/wp\/v2\/users\/1"}],"replies":[{"embeddable":true,"href":"https:\/\/radiobarriofranklin.cl\/index.php\/wp-json\/wp\/v2\/comments?post=2606"}],"version-history":[{"count":56,"href":"https:\/\/radiobarriofranklin.cl\/index.php\/wp-json\/wp\/v2\/pages\/2606\/revisions"}],"predecessor-version":[{"id":3218,"href":"https:\/\/radiobarriofranklin.cl\/index.php\/wp-json\/wp\/v2\/pages\/2606\/revisions\/3218"}],"wp:attachment":[{"href":"https:\/\/radiobarriofranklin.cl\/index.php\/wp-json\/wp\/v2\/media?parent=2606"}],"curies":[{"name":"wp","href":"https:\/\/api.w.org\/{rel}","templated":true}]}}