{"id":2780,"date":"2019-07-12T21:38:05","date_gmt":"2019-07-12T21:38:05","guid":{"rendered":"http:\/\/radiobarriofranklin.cl\/?page_id=2780"},"modified":"2026-04-20T22:23:34","modified_gmt":"2026-04-20T22:23:34","slug":"prevencion-y-salud","status":"publish","type":"page","link":"https:\/\/radiobarriofranklin.cl\/index.php\/prevencion-y-salud\/","title":{"rendered":"Prevenci\u00f3n y Salud"},"content":{"rendered":"<h2><a href=\"https:\/\/radiobarriofranklin.cl\/wp-content\/uploads\/2019\/07\/IMG-20190712-WA00071.jpg\"><img loading=\"lazy\" decoding=\"async\" class=\"alignnone wp-image-2788\" src=\"https:\/\/radiobarriofranklin.cl\/wp-content\/uploads\/2019\/07\/IMG-20190712-WA00071.jpg\" alt=\"IMG-20190712-WA0007\" width=\"498\" height=\"390\" \/><\/a><\/h2>\n<h2><strong>PREVENCI\u00d3N Y SALUD<\/strong><\/h2>\n<hr \/>\n<p><span style=\"color: #546284; font-family: 'Open Sans', sans-serif; font-size: 13px;\"><span style=\"color: #ffff00;\">El programa tiene como objetivo informar a la comunidad de Radio Franklin de las acciones y estrategias preventivas en salud, conversar sobre h\u00e1bitos de vida saludable, entregar datos interesantes que permitan a la comunidad desarrollar autocuidado, con orientaci\u00f3n desde los profesionales de la salud (m\u00e9dicos, enfermeras, nutricionistas, odont\u00f3logos, psic\u00f3logos con la finalidad de promocionar la salud en su integralidad, abordando tem\u00e1ticas para p\u00fablico de todas la edades, con un enfoque comunitario y familiar.<\/span><br \/>\n<\/span><\/p>\n<hr \/>\n<h5><strong>CONDUCE:<\/strong> Jocelyn Berenguela, periodista.<\/h5>\n<h5>Presenta: Servicio de salud metropolitano central<\/h5>\n<hr \/>\n<!--[if lt IE 9]><script>document.createElement('audio');<\/script><![endif]-->\n<audio class=\"wp-audio-shortcode\" id=\"audio-2780-1\" preload=\"none\" style=\"width: 100%;\" controls=\"controls\"><source type=\"audio\/mpeg\" src=\"https:\/\/radiobarriofranklin.cl\/wp-content\/uploads\/2026\/04\/prevenciony-salud-11-12-2025-final.mp3?_=1\" \/><a href=\"https:\/\/radiobarriofranklin.cl\/wp-content\/uploads\/2026\/04\/prevenciony-salud-11-12-2025-final.mp3\">https:\/\/radiobarriofranklin.cl\/wp-content\/uploads\/2026\/04\/prevenciony-salud-11-12-2025-final.mp3<\/a><\/audio>\n<p>&nbsp;<\/p>\n<audio class=\"wp-audio-shortcode\" id=\"audio-2780-2\" preload=\"none\" style=\"width: 100%;\" controls=\"controls\"><source type=\"audio\/mpeg\" src=\"https:\/\/radiobarriofranklin.cl\/wp-content\/uploads\/2026\/04\/prevencion-y-salud-16-10-2025-final.mp3?_=2\" \/><a href=\"https:\/\/radiobarriofranklin.cl\/wp-content\/uploads\/2026\/04\/prevencion-y-salud-16-10-2025-final.mp3\">https:\/\/radiobarriofranklin.cl\/wp-content\/uploads\/2026\/04\/prevencion-y-salud-16-10-2025-final.mp3<\/a><\/audio>\n<p>&nbsp;<\/p>\n<p>PREVENCI\u00d3N Y SALUD<br \/>\nConduce: Luc\u00eda Rossi<br \/>\nInvitada: Evelyn C\u00e1ceres, referente de participaci\u00f3n HUAP, Hospital de Urgencias Asistencia P\u00fablica (Posta Central)<br \/>\nTema: aniversario 114 Posta Central<br \/>\nFecha: 07 agosto 2025.<\/p>\n<audio class=\"wp-audio-shortcode\" id=\"audio-2780-3\" preload=\"none\" style=\"width: 100%;\" controls=\"controls\"><source type=\"audio\/mpeg\" src=\"https:\/\/radiobarriofranklin.cl\/wp-content\/uploads\/2025\/11\/prevencion-y-salud-07-08-2025-final.mp3?_=3\" \/><a href=\"https:\/\/radiobarriofranklin.cl\/wp-content\/uploads\/2025\/11\/prevencion-y-salud-07-08-2025-final.mp3\">https:\/\/radiobarriofranklin.cl\/wp-content\/uploads\/2025\/11\/prevencion-y-salud-07-08-2025-final.mp3<\/a><\/audio>\n<p>&nbsp;<\/p>\n<audio class=\"wp-audio-shortcode\" id=\"audio-2780-4\" preload=\"none\" style=\"width: 100%;\" controls=\"controls\"><source type=\"audio\/mpeg\" src=\"https:\/\/radiobarriofranklin.cl\/wp-content\/uploads\/2025\/09\/prevencion-y-salud-17-07-2025-final.mp3?_=4\" \/><a href=\"https:\/\/radiobarriofranklin.cl\/wp-content\/uploads\/2025\/09\/prevencion-y-salud-17-07-2025-final.mp3\">https:\/\/radiobarriofranklin.cl\/wp-content\/uploads\/2025\/09\/prevencion-y-salud-17-07-2025-final.mp3<\/a><\/audio>\n<p>&nbsp;<\/p>\n<p>PREVENCI\u00d3N Y SALUD<br \/>\nConductora: Luc\u00eda Rossi, periodista SSMC<br \/>\nInvitado: Alex Sep\u00falveda, kinesi\u00f3logo<br \/>\nTema: prevenci\u00f3n del tabaquismo<br \/>\nFecha de emisi\u00f3n: 29 de mayo 2025<\/p>\n<p>&nbsp;<\/p>\n<audio class=\"wp-audio-shortcode\" id=\"audio-2780-5\" preload=\"none\" style=\"width: 100%;\" controls=\"controls\"><source type=\"audio\/mpeg\" src=\"https:\/\/radiobarriofranklin.cl\/wp-content\/uploads\/2025\/07\/prevencion-y-salud-29-05-2025-final.mp3?_=5\" \/><a href=\"https:\/\/radiobarriofranklin.cl\/wp-content\/uploads\/2025\/07\/prevencion-y-salud-29-05-2025-final.mp3\">https:\/\/radiobarriofranklin.cl\/wp-content\/uploads\/2025\/07\/prevencion-y-salud-29-05-2025-final.mp3<\/a><\/audio>\n<p>&nbsp;<\/p>\n<p>PREVENCI\u00d3N Y SALUD<\/p>\n<p>Invitado: Jorge Wilhelm del Villar, director hospital San Borja Arriar\u00e1n Tema: Acciones y estrategias de prevenci\u00f3n en salud Fecha de emisi\u00f3n : 10 de abril 2025.<\/p>\n<audio class=\"wp-audio-shortcode\" id=\"audio-2780-6\" preload=\"none\" style=\"width: 100%;\" controls=\"controls\"><source type=\"audio\/mpeg\" src=\"https:\/\/radiobarriofranklin.cl\/wp-content\/uploads\/2025\/06\/prevencion-y-salud-10-04-2025-director-jorge-biljen-final.mp3?_=6\" \/><a href=\"https:\/\/radiobarriofranklin.cl\/wp-content\/uploads\/2025\/06\/prevencion-y-salud-10-04-2025-director-jorge-biljen-final.mp3\">https:\/\/radiobarriofranklin.cl\/wp-content\/uploads\/2025\/06\/prevencion-y-salud-10-04-2025-director-jorge-biljen-final.mp3<\/a><\/audio>\n<p>&nbsp;<\/p>\n<p>PREVENCI\u00d3N Y SALUD<br \/>\nConduce: Andrea Orzegow<br \/>\nInvitada: Mar\u00eda Jos\u00e9 L\u00f3pez, enfermera responsable del Vacunatorio del hospital San Borja<br \/>\nArriar\u00e1n<br \/>\nTema: Campa\u00f1a de vacunaci\u00f3n 2025<br \/>\nFecha de emisi\u00f3n : 13 de marzo 2025<\/p>\n<p>&nbsp;<\/p>\n<audio class=\"wp-audio-shortcode\" id=\"audio-2780-7\" preload=\"none\" style=\"width: 100%;\" controls=\"controls\"><source type=\"audio\/mpeg\" src=\"https:\/\/radiobarriofranklin.cl\/wp-content\/uploads\/2025\/06\/prevencion-y-salud-13-03-2025-final-1.mp3?_=7\" \/><a href=\"https:\/\/radiobarriofranklin.cl\/wp-content\/uploads\/2025\/06\/prevencion-y-salud-13-03-2025-final-1.mp3\">https:\/\/radiobarriofranklin.cl\/wp-content\/uploads\/2025\/06\/prevencion-y-salud-13-03-2025-final-1.mp3<\/a><\/audio>\n<p>Emisi\u00f3n 20 de febrero 2025: invitada Evelyn C\u00e1ceres, encargada de participaci\u00f3n en Posta Central. Tema: Salud y participaci\u00f3n.<\/p>\n<audio class=\"wp-audio-shortcode\" id=\"audio-2780-8\" preload=\"none\" style=\"width: 100%;\" controls=\"controls\"><source type=\"audio\/mpeg\" src=\"https:\/\/radiobarriofranklin.cl\/wp-content\/uploads\/2025\/06\/prevencion-y-salud-20-02-2025-participacion-ciudadana-de-la-UAP-final.mp3?_=8\" \/><a href=\"https:\/\/radiobarriofranklin.cl\/wp-content\/uploads\/2025\/06\/prevencion-y-salud-20-02-2025-participacion-ciudadana-de-la-UAP-final.mp3\">https:\/\/radiobarriofranklin.cl\/wp-content\/uploads\/2025\/06\/prevencion-y-salud-20-02-2025-participacion-ciudadana-de-la-UAP-final.mp3<\/a><\/audio>\n<p>&nbsp;<\/p>\n<p><strong>Programa N\u00b0 16: D\u00eda de la obesidad.\u00a0<\/strong><\/p>\n<audio class=\"wp-audio-shortcode\" id=\"audio-2780-9\" preload=\"none\" style=\"width: 100%;\" controls=\"controls\"><source type=\"audio\/mpeg\" src=\"https:\/\/radiobarriofranklin.cl\/wp-content\/uploads\/2015\/07\/salud-y-prevencion-camila-osorio-nutrisionista-03-03-2022.mp3?_=9\" \/><a href=\"https:\/\/radiobarriofranklin.cl\/wp-content\/uploads\/2015\/07\/salud-y-prevencion-camila-osorio-nutrisionista-03-03-2022.mp3\">https:\/\/radiobarriofranklin.cl\/wp-content\/uploads\/2015\/07\/salud-y-prevencion-camila-osorio-nutrisionista-03-03-2022.mp3<\/a><\/audio>\n<p>3 de marzo 2022<br \/>\nCamila Osorio, nutricionista\u00a0CESFAM N\u00b01.<\/p>\n<hr \/>\n<p><strong>Programa N\u00b0 15: Alimentaci\u00f3n y autocuidado.\u00a0<\/strong><\/p>\n<audio class=\"wp-audio-shortcode\" id=\"audio-2780-10\" preload=\"none\" style=\"width: 100%;\" controls=\"controls\"><source type=\"audio\/mpeg\" src=\"https:\/\/radiobarriofranklin.cl\/wp-content\/uploads\/2015\/07\/salud-y-prevencion30-12-2021.mp3?_=10\" \/><a href=\"https:\/\/radiobarriofranklin.cl\/wp-content\/uploads\/2015\/07\/salud-y-prevencion30-12-2021.mp3\">https:\/\/radiobarriofranklin.cl\/wp-content\/uploads\/2015\/07\/salud-y-prevencion30-12-2021.mp3<\/a><\/audio>\n<p>30\u00a0de diciembre\u00a02021<br \/>\nMacarena Godoy, nutricionista, referente t\u00e9cnico atenci\u00f3n primaria del SSMC.<\/p>\n<hr \/>\n<p><strong>Programa N\u00b0 14:\u00a0Prevenci\u00f3n c\u00e1ncer oral.\u00a0<\/strong><\/p>\n<audio class=\"wp-audio-shortcode\" id=\"audio-2780-11\" preload=\"none\" style=\"width: 100%;\" controls=\"controls\"><source type=\"audio\/mpeg\" src=\"https:\/\/radiobarriofranklin.cl\/wp-content\/uploads\/2022\/01\/prevencion-y-salud-14-10-2021-viviana-toro.mp3?_=11\" \/><a href=\"https:\/\/radiobarriofranklin.cl\/wp-content\/uploads\/2022\/01\/prevencion-y-salud-14-10-2021-viviana-toro.mp3\">https:\/\/radiobarriofranklin.cl\/wp-content\/uploads\/2022\/01\/prevencion-y-salud-14-10-2021-viviana-toro.mp3<\/a><\/audio>\n<p>14\u00a0de octubre 2021<br \/>\nDra. Viviana Toro, Hospital San Borja Arriar\u00e1n.<\/p>\n<hr \/>\n<p><strong>Programa N\u00b0 13:\u00a0Autocuidado, vacunaci\u00f3n, testeo preventivo y D\u00eda del a Atenci\u00f3n Primaria.\u00a0<\/strong><\/p>\n<audio class=\"wp-audio-shortcode\" id=\"audio-2780-12\" preload=\"none\" style=\"width: 100%;\" controls=\"controls\"><source type=\"audio\/mpeg\" src=\"https:\/\/radiobarriofranklin.cl\/wp-content\/uploads\/2022\/01\/salud-y-prevencion-02-09-2021-ximena-morlans.mp3?_=12\" \/><a href=\"https:\/\/radiobarriofranklin.cl\/wp-content\/uploads\/2022\/01\/salud-y-prevencion-02-09-2021-ximena-morlans.mp3\">https:\/\/radiobarriofranklin.cl\/wp-content\/uploads\/2022\/01\/salud-y-prevencion-02-09-2021-ximena-morlans.mp3<\/a><\/audio>\n<p>02 de septiembre\u00a02021<br \/>\nDra. Ximena Morlans, Directora Atenci\u00f3n Primaria de SSMC.<\/p>\n<hr \/>\n<p><strong>Programa N\u00b0 12: Medidas preventivas y de autocuidado contra el Covid 19.<\/strong><\/p>\n<audio class=\"wp-audio-shortcode\" id=\"audio-2780-13\" preload=\"none\" style=\"width: 100%;\" controls=\"controls\"><source type=\"audio\/mpeg\" src=\"https:\/\/radiobarriofranklin.cl\/wp-content\/uploads\/2021\/07\/Programa-salud-y-prevenci\u00f3n_-07_07_2021.mp3?_=13\" \/><a href=\"https:\/\/radiobarriofranklin.cl\/wp-content\/uploads\/2021\/07\/Programa-salud-y-prevenci\u00f3n_-07_07_2021.mp3\">https:\/\/radiobarriofranklin.cl\/wp-content\/uploads\/2021\/07\/Programa-salud-y-prevenci\u00f3n_-07_07_2021.mp3<\/a><\/audio>\n<p>7 de julio 2021<br \/>\nDra. Cecilia Ruiz Contreras, Directora APS SSMC.<\/p>\n<hr \/>\n<p><strong>Programa N\u00b0 11: La importancia de la vacunaci\u00f3n, testeo preventivo y autocuidado.<\/strong><\/p>\n<audio class=\"wp-audio-shortcode\" id=\"audio-2780-14\" preload=\"none\" style=\"width: 100%;\" controls=\"controls\"><source type=\"audio\/mpeg\" src=\"https:\/\/radiobarriofranklin.cl\/wp-content\/uploads\/2019\/07\/Programa-salud-y-prevenci\u00f3n_17_06_2021.mp3?_=14\" \/><a href=\"https:\/\/radiobarriofranklin.cl\/wp-content\/uploads\/2019\/07\/Programa-salud-y-prevenci\u00f3n_17_06_2021.mp3\">https:\/\/radiobarriofranklin.cl\/wp-content\/uploads\/2019\/07\/Programa-salud-y-prevenci\u00f3n_17_06_2021.mp3<\/a><\/audio>\n<p>17 de junio 2021<br \/>\nDra. Cecilia Ruiz Contreras, Directora APS SSMC.<\/p>\n<hr \/>\n<p><strong>Programa N\u00b0 10: Recomendaciones de alimentaci\u00f3n en periodo de cuarentena. Prevenir des\u00f3rdenes en la alimentaci\u00f3n.<\/strong><\/p>\n<audio class=\"wp-audio-shortcode\" id=\"audio-2780-15\" preload=\"none\" style=\"width: 100%;\" controls=\"controls\"><source type=\"audio\/mpeg\" src=\"https:\/\/radiobarriofranklin.cl\/wp-content\/uploads\/2019\/07\/SALUD_Y_PREVENCION_PROGRAMA_04_VIERNES_23_ABRIL_2021.mp3?_=15\" \/><a href=\"https:\/\/radiobarriofranklin.cl\/wp-content\/uploads\/2019\/07\/SALUD_Y_PREVENCION_PROGRAMA_04_VIERNES_23_ABRIL_2021.mp3\">https:\/\/radiobarriofranklin.cl\/wp-content\/uploads\/2019\/07\/SALUD_Y_PREVENCION_PROGRAMA_04_VIERNES_23_ABRIL_2021.mp3<\/a><\/audio>\n<p>23 de abril 2021<br \/>\nDaniela Parra, nutricionista Cesfam 5.<\/p>\n<hr \/>\n<p><strong>Programa N\u00b0 9: Proceso de vacunaci\u00f3n contra Covid-19.<\/strong><\/p>\n<audio class=\"wp-audio-shortcode\" id=\"audio-2780-16\" preload=\"none\" style=\"width: 100%;\" controls=\"controls\"><source type=\"audio\/mpeg\" src=\"https:\/\/radiobarriofranklin.cl\/wp-content\/uploads\/2019\/07\/SALUD_Y_PREVENCION_PROGRAMA_02_VIERNES_19.mp3?_=16\" \/><a href=\"https:\/\/radiobarriofranklin.cl\/wp-content\/uploads\/2019\/07\/SALUD_Y_PREVENCION_PROGRAMA_02_VIERNES_19.mp3\">https:\/\/radiobarriofranklin.cl\/wp-content\/uploads\/2019\/07\/SALUD_Y_PREVENCION_PROGRAMA_02_VIERNES_19.mp3<\/a><\/audio>\n<p>19 de marzo 2021<br \/>\nDaniela Burgos, referente en inmunizaci\u00f3n Atenci\u00f3n Primaria de Salud APS-SSMC<\/p>\n<hr \/>\n<p><strong>Programa N\u00b0 8: Vacunaci\u00f3n contra Covid-19.<\/strong><\/p>\n<audio class=\"wp-audio-shortcode\" id=\"audio-2780-17\" preload=\"none\" style=\"width: 100%;\" controls=\"controls\"><source type=\"audio\/mpeg\" src=\"https:\/\/radiobarriofranklin.cl\/wp-content\/uploads\/2019\/07\/SALUD__Y_PREVENCION_PROGRAMA_01_VIERNES_12_MARZO_2021.mp3?_=17\" \/><a href=\"https:\/\/radiobarriofranklin.cl\/wp-content\/uploads\/2019\/07\/SALUD__Y_PREVENCION_PROGRAMA_01_VIERNES_12_MARZO_2021.mp3\">https:\/\/radiobarriofranklin.cl\/wp-content\/uploads\/2019\/07\/SALUD__Y_PREVENCION_PROGRAMA_01_VIERNES_12_MARZO_2021.mp3<\/a><\/audio>\n<p>12 de marzo 2021<br \/>\nDra. Cecilia Ruiz Contreras, Directora(s) de Atenci\u00f3n Primaria del Servicio de Salud Metropolitano Central (SSMC)<\/p>\n<hr \/>\n<p><strong>Programa N\u00b0 7: Modificaci\u00f3n de espacios para atenci\u00f3n en CESFAM para pacientes no covid.<\/strong><\/p>\n<audio class=\"wp-audio-shortcode\" id=\"audio-2780-18\" preload=\"none\" style=\"width: 100%;\" controls=\"controls\"><source type=\"audio\/mpeg\" src=\"https:\/\/radiobarriofranklin.cl\/wp-content\/uploads\/2019\/07\/PREVENCION_Y_SALUD_PROGRAMA_07.mp3?_=18\" \/><a href=\"https:\/\/radiobarriofranklin.cl\/wp-content\/uploads\/2019\/07\/PREVENCION_Y_SALUD_PROGRAMA_07.mp3\">https:\/\/radiobarriofranklin.cl\/wp-content\/uploads\/2019\/07\/PREVENCION_Y_SALUD_PROGRAMA_07.mp3<\/a><\/audio>\n<p>9 de julio 2020<br \/>\nP\u00eda Fern\u00e1ndez, Directora del Centro de Salud Familiar N\u00ba1<\/p>\n<hr \/>\n<p><strong>Programa N\u00b0 6: Infecciones asociados a atenci\u00f3n de Salud. Coronavirus.<\/strong><\/p>\n<audio class=\"wp-audio-shortcode\" id=\"audio-2780-19\" preload=\"none\" style=\"width: 100%;\" controls=\"controls\"><source type=\"audio\/mpeg\" src=\"https:\/\/radiobarriofranklin.cl\/wp-content\/uploads\/2020\/02\/salud-y-prevencion-programa-05-jueves-06-febrero-2020.mp3?_=19\" \/><a href=\"https:\/\/radiobarriofranklin.cl\/wp-content\/uploads\/2020\/02\/salud-y-prevencion-programa-05-jueves-06-febrero-2020.mp3\">https:\/\/radiobarriofranklin.cl\/wp-content\/uploads\/2020\/02\/salud-y-prevencion-programa-05-jueves-06-febrero-2020.mp3<\/a><\/audio>\n<p>6 de febrero 2020<br \/>\nMarlen Valenzuela, enfermera IAAS<\/p>\n<hr \/>\n<p><strong>Programa N\u00b0 5: Consumo Seguro de Alimentos.<\/strong><\/p>\n<audio class=\"wp-audio-shortcode\" id=\"audio-2780-20\" preload=\"none\" style=\"width: 100%;\" controls=\"controls\"><source type=\"audio\/mpeg\" src=\"https:\/\/radiobarriofranklin.cl\/wp-content\/uploads\/2020\/02\/prevencion-y-salud-programa-00-23-enero-20201.mp3?_=20\" \/><a href=\"https:\/\/radiobarriofranklin.cl\/wp-content\/uploads\/2020\/02\/prevencion-y-salud-programa-00-23-enero-20201.mp3\">https:\/\/radiobarriofranklin.cl\/wp-content\/uploads\/2020\/02\/prevencion-y-salud-programa-00-23-enero-20201.mp3<\/a><\/audio>\n<p>23 enero 2020<br \/>\nSubdirectora T\u00e9cnica CESFAM N\u00b05 y nutricionista Valentina Mazry.<\/p>\n<hr \/>\n<p><strong>Programa N\u00b0 4: Chile Crece Contigo.<\/strong><\/p>\n<audio class=\"wp-audio-shortcode\" id=\"audio-2780-21\" preload=\"none\" style=\"width: 100%;\" controls=\"controls\"><source type=\"audio\/mpeg\" src=\"https:\/\/radiobarriofranklin.cl\/wp-content\/uploads\/2019\/07\/saludyprevencion_280218_infancia_y_chilecrececontigo.mp3?_=21\" \/><a href=\"https:\/\/radiobarriofranklin.cl\/wp-content\/uploads\/2019\/07\/saludyprevencion_280218_infancia_y_chilecrececontigo.mp3\">https:\/\/radiobarriofranklin.cl\/wp-content\/uploads\/2019\/07\/saludyprevencion_280218_infancia_y_chilecrececontigo.mp3<\/a><\/audio>\n<p>28 febrero 2019<br \/>\nNadia Rufott, programa Infancia Chile Crece contigo, relata la oferta program\u00e1tica para ni\u00f1os y ni\u00f1as y sus familias.<\/p>\n<hr \/>\n<p><strong>Programa N\u00b0 3: Adolescencia y salud mental.<br \/>\n<\/strong><\/p>\n<audio class=\"wp-audio-shortcode\" id=\"audio-2780-22\" preload=\"none\" style=\"width: 100%;\" controls=\"controls\"><source type=\"audio\/mpeg\" src=\"https:\/\/radiobarriofranklin.cl\/wp-content\/uploads\/2019\/07\/saludyprevencion_240119_adolecencia_y_saludmental.mp3?_=22\" \/><a href=\"https:\/\/radiobarriofranklin.cl\/wp-content\/uploads\/2019\/07\/saludyprevencion_240119_adolecencia_y_saludmental.mp3\">https:\/\/radiobarriofranklin.cl\/wp-content\/uploads\/2019\/07\/saludyprevencion_240119_adolecencia_y_saludmental.mp3<\/a><\/audio>\n<p>24 enero 2019<br \/>\nLa invitada Pamela Morales, psic\u00f3loga infanto juvenil, conversa sobre las caracter\u00edsticas de la salud mental en j\u00f3venes y adolescentes.<\/p>\n<hr \/>\n<p><strong>Programa N\u00b0 2: Enfermedades de transmisi\u00f3n sexual.<\/strong><\/p>\n<audio class=\"wp-audio-shortcode\" id=\"audio-2780-23\" preload=\"none\" style=\"width: 100%;\" controls=\"controls\"><source type=\"audio\/mpeg\" src=\"https:\/\/radiobarriofranklin.cl\/wp-content\/uploads\/2019\/07\/saludyprevencion_081118_infecciones_de_transmision_sexual.mp3?_=23\" \/><a href=\"https:\/\/radiobarriofranklin.cl\/wp-content\/uploads\/2019\/07\/saludyprevencion_081118_infecciones_de_transmision_sexual.mp3\">https:\/\/radiobarriofranklin.cl\/wp-content\/uploads\/2019\/07\/saludyprevencion_081118_infecciones_de_transmision_sexual.mp3<\/a><\/audio>\n<p>8 noviembre 2018<br \/>\nLa invitada de hoy Elena Henriquez , matrona, informa sobre las medidas preventivas ante enfermedades de transmisi\u00f3n sexual.<\/p>\n<hr \/>\n<p><strong>Programa N\u00b0 1: El c\u00e1ncer de mamas.<\/strong><\/p>\n<audio class=\"wp-audio-shortcode\" id=\"audio-2780-24\" preload=\"none\" style=\"width: 100%;\" controls=\"controls\"><source type=\"audio\/mpeg\" src=\"https:\/\/radiobarriofranklin.cl\/wp-content\/uploads\/2019\/07\/saludyprevencion_251018_cancerdemamas.mp3?_=24\" \/><a href=\"https:\/\/radiobarriofranklin.cl\/wp-content\/uploads\/2019\/07\/saludyprevencion_251018_cancerdemamas.mp3\">https:\/\/radiobarriofranklin.cl\/wp-content\/uploads\/2019\/07\/saludyprevencion_251018_cancerdemamas.mp3<\/a><\/audio>\n<p>25 octubre 2018<br \/>\nCon la Dra Cecilia Ruiz, conversamos sobre los cuidados y preventivos del c\u00e1ncer de mamas.<\/p>\n<hr \/>\n","protected":false},"excerpt":{"rendered":"<p>PREVENCI\u00d3N Y SALUD El programa tiene como objetivo informar a la comunidad de Radio Franklin de las acciones y estrategias preventivas en salud, conversar sobre h\u00e1bitos de vida saludable, entregar datos interesantes que permitan a la comunidad desarrollar autocuidado, con orientaci\u00f3n desde los profesionales de la salud (m\u00e9dicos, enfermeras, nutricionistas, odont\u00f3logos, psic\u00f3logos con la finalidad [&hellip;]<\/p>\n","protected":false},"author":1,"featured_media":0,"parent":0,"menu_order":0,"comment_status":"closed","ping_status":"closed","template":"","meta":{"footnotes":""},"class_list":["post-2780","page","type-page","status-publish","hentry"],"_links":{"self":[{"href":"https:\/\/radiobarriofranklin.cl\/index.php\/wp-json\/wp\/v2\/pages\/2780","targetHints":{"allow":["GET"]}}],"collection":[{"href":"https:\/\/radiobarriofranklin.cl\/index.php\/wp-json\/wp\/v2\/pages"}],"about":[{"href":"https:\/\/radiobarriofranklin.cl\/index.php\/wp-json\/wp\/v2\/types\/page"}],"author":[{"embeddable":true,"href":"https:\/\/radiobarriofranklin.cl\/index.php\/wp-json\/wp\/v2\/users\/1"}],"replies":[{"embeddable":true,"href":"https:\/\/radiobarriofranklin.cl\/index.php\/wp-json\/wp\/v2\/comments?post=2780"}],"version-history":[{"count":38,"href":"https:\/\/radiobarriofranklin.cl\/index.php\/wp-json\/wp\/v2\/pages\/2780\/revisions"}],"predecessor-version":[{"id":4511,"href":"https:\/\/radiobarriofranklin.cl\/index.php\/wp-json\/wp\/v2\/pages\/2780\/revisions\/4511"}],"wp:attachment":[{"href":"https:\/\/radiobarriofranklin.cl\/index.php\/wp-json\/wp\/v2\/media?parent=2780"}],"curies":[{"name":"wp","href":"https:\/\/api.w.org\/{rel}","templated":true}]}}