{"id":3198,"date":"2020-11-25T19:59:53","date_gmt":"2020-11-25T19:59:53","guid":{"rendered":"http:\/\/radiobarriofranklin.cl\/?page_id=3198"},"modified":"2023-05-16T19:12:15","modified_gmt":"2023-05-16T19:12:15","slug":"la-flor-del-paraiso-la-arana-de-cristal","status":"publish","type":"page","link":"https:\/\/radiobarriofranklin.cl\/index.php\/la-flor-del-paraiso-la-arana-de-cristal\/","title":{"rendered":"La Flor del Para\u00edso \/ La Ara\u00f1a de Cristal"},"content":{"rendered":"<p><a href=\"https:\/\/radiobarriofranklin.cl\/wp-content\/uploads\/2020\/11\/unnamed.jpg\"><img loading=\"lazy\" decoding=\"async\" class=\"alignnone size-full wp-image-3197\" src=\"https:\/\/radiobarriofranklin.cl\/wp-content\/uploads\/2020\/11\/unnamed.jpg\" alt=\"unnamed\" width=\"548\" height=\"365\" \/><\/a><\/p>\n<h2><strong>LA FLOR DEL PARA\u00cdSO<\/strong><\/h2>\n<hr \/>\n<p><span style=\"color: #546284; font-family: 'Open Sans', sans-serif; font-size: 13px;\">Programa que explora la riqueza del intelecto y el esp\u00edritu de sus invitados. Pretende as\u00ed, mostrar la belleza de la cultura, y de lo importante que es como elemento vital de nuestro d\u00eda a d\u00eda.<\/span><\/p>\n<hr \/>\n<h5><strong>CONDUCE:<\/strong> Ricardo Bravo<\/h5>\n<hr \/>\n<p><strong>Cap\u00edtulo 4: Mart\u00edn Rub\u00e9n Katz Dar\u00edo (10\/12\/2020)<\/strong><\/p>\n<p>En el programa La Flor del Para\u00edso Ricardo Bravo conversa con Mart\u00edn Rub\u00e9n Katz Dar\u00edo, sobre la vida y obra de su bisabuelo, el poeta nicaraguense Rub\u00e9n Dar\u00edo.<\/p>\n<!--[if lt IE 9]><script>document.createElement('audio');<\/script><![endif]-->\n<audio class=\"wp-audio-shortcode\" id=\"audio-3198-1\" preload=\"none\" style=\"width: 100%;\" controls=\"controls\"><source type=\"audio\/mpeg\" src=\"https:\/\/radiobarriofranklin.cl\/wp-content\/uploads\/2021\/01\/LA_FLOR_DEL_PARAISO_PROGRAMA_04_JUEVES_10_DICIEMBRE_2020.mp3?_=1\" \/><a href=\"https:\/\/radiobarriofranklin.cl\/wp-content\/uploads\/2021\/01\/LA_FLOR_DEL_PARAISO_PROGRAMA_04_JUEVES_10_DICIEMBRE_2020.mp3\">https:\/\/radiobarriofranklin.cl\/wp-content\/uploads\/2021\/01\/LA_FLOR_DEL_PARAISO_PROGRAMA_04_JUEVES_10_DICIEMBRE_2020.mp3<\/a><\/audio>\n<hr \/>\n<p><strong>Cap\u00edtulo 3: Soledad Bianchi y Guillermo N\u00fa\u00f1ez (19\/11\/2020)<\/strong><\/p>\n<p>Entrevista a la Doctora en Literatura Soledad Bianchi y al artista chileno contempor\u00e1neo Guillermo N\u00fa\u00f1ez.<\/p>\n<audio class=\"wp-audio-shortcode\" id=\"audio-3198-2\" preload=\"none\" style=\"width: 100%;\" controls=\"controls\"><source type=\"audio\/mpeg\" src=\"https:\/\/radiobarriofranklin.cl\/wp-content\/uploads\/2020\/11\/LA_FLOR_DEL_PARAISO_PROGRAMA_04_JUEVES_19_NOVIEMBRE_2020.mp3?_=2\" \/><a href=\"https:\/\/radiobarriofranklin.cl\/wp-content\/uploads\/2020\/11\/LA_FLOR_DEL_PARAISO_PROGRAMA_04_JUEVES_19_NOVIEMBRE_2020.mp3\">https:\/\/radiobarriofranklin.cl\/wp-content\/uploads\/2020\/11\/LA_FLOR_DEL_PARAISO_PROGRAMA_04_JUEVES_19_NOVIEMBRE_2020.mp3<\/a><\/audio>\n<hr \/>\n<p><strong>Cap\u00edtulo 2: Carolina Valenzuela Matus (05\/11\/2020)<\/strong><\/p>\n<p>Ricardo bravo conversa con la investigadora y acad\u00e9mica de la Universidad Aut\u00f3noma de Chile, Carolina Valenzuela Matus, sobre temas muy interesantes respecto a las ciencias naturales. Si te interesa el tema puedes visitar su trabajo en www.gabinetesynaturaleza.cl<\/p>\n<audio class=\"wp-audio-shortcode\" id=\"audio-3198-3\" preload=\"none\" style=\"width: 100%;\" controls=\"controls\"><source type=\"audio\/mpeg\" src=\"https:\/\/radiobarriofranklin.cl\/wp-content\/uploads\/2020\/11\/LA_FLOR_DEL_PARAISO_PROGRAMA_03_JUEVES_05_NOVIEMBRE_2020.mp3?_=3\" \/><a href=\"https:\/\/radiobarriofranklin.cl\/wp-content\/uploads\/2020\/11\/LA_FLOR_DEL_PARAISO_PROGRAMA_03_JUEVES_05_NOVIEMBRE_2020.mp3\">https:\/\/radiobarriofranklin.cl\/wp-content\/uploads\/2020\/11\/LA_FLOR_DEL_PARAISO_PROGRAMA_03_JUEVES_05_NOVIEMBRE_2020.mp3<\/a><\/audio>\n<hr \/>\n<p><strong>Cap\u00edtulo 1: Dafna Goldschmidt (20\/10\/2020)<\/strong><\/p>\n<p>Conversaci\u00f3n con la arque\u00f3loga chilena Dafna Goldschmidt sobre la arqueolog\u00eda de Santiago.<\/p>\n<audio class=\"wp-audio-shortcode\" id=\"audio-3198-4\" preload=\"none\" style=\"width: 100%;\" controls=\"controls\"><source type=\"audio\/mpeg\" src=\"https:\/\/radiobarriofranklin.cl\/wp-content\/uploads\/2020\/11\/LA_FLOR_DEL_PARAISO_PROGRAMA_02_MARTES_20_OCTUBRE_2020-.mp3?_=4\" \/><a href=\"https:\/\/radiobarriofranklin.cl\/wp-content\/uploads\/2020\/11\/LA_FLOR_DEL_PARAISO_PROGRAMA_02_MARTES_20_OCTUBRE_2020-.mp3\">https:\/\/radiobarriofranklin.cl\/wp-content\/uploads\/2020\/11\/LA_FLOR_DEL_PARAISO_PROGRAMA_02_MARTES_20_OCTUBRE_2020-.mp3<\/a><\/audio>\n<hr \/>\n<hr \/>\n<h2><strong>LA ARA\u00d1A DE CRISTAL<\/strong><\/h2>\n<hr \/>\n<p><span style=\"color: #546284; font-family: 'Open Sans', sans-serif; font-size: 13px;\">Programa que pretende construir sutilmente una tela cultural y amable, con variedad de im\u00e1genes y asuntos de inter\u00e9s.<\/span><\/p>\n<hr \/>\n<h5><strong>CONDUCE:<\/strong> Ricardo Bravo<\/h5>\n<hr \/>\n<p><strong>Cap\u00edtulo 2: Mart\u00edn Rub\u00e9n Katz Dar\u00edo (08\/12\/2020)<\/strong><\/p>\n<p>Ricardo Bravo Conversa con Mart\u00edn Rub\u00e9n Katz Dar\u00edo, bisnieto del poeta nicaraguense Rub\u00e9n Dar\u00edo, desde Argentina.<\/p>\n<audio class=\"wp-audio-shortcode\" id=\"audio-3198-5\" preload=\"none\" style=\"width: 100%;\" controls=\"controls\"><source type=\"audio\/mpeg\" src=\"https:\/\/radiobarriofranklin.cl\/wp-content\/uploads\/2021\/01\/LA_ARAN\u0303A_DE_CRISTAL_PROGRAMA_O2_MARTES_08_DICIEMBRE_2020.mp3?_=5\" \/><a href=\"https:\/\/radiobarriofranklin.cl\/wp-content\/uploads\/2021\/01\/LA_ARAN\u0303A_DE_CRISTAL_PROGRAMA_O2_MARTES_08_DICIEMBRE_2020.mp3\">https:\/\/radiobarriofranklin.cl\/wp-content\/uploads\/2021\/01\/LA_ARAN\u0303A_DE_CRISTAL_PROGRAMA_O2_MARTES_08_DICIEMBRE_2020.mp3<\/a><\/audio>\n<hr \/>\n<p><strong>Cap\u00edtulo 1: Arqueolog\u00eda del barrio (22\/10\/2020)<\/strong><\/p>\n<p>Arqueolog\u00eda del barrio Franklin Matadero con la arque\u00f3loga chilena Dafna Goldschmidt.<\/p>\n<audio class=\"wp-audio-shortcode\" id=\"audio-3198-6\" preload=\"none\" style=\"width: 100%;\" controls=\"controls\"><source type=\"audio\/mpeg\" src=\"https:\/\/radiobarriofranklin.cl\/wp-content\/uploads\/2020\/11\/LA_ARAN\u0303A_DE_CRISTAL_PROGRAMA_01_JUEVES_22_DE_OCTUBRE_2020.mp3?_=6\" \/><a href=\"https:\/\/radiobarriofranklin.cl\/wp-content\/uploads\/2020\/11\/LA_ARAN\u0303A_DE_CRISTAL_PROGRAMA_01_JUEVES_22_DE_OCTUBRE_2020.mp3\">https:\/\/radiobarriofranklin.cl\/wp-content\/uploads\/2020\/11\/LA_ARAN\u0303A_DE_CRISTAL_PROGRAMA_01_JUEVES_22_DE_OCTUBRE_2020.mp3<\/a><\/audio>\n","protected":false},"excerpt":{"rendered":"<p>LA FLOR DEL PARA\u00cdSO Programa que explora la riqueza del intelecto y el esp\u00edritu de sus invitados. Pretende as\u00ed, mostrar la belleza de la cultura, y de lo importante que es como elemento vital de nuestro d\u00eda a d\u00eda. CONDUCE: Ricardo Bravo Cap\u00edtulo 4: Mart\u00edn Rub\u00e9n Katz Dar\u00edo (10\/12\/2020) En el programa La Flor del [&hellip;]<\/p>\n","protected":false},"author":1,"featured_media":0,"parent":0,"menu_order":0,"comment_status":"closed","ping_status":"closed","template":"","meta":{"footnotes":""},"class_list":["post-3198","page","type-page","status-publish","hentry"],"_links":{"self":[{"href":"https:\/\/radiobarriofranklin.cl\/index.php\/wp-json\/wp\/v2\/pages\/3198","targetHints":{"allow":["GET"]}}],"collection":[{"href":"https:\/\/radiobarriofranklin.cl\/index.php\/wp-json\/wp\/v2\/pages"}],"about":[{"href":"https:\/\/radiobarriofranklin.cl\/index.php\/wp-json\/wp\/v2\/types\/page"}],"author":[{"embeddable":true,"href":"https:\/\/radiobarriofranklin.cl\/index.php\/wp-json\/wp\/v2\/users\/1"}],"replies":[{"embeddable":true,"href":"https:\/\/radiobarriofranklin.cl\/index.php\/wp-json\/wp\/v2\/comments?post=3198"}],"version-history":[{"count":6,"href":"https:\/\/radiobarriofranklin.cl\/index.php\/wp-json\/wp\/v2\/pages\/3198\/revisions"}],"predecessor-version":[{"id":3214,"href":"https:\/\/radiobarriofranklin.cl\/index.php\/wp-json\/wp\/v2\/pages\/3198\/revisions\/3214"}],"wp:attachment":[{"href":"https:\/\/radiobarriofranklin.cl\/index.php\/wp-json\/wp\/v2\/media?parent=3198"}],"curies":[{"name":"wp","href":"https:\/\/api.w.org\/{rel}","templated":true}]}}