{"id":4164,"date":"2023-03-24T15:22:01","date_gmt":"2023-03-24T15:22:01","guid":{"rendered":"http:\/\/radiobarriofranklin.cl\/?page_id=4164"},"modified":"2026-04-29T01:41:07","modified_gmt":"2026-04-29T01:41:07","slug":"con-el-alma-hecha-titere","status":"publish","type":"page","link":"https:\/\/radiobarriofranklin.cl\/index.php\/con-el-alma-hecha-titere\/","title":{"rendered":"CON EL ALMA HECHA T\u00cdTERE"},"content":{"rendered":"<p><img loading=\"lazy\" decoding=\"async\" class=\"alignnone wp-image-4171\" src=\"https:\/\/radiobarriofranklin.cl\/wp-content\/uploads\/2023\/03\/DSC9832_titeres-1.jpg\" alt=\"\" width=\"466\" height=\"430\" srcset=\"https:\/\/radiobarriofranklin.cl\/wp-content\/uploads\/2023\/03\/DSC9832_titeres-1.jpg 2061w, https:\/\/radiobarriofranklin.cl\/wp-content\/uploads\/2023\/03\/DSC9832_titeres-1-300x277.jpg 300w, https:\/\/radiobarriofranklin.cl\/wp-content\/uploads\/2023\/03\/DSC9832_titeres-1-1024x945.jpg 1024w, https:\/\/radiobarriofranklin.cl\/wp-content\/uploads\/2023\/03\/DSC9832_titeres-1-768x708.jpg 768w, https:\/\/radiobarriofranklin.cl\/wp-content\/uploads\/2023\/03\/DSC9832_titeres-1-1536x1417.jpg 1536w, https:\/\/radiobarriofranklin.cl\/wp-content\/uploads\/2023\/03\/DSC9832_titeres-1-2048x1889.jpg 2048w, https:\/\/radiobarriofranklin.cl\/wp-content\/uploads\/2023\/03\/DSC9832_titeres-1-150x138.jpg 150w, https:\/\/radiobarriofranklin.cl\/wp-content\/uploads\/2023\/03\/DSC9832_titeres-1-80x74.jpg 80w, https:\/\/radiobarriofranklin.cl\/wp-content\/uploads\/2023\/03\/DSC9832_titeres-1-235x217.jpg 235w\" sizes=\"auto, (max-width: 466px) 100vw, 466px\" \/><\/p>\n<h2><strong>CON EL ALMA HECHA T\u00cdTERE<\/strong><\/h2>\n<hr \/>\n<p>Un programa de t\u00edteres, titiriteras y titiriteros.<\/p>\n<hr \/>\n<h5><strong>CONDUCE:<\/strong> Patricio Sebasti\u00e1n Mu\u00f1oz y Alejandra Hern\u00e1ndez<\/h5>\n<hr \/>\n<p>CON EL ALMA HECHA T\u00cdTERE<br \/>\nConducen: Patricio Sebasti\u00e1n Mu\u00f1oz y Alejandra Hern\u00e1ndez<br \/>\nInvitada: Chufa, la jirafa<br \/>\nTema: trayectoria Colectivo Art\u00edstico Tikakusi<br \/>\nFecha: 18 noviembre 2025.<\/p>\n<!--[if lt IE 9]><script>document.createElement('audio');<\/script><![endif]-->\n<audio class=\"wp-audio-shortcode\" id=\"audio-4164-1\" preload=\"none\" style=\"width: 100%;\" controls=\"controls\"><source type=\"audio\/mpeg\" src=\"https:\/\/radiobarriofranklin.cl\/wp-content\/uploads\/2026\/04\/con-el-alma-echa-titere-18-11-2025-final.mp3?_=1\" \/><a href=\"https:\/\/radiobarriofranklin.cl\/wp-content\/uploads\/2026\/04\/con-el-alma-echa-titere-18-11-2025-final.mp3\">https:\/\/radiobarriofranklin.cl\/wp-content\/uploads\/2026\/04\/con-el-alma-echa-titere-18-11-2025-final.mp3<\/a><\/audio>\n<p>&nbsp;<\/p>\n<audio class=\"wp-audio-shortcode\" id=\"audio-4164-2\" preload=\"none\" style=\"width: 100%;\" controls=\"controls\"><source type=\"audio\/mpeg\" src=\"https:\/\/radiobarriofranklin.cl\/wp-content\/uploads\/2025\/12\/con-el-alma-echa-titere-09-09-2025-final.mp3?_=2\" \/><a href=\"https:\/\/radiobarriofranklin.cl\/wp-content\/uploads\/2025\/12\/con-el-alma-echa-titere-09-09-2025-final.mp3\">https:\/\/radiobarriofranklin.cl\/wp-content\/uploads\/2025\/12\/con-el-alma-echa-titere-09-09-2025-final.mp3<\/a><\/audio>\n<p>&nbsp;<\/p>\n<audio class=\"wp-audio-shortcode\" id=\"audio-4164-3\" preload=\"none\" style=\"width: 100%;\" controls=\"controls\"><source type=\"audio\/mpeg\" src=\"https:\/\/radiobarriofranklin.cl\/wp-content\/uploads\/2025\/08\/con-el-alma-echa-titere-15-07-2025-final.mp3?_=3\" \/><a href=\"https:\/\/radiobarriofranklin.cl\/wp-content\/uploads\/2025\/08\/con-el-alma-echa-titere-15-07-2025-final.mp3\">https:\/\/radiobarriofranklin.cl\/wp-content\/uploads\/2025\/08\/con-el-alma-echa-titere-15-07-2025-final.mp3<\/a><\/audio>\n<p>&nbsp;<\/p>\n<audio class=\"wp-audio-shortcode\" id=\"audio-4164-4\" preload=\"none\" style=\"width: 100%;\" controls=\"controls\"><source type=\"audio\/mpeg\" src=\"https:\/\/radiobarriofranklin.cl\/wp-content\/uploads\/2025\/07\/con-el-alma-echatitere-10-06-2025-final.mp3?_=4\" \/><a href=\"https:\/\/radiobarriofranklin.cl\/wp-content\/uploads\/2025\/07\/con-el-alma-echatitere-10-06-2025-final.mp3\">https:\/\/radiobarriofranklin.cl\/wp-content\/uploads\/2025\/07\/con-el-alma-echatitere-10-06-2025-final.mp3<\/a><\/audio>\n<p>&nbsp;<\/p>\n<p>CON EL ALMA HECHA T\u00cdTERE<br \/>\nInvitados: Manuel Rojo, dirigente medioambiental<br \/>\nTema: basura cero<br \/>\nFecha de emisi\u00f3n: 13 de mayo 2025<\/p>\n<p>&nbsp;<\/p>\n<audio class=\"wp-audio-shortcode\" id=\"audio-4164-5\" preload=\"none\" style=\"width: 100%;\" controls=\"controls\"><source type=\"audio\/mpeg\" src=\"https:\/\/radiobarriofranklin.cl\/wp-content\/uploads\/2025\/07\/con-el-el-alma-echa-titerre13-05-2025-final.mp3?_=5\" \/><a href=\"https:\/\/radiobarriofranklin.cl\/wp-content\/uploads\/2025\/07\/con-el-el-alma-echa-titerre13-05-2025-final.mp3\">https:\/\/radiobarriofranklin.cl\/wp-content\/uploads\/2025\/07\/con-el-el-alma-echa-titerre13-05-2025-final.mp3<\/a><\/audio>\n<p>&nbsp;<\/p>\n<p><strong>Programa N\u00b011:<\/strong> teatro Lambe Lambe<\/p>\n<p>&nbsp;<\/p>\n<audio class=\"wp-audio-shortcode\" id=\"audio-4164-6\" preload=\"none\" style=\"width: 100%;\" controls=\"controls\"><source type=\"audio\/mpeg\" src=\"https:\/\/radiobarriofranklin.cl\/wp-content\/uploads\/2024\/01\/con-el-alma-echa-titeres-05-12-2023-final.mp3?_=6\" \/><a href=\"https:\/\/radiobarriofranklin.cl\/wp-content\/uploads\/2024\/01\/con-el-alma-echa-titeres-05-12-2023-final.mp3\">https:\/\/radiobarriofranklin.cl\/wp-content\/uploads\/2024\/01\/con-el-alma-echa-titeres-05-12-2023-final.mp3<\/a><\/audio>\n<p><strong>Invitados:<\/strong> M\u00f3nica Rojas y Gustavo Fuenzalida, compa\u00f1\u00eda de Teatro La Ra\u00edz<\/p>\n<p>5 de diciembre 2023<\/p>\n<hr \/>\n<p><strong>Programa N\u00b010: <\/strong>el rol del t\u00edtere como terapia<\/p>\n<audio class=\"wp-audio-shortcode\" id=\"audio-4164-7\" preload=\"none\" style=\"width: 100%;\" controls=\"controls\"><source type=\"audio\/mpeg\" src=\"https:\/\/radiobarriofranklin.cl\/wp-content\/uploads\/2024\/01\/con-el-alma-echa-titere-07-11-2023-final.mp3?_=7\" \/><a href=\"https:\/\/radiobarriofranklin.cl\/wp-content\/uploads\/2024\/01\/con-el-alma-echa-titere-07-11-2023-final.mp3\">https:\/\/radiobarriofranklin.cl\/wp-content\/uploads\/2024\/01\/con-el-alma-echa-titere-07-11-2023-final.mp3<\/a><\/audio>\n<p><strong>Invitada:<\/strong> Nina Legrand<\/p>\n<p>7 de noviembre 2023<\/p>\n<hr \/>\n<p><strong>Programa N\u00b09: <\/strong>proceso de formaci\u00f3n Titiriteros<\/p>\n<audio class=\"wp-audio-shortcode\" id=\"audio-4164-8\" preload=\"none\" style=\"width: 100%;\" controls=\"controls\"><source type=\"audio\/mpeg\" src=\"https:\/\/radiobarriofranklin.cl\/wp-content\/uploads\/2024\/01\/con-el-alma-echa-titere-12-10-2023-final.mp3?_=8\" \/><a href=\"https:\/\/radiobarriofranklin.cl\/wp-content\/uploads\/2024\/01\/con-el-alma-echa-titere-12-10-2023-final.mp3\">https:\/\/radiobarriofranklin.cl\/wp-content\/uploads\/2024\/01\/con-el-alma-echa-titere-12-10-2023-final.mp3<\/a><\/audio>\n<p><strong>Invitada: <\/strong>Andrea Portales Arce<\/p>\n<p>12 de octubre 2023<\/p>\n<hr \/>\n<p><strong>Programa N\u00b08: <\/strong>un titiritero con dos profesiones<\/p>\n<audio class=\"wp-audio-shortcode\" id=\"audio-4164-9\" preload=\"none\" style=\"width: 100%;\" controls=\"controls\"><source type=\"audio\/mpeg\" src=\"https:\/\/radiobarriofranklin.cl\/wp-content\/uploads\/2024\/01\/con-el-alma-echa-titere-12-09-2023-final.mp3?_=9\" \/><a href=\"https:\/\/radiobarriofranklin.cl\/wp-content\/uploads\/2024\/01\/con-el-alma-echa-titere-12-09-2023-final.mp3\">https:\/\/radiobarriofranklin.cl\/wp-content\/uploads\/2024\/01\/con-el-alma-echa-titere-12-09-2023-final.mp3<\/a><\/audio>\n<p>Invitado: Guido \u00c1lvarez Reyes, compa\u00f1\u00eda de Teatro Inoxidable<\/p>\n<p>12 de septiembre 2023<\/p>\n<hr \/>\n<p><strong>Programa N\u00b06: <\/strong>la mirada del Titiritero como terapia familiar<\/p>\n<audio class=\"wp-audio-shortcode\" id=\"audio-4164-10\" preload=\"none\" style=\"width: 100%;\" controls=\"controls\"><source type=\"audio\/mpeg\" src=\"https:\/\/radiobarriofranklin.cl\/wp-content\/uploads\/2024\/01\/con-el-alma-ehca-titeres-09-05-2023-FINAL.mp3?_=10\" \/><a href=\"https:\/\/radiobarriofranklin.cl\/wp-content\/uploads\/2024\/01\/con-el-alma-ehca-titeres-09-05-2023-FINAL.mp3\">https:\/\/radiobarriofranklin.cl\/wp-content\/uploads\/2024\/01\/con-el-alma-ehca-titeres-09-05-2023-FINAL.mp3<\/a><\/audio>\n<p><strong>Invitado:<\/strong> Adri\u00e1n Silva Lobos<\/p>\n<p>9 de mayo 2023<\/p>\n<hr \/>\n<p><strong>Programa N\u00b05: <\/strong>ser Titiritero tradici\u00f3n familiar y oficio<\/p>\n<audio class=\"wp-audio-shortcode\" id=\"audio-4164-11\" preload=\"none\" style=\"width: 100%;\" controls=\"controls\"><source type=\"audio\/mpeg\" src=\"https:\/\/radiobarriofranklin.cl\/wp-content\/uploads\/2024\/01\/Con-el-alma-echa-titere-11-04-2023-final.mp3?_=11\" \/><a href=\"https:\/\/radiobarriofranklin.cl\/wp-content\/uploads\/2024\/01\/Con-el-alma-echa-titere-11-04-2023-final.mp3\">https:\/\/radiobarriofranklin.cl\/wp-content\/uploads\/2024\/01\/Con-el-alma-echa-titere-11-04-2023-final.mp3<\/a><\/audio>\n<p><strong>Invitada: <\/strong>Marcia Castro y Edmundo Benito<\/p>\n<p>11 de abril 2023<\/p>\n<hr \/>\n<p><strong>Programa N\u00b04: <\/strong>el oficio tras la herencia Cultural<\/p>\n<audio class=\"wp-audio-shortcode\" id=\"audio-4164-12\" preload=\"none\" style=\"width: 100%;\" controls=\"controls\"><source type=\"audio\/mpeg\" src=\"https:\/\/radiobarriofranklin.cl\/wp-content\/uploads\/2023\/03\/con-el-halma-ehca-titeres-14-03-2023-FINAL.mp3?_=12\" \/><a href=\"https:\/\/radiobarriofranklin.cl\/wp-content\/uploads\/2023\/03\/con-el-halma-ehca-titeres-14-03-2023-FINAL.mp3\">https:\/\/radiobarriofranklin.cl\/wp-content\/uploads\/2023\/03\/con-el-halma-ehca-titeres-14-03-2023-FINAL.mp3<\/a><\/audio>\n<p><strong>Invitado: <\/strong>Mario Burgue\u00f1o<\/p>\n<p>14 de marzo 2023<\/p>\n<hr \/>\n<p><strong>Programa N\u00b03 <\/strong>\u00abUn argentino suelto en Chile\u00bb<\/p>\n<audio class=\"wp-audio-shortcode\" id=\"audio-4164-13\" preload=\"none\" style=\"width: 100%;\" controls=\"controls\"><source type=\"audio\/mpeg\" src=\"https:\/\/radiobarriofranklin.cl\/wp-content\/uploads\/2023\/12\/con-el-alma-echa-titere-10-01-2023-final.mp3?_=13\" \/><a href=\"https:\/\/radiobarriofranklin.cl\/wp-content\/uploads\/2023\/12\/con-el-alma-echa-titere-10-01-2023-final.mp3\">https:\/\/radiobarriofranklin.cl\/wp-content\/uploads\/2023\/12\/con-el-alma-echa-titere-10-01-2023-final.mp3<\/a><\/audio>\n<p><strong>Invitado:<\/strong> Rub\u00e9n Calixto<\/p>\n<p>10 de enero 2023<\/p>\n<hr \/>\n<p><strong>Programa N\u00b0 2<\/strong><\/p>\n<div>\n<audio class=\"wp-audio-shortcode\" id=\"audio-4164-14\" preload=\"none\" style=\"width: 100%;\" controls=\"controls\"><source type=\"audio\/mpeg\" src=\"https:\/\/radiobarriofranklin.cl\/wp-content\/uploads\/2023\/03\/CON-EL-HALMA-ECHA-TITERE-08-11-2022-FINAL.mp3?_=14\" \/><a href=\"https:\/\/radiobarriofranklin.cl\/wp-content\/uploads\/2023\/03\/CON-EL-HALMA-ECHA-TITERE-08-11-2022-FINAL.mp3\">https:\/\/radiobarriofranklin.cl\/wp-content\/uploads\/2023\/03\/CON-EL-HALMA-ECHA-TITERE-08-11-2022-FINAL.mp3<\/a><\/audio>\n<\/div>\n<p>8 de noviembre 2022<\/p>\n<hr \/>\n<p><strong>Programa N\u00b0 1<\/strong><\/p>\n<div>\n<audio class=\"wp-audio-shortcode\" id=\"audio-4164-15\" preload=\"none\" style=\"width: 100%;\" controls=\"controls\"><source type=\"audio\/mpeg\" src=\"https:\/\/radiobarriofranklin.cl\/wp-content\/uploads\/2023\/03\/CON-EL-HALMA-ECHA-TITERE-11-10-2022-FINAL-2.mp3?_=15\" \/><a href=\"https:\/\/radiobarriofranklin.cl\/wp-content\/uploads\/2023\/03\/CON-EL-HALMA-ECHA-TITERE-11-10-2022-FINAL-2.mp3\">https:\/\/radiobarriofranklin.cl\/wp-content\/uploads\/2023\/03\/CON-EL-HALMA-ECHA-TITERE-11-10-2022-FINAL-2.mp3<\/a><\/audio>\n<\/div>\n<p>11 de octubre 2022<\/p>\n","protected":false},"excerpt":{"rendered":"<p>CON EL ALMA HECHA T\u00cdTERE Un programa de t\u00edteres, titiriteras y titiriteros. CONDUCE: Patricio Sebasti\u00e1n Mu\u00f1oz y Alejandra Hern\u00e1ndez CON EL ALMA HECHA T\u00cdTERE Conducen: Patricio Sebasti\u00e1n Mu\u00f1oz y Alejandra Hern\u00e1ndez Invitada: Chufa, la jirafa Tema: trayectoria Colectivo Art\u00edstico Tikakusi Fecha: 18 noviembre 2025. &nbsp; &nbsp; &nbsp; &nbsp; CON EL ALMA HECHA T\u00cdTERE Invitados: Manuel [&hellip;]<\/p>\n","protected":false},"author":1,"featured_media":0,"parent":0,"menu_order":0,"comment_status":"closed","ping_status":"closed","template":"","meta":{"footnotes":""},"class_list":["post-4164","page","type-page","status-publish","hentry"],"_links":{"self":[{"href":"https:\/\/radiobarriofranklin.cl\/index.php\/wp-json\/wp\/v2\/pages\/4164","targetHints":{"allow":["GET"]}}],"collection":[{"href":"https:\/\/radiobarriofranklin.cl\/index.php\/wp-json\/wp\/v2\/pages"}],"about":[{"href":"https:\/\/radiobarriofranklin.cl\/index.php\/wp-json\/wp\/v2\/types\/page"}],"author":[{"embeddable":true,"href":"https:\/\/radiobarriofranklin.cl\/index.php\/wp-json\/wp\/v2\/users\/1"}],"replies":[{"embeddable":true,"href":"https:\/\/radiobarriofranklin.cl\/index.php\/wp-json\/wp\/v2\/comments?post=4164"}],"version-history":[{"count":22,"href":"https:\/\/radiobarriofranklin.cl\/index.php\/wp-json\/wp\/v2\/pages\/4164\/revisions"}],"predecessor-version":[{"id":4524,"href":"https:\/\/radiobarriofranklin.cl\/index.php\/wp-json\/wp\/v2\/pages\/4164\/revisions\/4524"}],"wp:attachment":[{"href":"https:\/\/radiobarriofranklin.cl\/index.php\/wp-json\/wp\/v2\/media?parent=4164"}],"curies":[{"name":"wp","href":"https:\/\/api.w.org\/{rel}","templated":true}]}}